{"id":14727,"date":"2025-07-30T00:57:34","date_gmt":"2025-07-30T00:57:34","guid":{"rendered":"https:\/\/www.casadeentrerios.gov.ar\/?page_id=14727"},"modified":"2026-09-01T20:06:41","modified_gmt":"2026-09-01T20:06:41","slug":"agenda","status":"publish","type":"page","link":"https:\/\/www.casadeentrerios.gov.ar\/?page_id=14727","title":{"rendered":"Agenda"},"content":{"rendered":"\t\t<div data-elementor-type=\"wp-page\" data-elementor-id=\"14727\" class=\"elementor elementor-14727\" data-elementor-post-type=\"page\">\n\t\t\t\t\t\t<section class=\"elementor-section elementor-top-section elementor-element elementor-element-fa2db2a elementor-hidden-desktop elementor-hidden-tablet elementor-hidden-mobile elementor-section-boxed elementor-section-height-default elementor-section-height-default\" data-id=\"fa2db2a\" data-element_type=\"section\" data-e-type=\"section\">\n\t\t\t\t\t\t<div class=\"elementor-container elementor-column-gap-default\">\n\t\t\t\t\t<div class=\"elementor-column elementor-col-16 elementor-top-column elementor-element elementor-element-86fa3b0\" data-id=\"86fa3b0\" data-element_type=\"column\" data-e-type=\"column\">\n\t\t\t<div class=\"elementor-widget-wrap\">\n\t\t\t\t\t\t\t<\/div>\n\t\t<\/div>\n\t\t\t\t<div class=\"elementor-column elementor-col-66 elementor-top-column elementor-element elementor-element-1fae38c\" data-id=\"1fae38c\" data-element_type=\"column\" data-e-type=\"column\">\n\t\t\t<div class=\"elementor-widget-wrap elementor-element-populated\">\n\t\t\t\t\t\t<div class=\"elementor-element elementor-element-23f87f7 animated-slow elementor-invisible elementor-widget elementor-widget-heading\" data-id=\"23f87f7\" data-element_type=\"widget\" data-e-type=\"widget\" data-settings=\"{&quot;_animation&quot;:&quot;fadeIn&quot;}\" data-widget_type=\"heading.default\">\n\t\t\t\t<div class=\"elementor-widget-container\">\n\t\t\t\t\t<h2 class=\"elementor-heading-title elementor-size-default\">agenda Marzo<\/h2>\t\t\t\t<\/div>\n\t\t\t\t<\/div>\n\t\t\t\t\t<\/div>\n\t\t<\/div>\n\t\t\t\t<div class=\"elementor-column elementor-col-16 elementor-top-column elementor-element elementor-element-96060d5\" data-id=\"96060d5\" data-element_type=\"column\" data-e-type=\"column\">\n\t\t\t<div class=\"elementor-widget-wrap\">\n\t\t\t\t\t\t\t<\/div>\n\t\t<\/div>\n\t\t\t\t\t<\/div>\n\t\t<\/section>\n\t\t\t\t<section class=\"elementor-section elementor-top-section elementor-element elementor-element-9ffc538 elementor-hidden-desktop elementor-hidden-tablet elementor-hidden-mobile elementor-section-boxed elementor-section-height-default elementor-section-height-default\" data-id=\"9ffc538\" data-element_type=\"section\" data-e-type=\"section\">\n\t\t\t\t\t\t<div class=\"elementor-container elementor-column-gap-default\">\n\t\t\t\t\t<div class=\"elementor-column elementor-col-16 elementor-top-column elementor-element elementor-element-40403b3\" data-id=\"40403b3\" data-element_type=\"column\" data-e-type=\"column\">\n\t\t\t<div class=\"elementor-widget-wrap\">\n\t\t\t\t\t\t\t<\/div>\n\t\t<\/div>\n\t\t\t\t<div class=\"elementor-column elementor-col-66 elementor-top-column elementor-element elementor-element-d35d541\" data-id=\"d35d541\" data-element_type=\"column\" data-e-type=\"column\">\n\t\t\t<div class=\"elementor-widget-wrap elementor-element-populated\">\n\t\t\t\t\t\t<div class=\"elementor-element elementor-element-cc7de4b elementor-widget__width-initial elementor-widget elementor-widget-toggle\" data-id=\"cc7de4b\" data-element_type=\"widget\" data-e-type=\"widget\" data-widget_type=\"toggle.default\">\n\t\t\t\t<div class=\"elementor-widget-container\">\n\t\t\t\t\t\t\t<div class=\"elementor-toggle\">\n\t\t\t\t\t\t\t<div class=\"elementor-toggle-item\">\n\t\t\t\t\t<div id=\"elementor-tab-title-2141\" class=\"elementor-tab-title\" data-tab=\"1\" role=\"button\" aria-controls=\"elementor-tab-content-2141\" aria-expanded=\"false\">\n\t\t\t\t\t\t\t\t\t\t\t\t<span class=\"elementor-toggle-icon elementor-toggle-icon-right\" aria-hidden=\"true\">\n\t\t\t\t\t\t\t\t\t\t\t\t\t\t\t<span class=\"elementor-toggle-icon-closed\"><svg xmlns=\"http:\/\/www.w3.org\/2000\/svg\" id=\"b64b7500-205e-4b4c-b85b-719c6b9efefc\" data-name=\"Layer 1\" width=\"14.6802\" height=\"7.5488\" viewBox=\"0 0 14.6802 7.5488\"><polygon points=\"7.34 7.549 0 0.732 0.681 0 7.34 6.184 14 0 14.68 0.732 7.34 7.549\"><\/polygon><\/svg><\/span>\n\t\t\t\t\t\t\t\t<span class=\"elementor-toggle-icon-opened\"><svg xmlns=\"http:\/\/www.w3.org\/2000\/svg\" id=\"a9a06c65-5466-4dff-9af0-1537f84a1b5f\" data-name=\"Layer 1\" width=\"14.6802\" height=\"7.5488\" viewBox=\"0 0 14.6802 7.5488\"><polygon points=\"7.34 0 14.68 6.816 14 7.549 7.34 1.365 0.68 7.549 0 6.816 7.34 0\"><\/polygon><\/svg><\/span>\n\t\t\t\t\t\t\t\t\t\t\t\t\t<\/span>\n\t\t\t\t\t\t\t\t\t\t\t\t<a class=\"elementor-toggle-title\" tabindex=\"0\">Jueves 12 - 14:00hs - Presentaci\u00f3n 29\u00ba edici\u00f3n de Expo Macia 2026<\/a>\n\t\t\t\t\t<\/div>\n\n\t\t\t\t\t<div id=\"elementor-tab-content-2141\" class=\"elementor-tab-content elementor-clearfix\" data-tab=\"1\" role=\"region\" aria-labelledby=\"elementor-tab-title-2141\"><p>La Casa de Entre R\u00edos ser\u00e1 sede de la presentaci\u00f3n en Buenos Aires de la <strong data-start=\"292\" data-end=\"360\">29\u00b0 Fiesta Nacional de la Apicultura y Expo Ap\u00edcola del Mercosur<\/strong>, uno de los encuentros productivos m\u00e1s importantes del sector. Durante la jornada se dar\u00e1n a conocer las principales actividades, novedades y propuestas que formar\u00e1n parte de esta edici\u00f3n.<\/p><p><strong data-start=\"1490\" data-end=\"1500\">Lugar:<\/strong> Auditorio<\/p><p><strong>Consultas e Informaci\u00f3n<\/strong><br \/>comunicacion@casadeentrerios.gov.ar<\/p><\/div>\n\t\t\t\t<\/div>\n\t\t\t\t\t\t\t<div class=\"elementor-toggle-item\">\n\t\t\t\t\t<div id=\"elementor-tab-title-2142\" class=\"elementor-tab-title\" data-tab=\"2\" role=\"button\" aria-controls=\"elementor-tab-content-2142\" aria-expanded=\"false\">\n\t\t\t\t\t\t\t\t\t\t\t\t<span class=\"elementor-toggle-icon elementor-toggle-icon-right\" aria-hidden=\"true\">\n\t\t\t\t\t\t\t\t\t\t\t\t\t\t\t<span class=\"elementor-toggle-icon-closed\"><svg xmlns=\"http:\/\/www.w3.org\/2000\/svg\" id=\"b64b7500-205e-4b4c-b85b-719c6b9efefc\" data-name=\"Layer 1\" width=\"14.6802\" height=\"7.5488\" viewBox=\"0 0 14.6802 7.5488\"><polygon points=\"7.34 7.549 0 0.732 0.681 0 7.34 6.184 14 0 14.68 0.732 7.34 7.549\"><\/polygon><\/svg><\/span>\n\t\t\t\t\t\t\t\t<span class=\"elementor-toggle-icon-opened\"><svg xmlns=\"http:\/\/www.w3.org\/2000\/svg\" id=\"a9a06c65-5466-4dff-9af0-1537f84a1b5f\" data-name=\"Layer 1\" width=\"14.6802\" height=\"7.5488\" viewBox=\"0 0 14.6802 7.5488\"><polygon points=\"7.34 0 14.68 6.816 14 7.549 7.34 1.365 0.68 7.549 0 6.816 7.34 0\"><\/polygon><\/svg><\/span>\n\t\t\t\t\t\t\t\t\t\t\t\t\t<\/span>\n\t\t\t\t\t\t\t\t\t\t\t\t<a class=\"elementor-toggle-title\" tabindex=\"0\">Jueves 19 - 13:30hs - Taller de Arte  - Vivi Berthet<\/a>\n\t\t\t\t\t<\/div>\n\n\t\t\t\t\t<div id=\"elementor-tab-content-2142\" class=\"elementor-tab-content elementor-clearfix\" data-tab=\"2\" role=\"region\" aria-labelledby=\"elementor-tab-title-2142\"><p>En el marco de las actividades por el Mes de la Mujer, Casa de Entre R\u00edos te invita a participar de un Taller de Arte coordinado por la artista entrerriana Vivi Berthet.<\/p><p>La propuesta invita a explorar el arte como una herramienta de expresi\u00f3n y bienestar, promoviendo la escucha de las propias necesidades y el valor del tiempo personal a trav\u00e9s del proceso creativo.<\/p><p data-start=\"812\" data-end=\"911\"><strong data-start=\"859\" data-end=\"871\">Duraci\u00f3n:<\/strong> 13:30 a 15:30 hs<br data-start=\"888\" data-end=\"891\" \/><strong data-start=\"891\" data-end=\"901\">Lugar:<\/strong> Auditorio<\/p><p data-start=\"812\" data-end=\"911\"><span style=\"color: #800000;\"> <b>Se recomienda a los asistentes llegar con 15 minutos de anticipaci\u00f3n para facilitar el ingreso y el inicio puntual de la actividad.<\/b><\/span><\/p><p data-start=\"812\" data-end=\"911\"><strong>INSCRIBITE AHORA (*)\u00a0<\/strong><br \/><span style=\"color: #800000;\"><strong>https:\/\/forms.gle\/XYSivxiPgpCm6q7E9<\/strong><\/span><\/p><p data-start=\"812\" data-end=\"911\"><strong>Consultas e Informaci\u00f3n<\/strong><br \/>cercultura@gmail.com<\/p><p data-start=\"1034\" data-end=\"1178\">\u00a0<\/p><\/div>\n\t\t\t\t<\/div>\n\t\t\t\t\t\t\t<div class=\"elementor-toggle-item\">\n\t\t\t\t\t<div id=\"elementor-tab-title-2143\" class=\"elementor-tab-title\" data-tab=\"3\" role=\"button\" aria-controls=\"elementor-tab-content-2143\" aria-expanded=\"false\">\n\t\t\t\t\t\t\t\t\t\t\t\t<span class=\"elementor-toggle-icon elementor-toggle-icon-right\" aria-hidden=\"true\">\n\t\t\t\t\t\t\t\t\t\t\t\t\t\t\t<span class=\"elementor-toggle-icon-closed\"><svg xmlns=\"http:\/\/www.w3.org\/2000\/svg\" id=\"b64b7500-205e-4b4c-b85b-719c6b9efefc\" data-name=\"Layer 1\" width=\"14.6802\" height=\"7.5488\" viewBox=\"0 0 14.6802 7.5488\"><polygon points=\"7.34 7.549 0 0.732 0.681 0 7.34 6.184 14 0 14.68 0.732 7.34 7.549\"><\/polygon><\/svg><\/span>\n\t\t\t\t\t\t\t\t<span class=\"elementor-toggle-icon-opened\"><svg xmlns=\"http:\/\/www.w3.org\/2000\/svg\" id=\"a9a06c65-5466-4dff-9af0-1537f84a1b5f\" data-name=\"Layer 1\" width=\"14.6802\" height=\"7.5488\" viewBox=\"0 0 14.6802 7.5488\"><polygon points=\"7.34 0 14.68 6.816 14 7.549 7.34 1.365 0.68 7.549 0 6.816 7.34 0\"><\/polygon><\/svg><\/span>\n\t\t\t\t\t\t\t\t\t\t\t\t\t<\/span>\n\t\t\t\t\t\t\t\t\t\t\t\t<a class=\"elementor-toggle-title\" tabindex=\"0\">Jueves 19 - 16:30hs - Muestra - Entre R\u00edos, Entre Azules - Vivi Berthet<\/a>\n\t\t\t\t\t<\/div>\n\n\t\t\t\t\t<div id=\"elementor-tab-content-2143\" class=\"elementor-tab-content elementor-clearfix\" data-tab=\"3\" role=\"region\" aria-labelledby=\"elementor-tab-title-2143\"><p data-start=\"1012\" data-end=\"1308\">A las 16:30 hs se realizar\u00e1 la inauguraci\u00f3n de la muestra <strong data-start=\"1084\" data-end=\"1114\">\u201cEntre R\u00edos, Entre Azules\u201d<\/strong> de la artista entrerriana <strong data-start=\"1141\" data-end=\"1157\">Vivi Berthet<\/strong>, una propuesta que presenta obras desarrolladas a partir de su exploraci\u00f3n art\u00edstica con pintura asf\u00e1ltica y acr\u00edlicos en el campo del arte abstracto.<\/p><p data-start=\"1310\" data-end=\"1464\">La exposici\u00f3n propone un recorrido por el universo creativo de la artista y su particular b\u00fasqueda est\u00e9tica a trav\u00e9s del color, la materia y la expresi\u00f3n.<\/p><p data-start=\"1466\" data-end=\"1510\"><strong data-start=\"1466\" data-end=\"1478\">Horario:<\/strong> 16:30 hs<br data-start=\"1487\" data-end=\"1490\" \/><strong data-start=\"1490\" data-end=\"1500\">Lugar:<\/strong> Auditorio<\/p><p><strong>Consultas e Informaci\u00f3n<\/strong><br \/>cercultura@gmail.com<\/p><p><strong>(*)<\/strong> Actividad abierta al p\u00fablico y gratuita.<\/p><\/div>\n\t\t\t\t<\/div>\n\t\t\t\t\t\t\t<div class=\"elementor-toggle-item\">\n\t\t\t\t\t<div id=\"elementor-tab-title-2144\" class=\"elementor-tab-title\" data-tab=\"4\" role=\"button\" aria-controls=\"elementor-tab-content-2144\" aria-expanded=\"false\">\n\t\t\t\t\t\t\t\t\t\t\t\t<span class=\"elementor-toggle-icon elementor-toggle-icon-right\" aria-hidden=\"true\">\n\t\t\t\t\t\t\t\t\t\t\t\t\t\t\t<span class=\"elementor-toggle-icon-closed\"><svg xmlns=\"http:\/\/www.w3.org\/2000\/svg\" id=\"b64b7500-205e-4b4c-b85b-719c6b9efefc\" data-name=\"Layer 1\" width=\"14.6802\" height=\"7.5488\" viewBox=\"0 0 14.6802 7.5488\"><polygon points=\"7.34 7.549 0 0.732 0.681 0 7.34 6.184 14 0 14.68 0.732 7.34 7.549\"><\/polygon><\/svg><\/span>\n\t\t\t\t\t\t\t\t<span class=\"elementor-toggle-icon-opened\"><svg xmlns=\"http:\/\/www.w3.org\/2000\/svg\" id=\"a9a06c65-5466-4dff-9af0-1537f84a1b5f\" data-name=\"Layer 1\" width=\"14.6802\" height=\"7.5488\" viewBox=\"0 0 14.6802 7.5488\"><polygon points=\"7.34 0 14.68 6.816 14 7.549 7.34 1.365 0.68 7.549 0 6.816 7.34 0\"><\/polygon><\/svg><\/span>\n\t\t\t\t\t\t\t\t\t\t\t\t\t<\/span>\n\t\t\t\t\t\t\t\t\t\t\t\t<a class=\"elementor-toggle-title\" tabindex=\"0\">Jueves 26 - 14:00hs - Presentaci\u00f3n 22\u00ba edici\u00f3n de Expo Leche 2026<\/a>\n\t\t\t\t\t<\/div>\n\n\t\t\t\t\t<div id=\"elementor-tab-content-2144\" class=\"elementor-tab-content elementor-clearfix\" data-tab=\"4\" role=\"region\" aria-labelledby=\"elementor-tab-title-2144\"><p><strong>Conoc\u00e9 todos los detalles de la 22\u00ba Expo Provincial de la Leche y 13\u00ba Expo Jersey Entrerriana, uno de los encuentros m\u00e1s importantes del sector l\u00e1cteo de la provincia.<\/strong> La presentaci\u00f3n se realizar\u00e1 el jueves 26 de marzo a las 14:00 hs en la Representaci\u00f3n del Gobierno de Entre R\u00edos, Suipacha 844, CABA, donde se dar\u00e1n a conocer las principales actividades y propuestas de esta nueva edici\u00f3n.<\/p><p><strong>La Expo se desarrollar\u00e1 los d\u00edas 17, 18 y 19 de abril en la ciudad de Nogoy\u00e1,<\/strong> reuniendo a productores, instituciones, empresas y referentes de la industria lechera para compartir experiencias, conocer innovaciones del sector y fortalecer el desarrollo de la producci\u00f3n l\u00e1ctea entrerriana.<\/p><p data-start=\"1466\" data-end=\"1510\"><strong data-start=\"1490\" data-end=\"1500\">Lugar:<\/strong> Auditorio<\/p><p><strong>Consultas e Informaci\u00f3n<\/strong><br \/>comunicacion@casadeentrerios.gov.ar<\/p><\/div>\n\t\t\t\t<\/div>\n\t\t\t\t\t\t\t\t\t\t<script type=\"application\/ld+json\">{\"@context\":\"https:\\\/\\\/schema.org\",\"@type\":\"FAQPage\",\"mainEntity\":[{\"@type\":\"Question\",\"name\":\"Jueves 12 - 14:00hs - Presentaci\\u00f3n 29\\u00ba edici\\u00f3n de Expo Macia 2026\",\"acceptedAnswer\":{\"@type\":\"Answer\",\"text\":\"<p>La Casa de Entre R\\u00edos ser\\u00e1 sede de la presentaci\\u00f3n en Buenos Aires de la <strong data-start=\\\"292\\\" data-end=\\\"360\\\">29\\u00b0 Fiesta Nacional de la Apicultura y Expo Ap\\u00edcola del Mercosur<\\\/strong>, uno de los encuentros productivos m\\u00e1s importantes del sector. Durante la jornada se dar\\u00e1n a conocer las principales actividades, novedades y propuestas que formar\\u00e1n parte de esta edici\\u00f3n.<\\\/p><p><strong data-start=\\\"1490\\\" data-end=\\\"1500\\\">Lugar:<\\\/strong> Auditorio<\\\/p><p><strong>Consultas e Informaci\\u00f3n<\\\/strong><br \\\/>comunicacion@casadeentrerios.gov.ar<\\\/p>\"}},{\"@type\":\"Question\",\"name\":\"Jueves 19 - 13:30hs - Taller de Arte  - Vivi Berthet\",\"acceptedAnswer\":{\"@type\":\"Answer\",\"text\":\"<p>En el marco de las actividades por el Mes de la Mujer, Casa de Entre R\\u00edos te invita a participar de un Taller de Arte coordinado por la artista entrerriana Vivi Berthet.<\\\/p><p>La propuesta invita a explorar el arte como una herramienta de expresi\\u00f3n y bienestar, promoviendo la escucha de las propias necesidades y el valor del tiempo personal a trav\\u00e9s del proceso creativo.<\\\/p><p data-start=\\\"812\\\" data-end=\\\"911\\\"><strong data-start=\\\"859\\\" data-end=\\\"871\\\">Duraci\\u00f3n:<\\\/strong> 13:30 a 15:30 hs<br data-start=\\\"888\\\" data-end=\\\"891\\\" \\\/><strong data-start=\\\"891\\\" data-end=\\\"901\\\">Lugar:<\\\/strong> Auditorio<\\\/p><p data-start=\\\"812\\\" data-end=\\\"911\\\"><span style=\\\"color: #800000;\\\"> <b>Se recomienda a los asistentes llegar con 15 minutos de anticipaci\\u00f3n para facilitar el ingreso y el inicio puntual de la actividad.<\\\/b><\\\/span><\\\/p><p data-start=\\\"812\\\" data-end=\\\"911\\\"><strong>INSCRIBITE AHORA (*)\\u00a0<\\\/strong><br \\\/><span style=\\\"color: #800000;\\\"><strong>https:\\\/\\\/forms.gle\\\/XYSivxiPgpCm6q7E9<\\\/strong><\\\/span><\\\/p><p data-start=\\\"812\\\" data-end=\\\"911\\\"><strong>Consultas e Informaci\\u00f3n<\\\/strong><br \\\/>cercultura@gmail.com<\\\/p><p data-start=\\\"1034\\\" data-end=\\\"1178\\\">\\u00a0<\\\/p>\"}},{\"@type\":\"Question\",\"name\":\"Jueves 19 - 16:30hs - Muestra - Entre R\\u00edos, Entre Azules - Vivi Berthet\",\"acceptedAnswer\":{\"@type\":\"Answer\",\"text\":\"<p data-start=\\\"1012\\\" data-end=\\\"1308\\\">A las 16:30 hs se realizar\\u00e1 la inauguraci\\u00f3n de la muestra <strong data-start=\\\"1084\\\" data-end=\\\"1114\\\">\\u201cEntre R\\u00edos, Entre Azules\\u201d<\\\/strong> de la artista entrerriana <strong data-start=\\\"1141\\\" data-end=\\\"1157\\\">Vivi Berthet<\\\/strong>, una propuesta que presenta obras desarrolladas a partir de su exploraci\\u00f3n art\\u00edstica con pintura asf\\u00e1ltica y acr\\u00edlicos en el campo del arte abstracto.<\\\/p><p data-start=\\\"1310\\\" data-end=\\\"1464\\\">La exposici\\u00f3n propone un recorrido por el universo creativo de la artista y su particular b\\u00fasqueda est\\u00e9tica a trav\\u00e9s del color, la materia y la expresi\\u00f3n.<\\\/p><p data-start=\\\"1466\\\" data-end=\\\"1510\\\"><strong data-start=\\\"1466\\\" data-end=\\\"1478\\\">Horario:<\\\/strong> 16:30 hs<br data-start=\\\"1487\\\" data-end=\\\"1490\\\" \\\/><strong data-start=\\\"1490\\\" data-end=\\\"1500\\\">Lugar:<\\\/strong> Auditorio<\\\/p><p><strong>Consultas e Informaci\\u00f3n<\\\/strong><br \\\/>cercultura@gmail.com<\\\/p><p><strong>(*)<\\\/strong> Actividad abierta al p\\u00fablico y gratuita.<\\\/p>\"}},{\"@type\":\"Question\",\"name\":\"Jueves 26 - 14:00hs - Presentaci\\u00f3n 22\\u00ba edici\\u00f3n de Expo Leche 2026\",\"acceptedAnswer\":{\"@type\":\"Answer\",\"text\":\"<p><strong>Conoc\\u00e9 todos los detalles de la 22\\u00ba Expo Provincial de la Leche y 13\\u00ba Expo Jersey Entrerriana, uno de los encuentros m\\u00e1s importantes del sector l\\u00e1cteo de la provincia.<\\\/strong> La presentaci\\u00f3n se realizar\\u00e1 el jueves 26 de marzo a las 14:00 hs en la Representaci\\u00f3n del Gobierno de Entre R\\u00edos, Suipacha 844, CABA, donde se dar\\u00e1n a conocer las principales actividades y propuestas de esta nueva edici\\u00f3n.<\\\/p><p><strong>La Expo se desarrollar\\u00e1 los d\\u00edas 17, 18 y 19 de abril en la ciudad de Nogoy\\u00e1,<\\\/strong> reuniendo a productores, instituciones, empresas y referentes de la industria lechera para compartir experiencias, conocer innovaciones del sector y fortalecer el desarrollo de la producci\\u00f3n l\\u00e1ctea entrerriana.<\\\/p><p data-start=\\\"1466\\\" data-end=\\\"1510\\\"><strong data-start=\\\"1490\\\" data-end=\\\"1500\\\">Lugar:<\\\/strong> Auditorio<\\\/p><p><strong>Consultas e Informaci\\u00f3n<\\\/strong><br \\\/>comunicacion@casadeentrerios.gov.ar<\\\/p>\"}}]}<\/script>\n\t\t\t\t\t<\/div>\n\t\t\t\t\t\t<\/div>\n\t\t\t\t<\/div>\n\t\t\t\t\t<\/div>\n\t\t<\/div>\n\t\t\t\t<div class=\"elementor-column elementor-col-16 elementor-top-column elementor-element elementor-element-fee413c\" data-id=\"fee413c\" data-element_type=\"column\" data-e-type=\"column\">\n\t\t\t<div class=\"elementor-widget-wrap\">\n\t\t\t\t\t\t\t<\/div>\n\t\t<\/div>\n\t\t\t\t\t<\/div>\n\t\t<\/section>\n\t\t\t\t<section class=\"elementor-section elementor-top-section elementor-element elementor-element-3b0791b elementor-section-boxed elementor-section-height-default elementor-section-height-default\" data-id=\"3b0791b\" data-element_type=\"section\" data-e-type=\"section\">\n\t\t\t\t\t\t<div class=\"elementor-container elementor-column-gap-default\">\n\t\t\t\t\t<div class=\"elementor-column elementor-col-100 elementor-top-column elementor-element elementor-element-cd5c900\" data-id=\"cd5c900\" data-element_type=\"column\" data-e-type=\"column\">\n\t\t\t<div class=\"elementor-widget-wrap elementor-element-populated\">\n\t\t\t\t\t\t<div class=\"elementor-element elementor-element-a8251af elementor-widget elementor-widget-spacer\" data-id=\"a8251af\" data-element_type=\"widget\" data-e-type=\"widget\" data-widget_type=\"spacer.default\">\n\t\t\t\t<div class=\"elementor-widget-container\">\n\t\t\t\t\t\t\t<div class=\"elementor-spacer\">\n\t\t\t<div class=\"elementor-spacer-inner\"><\/div>\n\t\t<\/div>\n\t\t\t\t\t\t<\/div>\n\t\t\t\t<\/div>\n\t\t\t\t\t<\/div>\n\t\t<\/div>\n\t\t\t\t\t<\/div>\n\t\t<\/section>\n\t\t\t\t<section class=\"elementor-section elementor-top-section elementor-element elementor-element-25da202 elementor-hidden-desktop elementor-hidden-tablet elementor-hidden-mobile elementor-section-boxed elementor-section-height-default elementor-section-height-default\" data-id=\"25da202\" data-element_type=\"section\" data-e-type=\"section\">\n\t\t\t\t\t\t<div class=\"elementor-container elementor-column-gap-default\">\n\t\t\t\t\t<div class=\"elementor-column elementor-col-16 elementor-top-column elementor-element elementor-element-0031771\" data-id=\"0031771\" data-element_type=\"column\" data-e-type=\"column\">\n\t\t\t<div class=\"elementor-widget-wrap\">\n\t\t\t\t\t\t\t<\/div>\n\t\t<\/div>\n\t\t\t\t<div class=\"elementor-column elementor-col-66 elementor-top-column elementor-element elementor-element-7a45f6c\" data-id=\"7a45f6c\" data-element_type=\"column\" data-e-type=\"column\">\n\t\t\t<div class=\"elementor-widget-wrap elementor-element-populated\">\n\t\t\t\t\t\t<div class=\"elementor-element elementor-element-cf60ff2 animated-slow elementor-invisible elementor-widget elementor-widget-heading\" data-id=\"cf60ff2\" data-element_type=\"widget\" data-e-type=\"widget\" data-settings=\"{&quot;_animation&quot;:&quot;fadeIn&quot;}\" data-widget_type=\"heading.default\">\n\t\t\t\t<div class=\"elementor-widget-container\">\n\t\t\t\t\t<h2 class=\"elementor-heading-title elementor-size-default\">agenda Abril<\/h2>\t\t\t\t<\/div>\n\t\t\t\t<\/div>\n\t\t\t\t\t<\/div>\n\t\t<\/div>\n\t\t\t\t<div class=\"elementor-column elementor-col-16 elementor-top-column elementor-element elementor-element-ff75272\" data-id=\"ff75272\" data-element_type=\"column\" data-e-type=\"column\">\n\t\t\t<div class=\"elementor-widget-wrap\">\n\t\t\t\t\t\t\t<\/div>\n\t\t<\/div>\n\t\t\t\t\t<\/div>\n\t\t<\/section>\n\t\t\t\t<section class=\"elementor-section elementor-top-section elementor-element elementor-element-315a403 elementor-hidden-desktop elementor-hidden-tablet elementor-hidden-mobile elementor-section-boxed elementor-section-height-default elementor-section-height-default\" data-id=\"315a403\" data-element_type=\"section\" data-e-type=\"section\">\n\t\t\t\t\t\t<div class=\"elementor-container elementor-column-gap-default\">\n\t\t\t\t\t<div class=\"elementor-column elementor-col-16 elementor-top-column elementor-element elementor-element-32aefe0\" data-id=\"32aefe0\" data-element_type=\"column\" data-e-type=\"column\">\n\t\t\t<div class=\"elementor-widget-wrap\">\n\t\t\t\t\t\t\t<\/div>\n\t\t<\/div>\n\t\t\t\t<div class=\"elementor-column elementor-col-66 elementor-top-column elementor-element elementor-element-4e14213\" data-id=\"4e14213\" data-element_type=\"column\" data-e-type=\"column\">\n\t\t\t<div class=\"elementor-widget-wrap elementor-element-populated\">\n\t\t\t\t\t\t<div class=\"elementor-element elementor-element-fef8b4c elementor-widget__width-initial elementor-widget elementor-widget-toggle\" data-id=\"fef8b4c\" data-element_type=\"widget\" data-e-type=\"widget\" data-widget_type=\"toggle.default\">\n\t\t\t\t<div class=\"elementor-widget-container\">\n\t\t\t\t\t\t\t<div class=\"elementor-toggle\">\n\t\t\t\t\t\t\t<div class=\"elementor-toggle-item\">\n\t\t\t\t\t<div id=\"elementor-tab-title-2671\" class=\"elementor-tab-title\" data-tab=\"1\" role=\"button\" aria-controls=\"elementor-tab-content-2671\" aria-expanded=\"false\">\n\t\t\t\t\t\t\t\t\t\t\t\t<span class=\"elementor-toggle-icon elementor-toggle-icon-right\" aria-hidden=\"true\">\n\t\t\t\t\t\t\t\t\t\t\t\t\t\t\t<span class=\"elementor-toggle-icon-closed\"><svg xmlns=\"http:\/\/www.w3.org\/2000\/svg\" id=\"b64b7500-205e-4b4c-b85b-719c6b9efefc\" data-name=\"Layer 1\" width=\"14.6802\" height=\"7.5488\" viewBox=\"0 0 14.6802 7.5488\"><polygon points=\"7.34 7.549 0 0.732 0.681 0 7.34 6.184 14 0 14.68 0.732 7.34 7.549\"><\/polygon><\/svg><\/span>\n\t\t\t\t\t\t\t\t<span class=\"elementor-toggle-icon-opened\"><svg xmlns=\"http:\/\/www.w3.org\/2000\/svg\" id=\"a9a06c65-5466-4dff-9af0-1537f84a1b5f\" data-name=\"Layer 1\" width=\"14.6802\" height=\"7.5488\" viewBox=\"0 0 14.6802 7.5488\"><polygon points=\"7.34 0 14.68 6.816 14 7.549 7.34 1.365 0.68 7.549 0 6.816 7.34 0\"><\/polygon><\/svg><\/span>\n\t\t\t\t\t\t\t\t\t\t\t\t\t<\/span>\n\t\t\t\t\t\t\t\t\t\t\t\t<a class=\"elementor-toggle-title\" tabindex=\"0\">JUE 09 - 14:30hs | Presentaci\u00f3n del libro Montiel, la biograf\u00eda de un caudillo<\/a>\n\t\t\t\t\t<\/div>\n\n\t\t\t\t\t<div id=\"elementor-tab-content-2671\" class=\"elementor-tab-content elementor-clearfix\" data-tab=\"1\" role=\"region\" aria-labelledby=\"elementor-tab-title-2671\"><p data-start=\"218\" data-end=\"519\">Se realizar\u00e1 la presentaci\u00f3n del libro del periodista Antonio Tardelli, una obra dedicada a la vida y legado de Montiel, figura clave de la historia pol\u00edtica entrerriana. Un encuentro que invita a recorrer su trayectoria y reflexionar sobre su influencia en la construcci\u00f3n de la identidad provincial.<\/p><p data-start=\"521\" data-end=\"628\"><strong>Consultas e informaci\u00f3n:<\/strong> <a class=\"decorated-link cursor-pointer\" rel=\"noopener\" data-start=\"546\" data-end=\"581\">comunicacion@casadeentrerios.gov.ar<\/a><\/p><\/div>\n\t\t\t\t<\/div>\n\t\t\t\t\t\t\t<div class=\"elementor-toggle-item\">\n\t\t\t\t\t<div id=\"elementor-tab-title-2672\" class=\"elementor-tab-title\" data-tab=\"2\" role=\"button\" aria-controls=\"elementor-tab-content-2672\" aria-expanded=\"false\">\n\t\t\t\t\t\t\t\t\t\t\t\t<span class=\"elementor-toggle-icon elementor-toggle-icon-right\" aria-hidden=\"true\">\n\t\t\t\t\t\t\t\t\t\t\t\t\t\t\t<span class=\"elementor-toggle-icon-closed\"><svg xmlns=\"http:\/\/www.w3.org\/2000\/svg\" id=\"b64b7500-205e-4b4c-b85b-719c6b9efefc\" data-name=\"Layer 1\" width=\"14.6802\" height=\"7.5488\" viewBox=\"0 0 14.6802 7.5488\"><polygon points=\"7.34 7.549 0 0.732 0.681 0 7.34 6.184 14 0 14.68 0.732 7.34 7.549\"><\/polygon><\/svg><\/span>\n\t\t\t\t\t\t\t\t<span class=\"elementor-toggle-icon-opened\"><svg xmlns=\"http:\/\/www.w3.org\/2000\/svg\" id=\"a9a06c65-5466-4dff-9af0-1537f84a1b5f\" data-name=\"Layer 1\" width=\"14.6802\" height=\"7.5488\" viewBox=\"0 0 14.6802 7.5488\"><polygon points=\"7.34 0 14.68 6.816 14 7.549 7.34 1.365 0.68 7.549 0 6.816 7.34 0\"><\/polygon><\/svg><\/span>\n\t\t\t\t\t\t\t\t\t\t\t\t\t<\/span>\n\t\t\t\t\t\t\t\t\t\t\t\t<a class=\"elementor-toggle-title\" tabindex=\"0\">JUE 16 - 14:00hs | Tertulia literaria y presentaci\u00f3n del libro Lirios de p\u00e1jaros<\/a>\n\t\t\t\t\t<\/div>\n\n\t\t\t\t\t<div id=\"elementor-tab-content-2672\" class=\"elementor-tab-content elementor-clearfix\" data-tab=\"2\" role=\"region\" aria-labelledby=\"elementor-tab-title-2672\"><p data-start=\"727\" data-end=\"1012\">Se realizar\u00e1 una tertulia literaria que incluir\u00e1 la presentaci\u00f3n del libro <em data-start=\"802\" data-end=\"821\">Lirios de p\u00e1jaros<\/em> y una exposici\u00f3n de obras de la artista Margarita Sotto Frossard. Un espacio de encuentro entre literatura y arte visual que invita a disfrutar de la creatividad y la sensibilidad art\u00edstica.<\/p><p data-start=\"1014\" data-end=\"1076\"><strong>Consultas e informaci\u00f3n:<\/strong> <a class=\"decorated-link cursor-pointer\" rel=\"noopener\" data-start=\"1627\" data-end=\"1662\">comunicacion@casadeentrerios.gov.ar<\/a><\/p><p><a href=\"https:\/\/www.casadeentrerios.gov.ar\/?p=21076\" target=\"_blank\" rel=\"noopener\"><strong>+ informacion sobre el evento<\/strong><\/a><\/p><\/div>\n\t\t\t\t<\/div>\n\t\t\t\t\t\t\t<div class=\"elementor-toggle-item\">\n\t\t\t\t\t<div id=\"elementor-tab-title-2673\" class=\"elementor-tab-title\" data-tab=\"3\" role=\"button\" aria-controls=\"elementor-tab-content-2673\" aria-expanded=\"false\">\n\t\t\t\t\t\t\t\t\t\t\t\t<span class=\"elementor-toggle-icon elementor-toggle-icon-right\" aria-hidden=\"true\">\n\t\t\t\t\t\t\t\t\t\t\t\t\t\t\t<span class=\"elementor-toggle-icon-closed\"><svg xmlns=\"http:\/\/www.w3.org\/2000\/svg\" id=\"b64b7500-205e-4b4c-b85b-719c6b9efefc\" data-name=\"Layer 1\" width=\"14.6802\" height=\"7.5488\" viewBox=\"0 0 14.6802 7.5488\"><polygon points=\"7.34 7.549 0 0.732 0.681 0 7.34 6.184 14 0 14.68 0.732 7.34 7.549\"><\/polygon><\/svg><\/span>\n\t\t\t\t\t\t\t\t<span class=\"elementor-toggle-icon-opened\"><svg xmlns=\"http:\/\/www.w3.org\/2000\/svg\" id=\"a9a06c65-5466-4dff-9af0-1537f84a1b5f\" data-name=\"Layer 1\" width=\"14.6802\" height=\"7.5488\" viewBox=\"0 0 14.6802 7.5488\"><polygon points=\"7.34 0 14.68 6.816 14 7.549 7.34 1.365 0.68 7.549 0 6.816 7.34 0\"><\/polygon><\/svg><\/span>\n\t\t\t\t\t\t\t\t\t\t\t\t\t<\/span>\n\t\t\t\t\t\t\t\t\t\t\t\t<a class=\"elementor-toggle-title\" tabindex=\"0\">MIE 29 - 14:00hs | Presentaci\u00f3n de la Temporada Termal de Tierra de Palmares<\/a>\n\t\t\t\t\t<\/div>\n\n\t\t\t\t\t<div id=\"elementor-tab-content-2673\" class=\"elementor-tab-content elementor-clearfix\" data-tab=\"3\" role=\"region\" aria-labelledby=\"elementor-tab-title-2673\"><section class=\"elementor-section elementor-top-section elementor-element elementor-element-55d96573 elementor-section-boxed elementor-section-height-default elementor-section-height-default\" data-id=\"55d96573\" data-element_type=\"section\" data-e-type=\"section\"><div class=\"elementor-container elementor-column-gap-default\"><div class=\"elementor-column elementor-col-100 elementor-top-column elementor-element elementor-element-535950a8\" data-id=\"535950a8\" data-element_type=\"column\" data-e-type=\"column\"><div class=\"elementor-widget-wrap elementor-element-populated\"><div class=\"elementor-element elementor-element-72117bf5 elementor-widget elementor-widget-text-editor\" data-id=\"72117bf5\" data-element_type=\"widget\" data-e-type=\"widget\" data-widget_type=\"text-editor.default\"><div class=\"elementor-widget-container\"><p data-start=\"1192\" data-end=\"1600\">Se realizar\u00e1 la presentaci\u00f3n de la temporada termal de Tierra de Palmares, una propuesta que invita a conocer la oferta de bienestar y descanso de la microrregi\u00f3n. Destinos incluidos: los complejos termales de Col\u00f3n, Villa Elisa y San Jos\u00e9 conforman este circuito integrado. Una oportunidad para anticipar la agenda tur\u00edstica y descubrir experiencias vinculadas a la naturaleza y la hospitalidad entrerriana.<\/p><p data-start=\"1602\" data-end=\"1662\"><strong>Consultas e informaci\u00f3n:<\/strong> <a class=\"decorated-link cursor-pointer\" rel=\"noopener\" data-start=\"1627\" data-end=\"1662\">comunicacion@casadeentrerios.gov.ar<\/a><\/p><p data-start=\"1602\" data-end=\"1662\"><a href=\"https:\/\/www.casadeentrerios.gov.ar\/?p=21289\" target=\"_blank\" rel=\"noopener\"><strong>+informacion sobre el evento<\/strong><\/a><\/p><\/div><\/div><\/div><\/div><\/div><\/section><\/div>\n\t\t\t\t<\/div>\n\t\t\t\t\t\t\t<div class=\"elementor-toggle-item\">\n\t\t\t\t\t<div id=\"elementor-tab-title-2674\" class=\"elementor-tab-title\" data-tab=\"4\" role=\"button\" aria-controls=\"elementor-tab-content-2674\" aria-expanded=\"false\">\n\t\t\t\t\t\t\t\t\t\t\t\t<span class=\"elementor-toggle-icon elementor-toggle-icon-right\" aria-hidden=\"true\">\n\t\t\t\t\t\t\t\t\t\t\t\t\t\t\t<span class=\"elementor-toggle-icon-closed\"><svg xmlns=\"http:\/\/www.w3.org\/2000\/svg\" id=\"b64b7500-205e-4b4c-b85b-719c6b9efefc\" data-name=\"Layer 1\" width=\"14.6802\" height=\"7.5488\" viewBox=\"0 0 14.6802 7.5488\"><polygon points=\"7.34 7.549 0 0.732 0.681 0 7.34 6.184 14 0 14.68 0.732 7.34 7.549\"><\/polygon><\/svg><\/span>\n\t\t\t\t\t\t\t\t<span class=\"elementor-toggle-icon-opened\"><svg xmlns=\"http:\/\/www.w3.org\/2000\/svg\" id=\"a9a06c65-5466-4dff-9af0-1537f84a1b5f\" data-name=\"Layer 1\" width=\"14.6802\" height=\"7.5488\" viewBox=\"0 0 14.6802 7.5488\"><polygon points=\"7.34 0 14.68 6.816 14 7.549 7.34 1.365 0.68 7.549 0 6.816 7.34 0\"><\/polygon><\/svg><\/span>\n\t\t\t\t\t\t\t\t\t\t\t\t\t<\/span>\n\t\t\t\t\t\t\t\t\t\t\t\t<a class=\"elementor-toggle-title\" tabindex=\"0\">JUE 30 - 15:00hs | Litoral y tango se encuentran en la Casa de Entre R\u00edos<\/a>\n\t\t\t\t\t<\/div>\n\n\t\t\t\t\t<div id=\"elementor-tab-content-2674\" class=\"elementor-tab-content elementor-clearfix\" data-tab=\"4\" role=\"region\" aria-labelledby=\"elementor-tab-title-2674\"><section class=\"elementor-section elementor-top-section elementor-element elementor-element-55d96573 elementor-section-boxed elementor-section-height-default elementor-section-height-default\" data-id=\"55d96573\" data-element_type=\"section\" data-e-type=\"section\"><div class=\"elementor-container elementor-column-gap-default\"><div class=\"elementor-column elementor-col-100 elementor-top-column elementor-element elementor-element-535950a8\" data-id=\"535950a8\" data-element_type=\"column\" data-e-type=\"column\"><div class=\"elementor-widget-wrap elementor-element-populated\"><div class=\"elementor-element elementor-element-72117bf5 elementor-widget elementor-widget-text-editor\" data-id=\"72117bf5\" data-element_type=\"widget\" data-e-type=\"widget\" data-widget_type=\"text-editor.default\"><div class=\"elementor-widget-container\"><span style=\"font-family: -apple-system, BlinkMacSystemFont, 'Segoe UI', Roboto, 'Helvetica Neue', Arial, 'Noto Sans', sans-serif, 'Apple Color Emoji', 'Segoe UI Emoji', 'Segoe UI Symbol', 'Noto Color Emoji';\">Se desarrollar\u00e1 una propuesta cultural que reunir\u00e1 m\u00fasica, danza, literatura y artes visuales en una jornada que pone en valor la identidad entrerriana desde el lenguaje del tango. Bajo el t\u00edtulo <\/span><em style=\"font-family: -apple-system, BlinkMacSystemFont, 'Segoe UI', Roboto, 'Helvetica Neue', Arial, 'Noto Sans', sans-serif, 'Apple Color Emoji', 'Segoe UI Emoji', 'Segoe UI Symbol', 'Noto Color Emoji';\" data-start=\"1923\" data-end=\"1971\">\u201cMilonga y Arte Entrerriano \u2013 Litoral y Tango\u201d<\/em><span style=\"font-family: -apple-system, BlinkMacSystemFont, 'Segoe UI', Roboto, 'Helvetica Neue', Arial, 'Noto Sans', sans-serif, 'Apple Color Emoji', 'Segoe UI Emoji', 'Segoe UI Symbol', 'Noto Color Emoji';\">, la actividad propone un recorrido que integra formaci\u00f3n, expresi\u00f3n art\u00edstica y encuentro, con la participaci\u00f3n de referentes de distintas localidades de la provincia.<\/span><\/div><\/div><\/div><\/div><\/div><\/section><section class=\"elementor-section elementor-top-section elementor-element elementor-element-4adb74df elementor-section-boxed elementor-section-height-default elementor-section-height-default\" data-id=\"4adb74df\" data-element_type=\"section\" data-e-type=\"section\"><div class=\"elementor-container elementor-column-gap-default\"><div class=\"elementor-column elementor-col-66 elementor-top-column elementor-element elementor-element-5b0f786\" data-id=\"5b0f786\" data-element_type=\"column\" data-e-type=\"column\"><div class=\"elementor-widget-wrap elementor-element-populated\"><div class=\"elementor-element elementor-element-544c4721 elementor-widget elementor-widget-text-editor\" data-id=\"544c4721\" data-element_type=\"widget\" data-e-type=\"widget\" data-widget_type=\"text-editor.default\"><div class=\"elementor-widget-container\"><p data-start=\"2141\" data-end=\"2203\"><strong>Consultas e informaci\u00f3n:<\/strong> <a class=\"decorated-link cursor-pointer\" rel=\"noopener\" data-start=\"2166\" data-end=\"2201\">cultura@casadeentrerios.gov.ar<\/a><\/p><\/div><\/div><\/div><\/div><\/div><\/section><p><a href=\"https:\/\/www.casadeentrerios.gov.ar\/?page_id=14727\" target=\"_blank\" rel=\"noopener\"><strong>+ informaci\u00f3n sobre el evento<\/strong><\/a><\/p><\/div>\n\t\t\t\t<\/div>\n\t\t\t\t\t\t\t\t\t\t<script type=\"application\/ld+json\">{\"@context\":\"https:\\\/\\\/schema.org\",\"@type\":\"FAQPage\",\"mainEntity\":[{\"@type\":\"Question\",\"name\":\"JUE 09 - 14:30hs | Presentaci\\u00f3n del libro Montiel, la biograf\\u00eda de un caudillo\",\"acceptedAnswer\":{\"@type\":\"Answer\",\"text\":\"<p data-start=\\\"218\\\" data-end=\\\"519\\\">Se realizar\\u00e1 la presentaci\\u00f3n del libro del periodista Antonio Tardelli, una obra dedicada a la vida y legado de Montiel, figura clave de la historia pol\\u00edtica entrerriana. Un encuentro que invita a recorrer su trayectoria y reflexionar sobre su influencia en la construcci\\u00f3n de la identidad provincial.<\\\/p><p data-start=\\\"521\\\" data-end=\\\"628\\\"><strong>Consultas e informaci\\u00f3n:<\\\/strong> <a class=\\\"decorated-link cursor-pointer\\\" rel=\\\"noopener\\\" data-start=\\\"546\\\" data-end=\\\"581\\\">comunicacion@casadeentrerios.gov.ar<\\\/a><\\\/p>\"}},{\"@type\":\"Question\",\"name\":\"JUE 16 - 14:00hs | Tertulia literaria y presentaci\\u00f3n del libro Lirios de p\\u00e1jaros\",\"acceptedAnswer\":{\"@type\":\"Answer\",\"text\":\"<p data-start=\\\"727\\\" data-end=\\\"1012\\\">Se realizar\\u00e1 una tertulia literaria que incluir\\u00e1 la presentaci\\u00f3n del libro <em data-start=\\\"802\\\" data-end=\\\"821\\\">Lirios de p\\u00e1jaros<\\\/em> y una exposici\\u00f3n de obras de la artista Margarita Sotto Frossard. Un espacio de encuentro entre literatura y arte visual que invita a disfrutar de la creatividad y la sensibilidad art\\u00edstica.<\\\/p><p data-start=\\\"1014\\\" data-end=\\\"1076\\\"><strong>Consultas e informaci\\u00f3n:<\\\/strong> <a class=\\\"decorated-link cursor-pointer\\\" rel=\\\"noopener\\\" data-start=\\\"1627\\\" data-end=\\\"1662\\\">comunicacion@casadeentrerios.gov.ar<\\\/a><\\\/p><p><a href=\\\"https:\\\/\\\/www.casadeentrerios.gov.ar\\\/?p=21076\\\" target=\\\"_blank\\\" rel=\\\"noopener\\\"><strong>+ informacion sobre el evento<\\\/strong><\\\/a><\\\/p>\"}},{\"@type\":\"Question\",\"name\":\"MIE 29 - 14:00hs | Presentaci\\u00f3n de la Temporada Termal de Tierra de Palmares\",\"acceptedAnswer\":{\"@type\":\"Answer\",\"text\":\"<section class=\\\"elementor-section elementor-top-section elementor-element elementor-element-55d96573 elementor-section-boxed elementor-section-height-default elementor-section-height-default\\\" data-id=\\\"55d96573\\\" data-element_type=\\\"section\\\" data-e-type=\\\"section\\\"><div class=\\\"elementor-container elementor-column-gap-default\\\"><div class=\\\"elementor-column elementor-col-100 elementor-top-column elementor-element elementor-element-535950a8\\\" data-id=\\\"535950a8\\\" data-element_type=\\\"column\\\" data-e-type=\\\"column\\\"><div class=\\\"elementor-widget-wrap elementor-element-populated\\\"><div class=\\\"elementor-element elementor-element-72117bf5 elementor-widget elementor-widget-text-editor\\\" data-id=\\\"72117bf5\\\" data-element_type=\\\"widget\\\" data-e-type=\\\"widget\\\" data-widget_type=\\\"text-editor.default\\\"><div class=\\\"elementor-widget-container\\\"><p data-start=\\\"1192\\\" data-end=\\\"1600\\\">Se realizar\\u00e1 la presentaci\\u00f3n de la temporada termal de Tierra de Palmares, una propuesta que invita a conocer la oferta de bienestar y descanso de la microrregi\\u00f3n. Destinos incluidos: los complejos termales de Col\\u00f3n, Villa Elisa y San Jos\\u00e9 conforman este circuito integrado. Una oportunidad para anticipar la agenda tur\\u00edstica y descubrir experiencias vinculadas a la naturaleza y la hospitalidad entrerriana.<\\\/p><p data-start=\\\"1602\\\" data-end=\\\"1662\\\"><strong>Consultas e informaci\\u00f3n:<\\\/strong> <a class=\\\"decorated-link cursor-pointer\\\" rel=\\\"noopener\\\" data-start=\\\"1627\\\" data-end=\\\"1662\\\">comunicacion@casadeentrerios.gov.ar<\\\/a><\\\/p><p data-start=\\\"1602\\\" data-end=\\\"1662\\\"><a href=\\\"https:\\\/\\\/www.casadeentrerios.gov.ar\\\/?p=21289\\\" target=\\\"_blank\\\" rel=\\\"noopener\\\"><strong>+informacion sobre el evento<\\\/strong><\\\/a><\\\/p><\\\/div><\\\/div><\\\/div><\\\/div><\\\/div><\\\/section>\"}},{\"@type\":\"Question\",\"name\":\"JUE 30 - 15:00hs | Litoral y tango se encuentran en la Casa de Entre R\\u00edos\",\"acceptedAnswer\":{\"@type\":\"Answer\",\"text\":\"<section class=\\\"elementor-section elementor-top-section elementor-element elementor-element-55d96573 elementor-section-boxed elementor-section-height-default elementor-section-height-default\\\" data-id=\\\"55d96573\\\" data-element_type=\\\"section\\\" data-e-type=\\\"section\\\"><div class=\\\"elementor-container elementor-column-gap-default\\\"><div class=\\\"elementor-column elementor-col-100 elementor-top-column elementor-element elementor-element-535950a8\\\" data-id=\\\"535950a8\\\" data-element_type=\\\"column\\\" data-e-type=\\\"column\\\"><div class=\\\"elementor-widget-wrap elementor-element-populated\\\"><div class=\\\"elementor-element elementor-element-72117bf5 elementor-widget elementor-widget-text-editor\\\" data-id=\\\"72117bf5\\\" data-element_type=\\\"widget\\\" data-e-type=\\\"widget\\\" data-widget_type=\\\"text-editor.default\\\"><div class=\\\"elementor-widget-container\\\"><span style=\\\"font-family: -apple-system, BlinkMacSystemFont, 'Segoe UI', Roboto, 'Helvetica Neue', Arial, 'Noto Sans', sans-serif, 'Apple Color Emoji', 'Segoe UI Emoji', 'Segoe UI Symbol', 'Noto Color Emoji';\\\">Se desarrollar\\u00e1 una propuesta cultural que reunir\\u00e1 m\\u00fasica, danza, literatura y artes visuales en una jornada que pone en valor la identidad entrerriana desde el lenguaje del tango. Bajo el t\\u00edtulo <\\\/span><em style=\\\"font-family: -apple-system, BlinkMacSystemFont, 'Segoe UI', Roboto, 'Helvetica Neue', Arial, 'Noto Sans', sans-serif, 'Apple Color Emoji', 'Segoe UI Emoji', 'Segoe UI Symbol', 'Noto Color Emoji';\\\" data-start=\\\"1923\\\" data-end=\\\"1971\\\">\\u201cMilonga y Arte Entrerriano \\u2013 Litoral y Tango\\u201d<\\\/em><span style=\\\"font-family: -apple-system, BlinkMacSystemFont, 'Segoe UI', Roboto, 'Helvetica Neue', Arial, 'Noto Sans', sans-serif, 'Apple Color Emoji', 'Segoe UI Emoji', 'Segoe UI Symbol', 'Noto Color Emoji';\\\">, la actividad propone un recorrido que integra formaci\\u00f3n, expresi\\u00f3n art\\u00edstica y encuentro, con la participaci\\u00f3n de referentes de distintas localidades de la provincia.<\\\/span><\\\/div><\\\/div><\\\/div><\\\/div><\\\/div><\\\/section><section class=\\\"elementor-section elementor-top-section elementor-element elementor-element-4adb74df elementor-section-boxed elementor-section-height-default elementor-section-height-default\\\" data-id=\\\"4adb74df\\\" data-element_type=\\\"section\\\" data-e-type=\\\"section\\\"><div class=\\\"elementor-container elementor-column-gap-default\\\"><div class=\\\"elementor-column elementor-col-66 elementor-top-column elementor-element elementor-element-5b0f786\\\" data-id=\\\"5b0f786\\\" data-element_type=\\\"column\\\" data-e-type=\\\"column\\\"><div class=\\\"elementor-widget-wrap elementor-element-populated\\\"><div class=\\\"elementor-element elementor-element-544c4721 elementor-widget elementor-widget-text-editor\\\" data-id=\\\"544c4721\\\" data-element_type=\\\"widget\\\" data-e-type=\\\"widget\\\" data-widget_type=\\\"text-editor.default\\\"><div class=\\\"elementor-widget-container\\\"><p data-start=\\\"2141\\\" data-end=\\\"2203\\\"><strong>Consultas e informaci\\u00f3n:<\\\/strong> <a class=\\\"decorated-link cursor-pointer\\\" rel=\\\"noopener\\\" data-start=\\\"2166\\\" data-end=\\\"2201\\\">cultura@casadeentrerios.gov.ar<\\\/a><\\\/p><\\\/div><\\\/div><\\\/div><\\\/div><\\\/div><\\\/section><p><a href=\\\"https:\\\/\\\/www.casadeentrerios.gov.ar\\\/?page_id=14727\\\" target=\\\"_blank\\\" rel=\\\"noopener\\\"><strong>+ informaci\\u00f3n sobre el evento<\\\/strong><\\\/a><\\\/p>\"}}]}<\/script>\n\t\t\t\t\t<\/div>\n\t\t\t\t\t\t<\/div>\n\t\t\t\t<\/div>\n\t\t\t\t\t<\/div>\n\t\t<\/div>\n\t\t\t\t<div class=\"elementor-column elementor-col-16 elementor-top-column elementor-element elementor-element-f4e3178\" data-id=\"f4e3178\" data-element_type=\"column\" data-e-type=\"column\">\n\t\t\t<div class=\"elementor-widget-wrap\">\n\t\t\t\t\t\t\t<\/div>\n\t\t<\/div>\n\t\t\t\t\t<\/div>\n\t\t<\/section>\n\t\t\t\t<section class=\"elementor-section elementor-top-section elementor-element elementor-element-a490da2 elementor-section-boxed elementor-section-height-default elementor-section-height-default\" data-id=\"a490da2\" data-element_type=\"section\" data-e-type=\"section\">\n\t\t\t\t\t\t<div class=\"elementor-container elementor-column-gap-default\">\n\t\t\t\t\t<div class=\"elementor-column elementor-col-100 elementor-top-column elementor-element elementor-element-b80c196\" data-id=\"b80c196\" data-element_type=\"column\" data-e-type=\"column\">\n\t\t\t<div class=\"elementor-widget-wrap elementor-element-populated\">\n\t\t\t\t\t\t<div class=\"elementor-element elementor-element-6606153 elementor-widget elementor-widget-spacer\" data-id=\"6606153\" data-element_type=\"widget\" data-e-type=\"widget\" data-widget_type=\"spacer.default\">\n\t\t\t\t<div class=\"elementor-widget-container\">\n\t\t\t\t\t\t\t<div class=\"elementor-spacer\">\n\t\t\t<div class=\"elementor-spacer-inner\"><\/div>\n\t\t<\/div>\n\t\t\t\t\t\t<\/div>\n\t\t\t\t<\/div>\n\t\t\t\t\t<\/div>\n\t\t<\/div>\n\t\t\t\t\t<\/div>\n\t\t<\/section>\n\t\t\t\t<section class=\"elementor-section elementor-top-section elementor-element elementor-element-470efdf elementor-hidden-desktop elementor-hidden-tablet elementor-hidden-mobile elementor-section-boxed elementor-section-height-default elementor-section-height-default\" data-id=\"470efdf\" data-element_type=\"section\" data-e-type=\"section\">\n\t\t\t\t\t\t<div class=\"elementor-container elementor-column-gap-default\">\n\t\t\t\t\t<div class=\"elementor-column elementor-col-16 elementor-top-column elementor-element elementor-element-f56f0e0\" data-id=\"f56f0e0\" data-element_type=\"column\" data-e-type=\"column\">\n\t\t\t<div class=\"elementor-widget-wrap\">\n\t\t\t\t\t\t\t<\/div>\n\t\t<\/div>\n\t\t\t\t<div class=\"elementor-column elementor-col-66 elementor-top-column elementor-element elementor-element-2a6c00f\" data-id=\"2a6c00f\" data-element_type=\"column\" data-e-type=\"column\">\n\t\t\t<div class=\"elementor-widget-wrap elementor-element-populated\">\n\t\t\t\t\t\t<div class=\"elementor-element elementor-element-c11a3a1 animated-slow elementor-invisible elementor-widget elementor-widget-heading\" data-id=\"c11a3a1\" data-element_type=\"widget\" data-e-type=\"widget\" data-settings=\"{&quot;_animation&quot;:&quot;fadeIn&quot;}\" data-widget_type=\"heading.default\">\n\t\t\t\t<div class=\"elementor-widget-container\">\n\t\t\t\t\t<h2 class=\"elementor-heading-title elementor-size-default\">agenda Mayo<\/h2>\t\t\t\t<\/div>\n\t\t\t\t<\/div>\n\t\t\t\t\t<\/div>\n\t\t<\/div>\n\t\t\t\t<div class=\"elementor-column elementor-col-16 elementor-top-column elementor-element elementor-element-fa10e20\" data-id=\"fa10e20\" data-element_type=\"column\" data-e-type=\"column\">\n\t\t\t<div class=\"elementor-widget-wrap\">\n\t\t\t\t\t\t\t<\/div>\n\t\t<\/div>\n\t\t\t\t\t<\/div>\n\t\t<\/section>\n\t\t\t\t<section class=\"elementor-section elementor-top-section elementor-element elementor-element-3dcc49b elementor-hidden-desktop elementor-hidden-tablet elementor-hidden-mobile elementor-section-boxed elementor-section-height-default elementor-section-height-default\" data-id=\"3dcc49b\" data-element_type=\"section\" data-e-type=\"section\">\n\t\t\t\t\t\t<div class=\"elementor-container elementor-column-gap-default\">\n\t\t\t\t\t<div class=\"elementor-column elementor-col-16 elementor-top-column elementor-element elementor-element-32461bb\" data-id=\"32461bb\" data-element_type=\"column\" data-e-type=\"column\">\n\t\t\t<div class=\"elementor-widget-wrap\">\n\t\t\t\t\t\t\t<\/div>\n\t\t<\/div>\n\t\t\t\t<div class=\"elementor-column elementor-col-66 elementor-top-column elementor-element elementor-element-052eb02\" data-id=\"052eb02\" data-element_type=\"column\" data-e-type=\"column\">\n\t\t\t<div class=\"elementor-widget-wrap elementor-element-populated\">\n\t\t\t\t\t\t<div class=\"elementor-element elementor-element-3469754 elementor-widget__width-initial elementor-widget elementor-widget-toggle\" data-id=\"3469754\" data-element_type=\"widget\" data-e-type=\"widget\" data-widget_type=\"toggle.default\">\n\t\t\t\t<div class=\"elementor-widget-container\">\n\t\t\t\t\t\t\t<div class=\"elementor-toggle\">\n\t\t\t\t\t\t\t<div class=\"elementor-toggle-item\">\n\t\t\t\t\t<div id=\"elementor-tab-title-5491\" class=\"elementor-tab-title\" data-tab=\"1\" role=\"button\" aria-controls=\"elementor-tab-content-5491\" aria-expanded=\"false\">\n\t\t\t\t\t\t\t\t\t\t\t\t<span class=\"elementor-toggle-icon elementor-toggle-icon-right\" aria-hidden=\"true\">\n\t\t\t\t\t\t\t\t\t\t\t\t\t\t\t<span class=\"elementor-toggle-icon-closed\"><svg xmlns=\"http:\/\/www.w3.org\/2000\/svg\" id=\"b64b7500-205e-4b4c-b85b-719c6b9efefc\" data-name=\"Layer 1\" width=\"14.6802\" height=\"7.5488\" viewBox=\"0 0 14.6802 7.5488\"><polygon points=\"7.34 7.549 0 0.732 0.681 0 7.34 6.184 14 0 14.68 0.732 7.34 7.549\"><\/polygon><\/svg><\/span>\n\t\t\t\t\t\t\t\t<span class=\"elementor-toggle-icon-opened\"><svg xmlns=\"http:\/\/www.w3.org\/2000\/svg\" id=\"a9a06c65-5466-4dff-9af0-1537f84a1b5f\" data-name=\"Layer 1\" width=\"14.6802\" height=\"7.5488\" viewBox=\"0 0 14.6802 7.5488\"><polygon points=\"7.34 0 14.68 6.816 14 7.549 7.34 1.365 0.68 7.549 0 6.816 7.34 0\"><\/polygon><\/svg><\/span>\n\t\t\t\t\t\t\t\t\t\t\t\t\t<\/span>\n\t\t\t\t\t\t\t\t\t\t\t\t<a class=\"elementor-toggle-title\" tabindex=\"0\">JUE 07 - 15:00hs | Presentaci\u00f3n del libro Misi\u00f3n Amor: Adoptar con el coraz\u00f3n<\/a>\n\t\t\t\t\t<\/div>\n\n\t\t\t\t\t<div id=\"elementor-tab-content-5491\" class=\"elementor-tab-content elementor-clearfix\" data-tab=\"1\" role=\"region\" aria-labelledby=\"elementor-tab-title-5491\"><p>La autora Patricia Servat presentar\u00e1 su libro <em data-start=\"1029\" data-end=\"1082\">Misi\u00f3n Amor: Adoptar con el coraz\u00f3n\u2026 Un lazo eterno<\/em>, una obra que aborda la experiencia de la adopci\u00f3n desde una mirada sensible y profundamente humana, invitando a reflexionar sobre los v\u00ednculos, la familia y el amor que trasciende la biolog\u00eda.<\/p><p><strong>Consultas e Informaci\u00f3n<\/strong><br \/>cercultura@gmail.com<\/p><p><strong>(*)<\/strong> Actividad abierta al p\u00fablico y gratuita.<\/p><\/div>\n\t\t\t\t<\/div>\n\t\t\t\t\t\t\t<div class=\"elementor-toggle-item\">\n\t\t\t\t\t<div id=\"elementor-tab-title-5492\" class=\"elementor-tab-title\" data-tab=\"2\" role=\"button\" aria-controls=\"elementor-tab-content-5492\" aria-expanded=\"false\">\n\t\t\t\t\t\t\t\t\t\t\t\t<span class=\"elementor-toggle-icon elementor-toggle-icon-right\" aria-hidden=\"true\">\n\t\t\t\t\t\t\t\t\t\t\t\t\t\t\t<span class=\"elementor-toggle-icon-closed\"><svg xmlns=\"http:\/\/www.w3.org\/2000\/svg\" id=\"b64b7500-205e-4b4c-b85b-719c6b9efefc\" data-name=\"Layer 1\" width=\"14.6802\" height=\"7.5488\" viewBox=\"0 0 14.6802 7.5488\"><polygon points=\"7.34 7.549 0 0.732 0.681 0 7.34 6.184 14 0 14.68 0.732 7.34 7.549\"><\/polygon><\/svg><\/span>\n\t\t\t\t\t\t\t\t<span class=\"elementor-toggle-icon-opened\"><svg xmlns=\"http:\/\/www.w3.org\/2000\/svg\" id=\"a9a06c65-5466-4dff-9af0-1537f84a1b5f\" data-name=\"Layer 1\" width=\"14.6802\" height=\"7.5488\" viewBox=\"0 0 14.6802 7.5488\"><polygon points=\"7.34 0 14.68 6.816 14 7.549 7.34 1.365 0.68 7.549 0 6.816 7.34 0\"><\/polygon><\/svg><\/span>\n\t\t\t\t\t\t\t\t\t\t\t\t\t<\/span>\n\t\t\t\t\t\t\t\t\t\t\t\t<a class=\"elementor-toggle-title\" tabindex=\"0\">MIE 20 - 10:00hs | Jornada sobre producci\u00f3n ap\u00edcola y consumo de miel<\/a>\n\t\t\t\t\t<\/div>\n\n\t\t\t\t\t<div id=\"elementor-tab-content-5492\" class=\"elementor-tab-content elementor-clearfix\" data-tab=\"2\" role=\"region\" aria-labelledby=\"elementor-tab-title-5492\"><div class=\"text-base my-auto mx-auto [--thread-content-margin:var(--thread-content-margin-xs,calc(var(--spacing)*4))] @w-sm\/main:[--thread-content-margin:var(--thread-content-margin-sm,calc(var(--spacing)*6))] @w-lg\/main:[--thread-content-margin:var(--thread-content-margin-lg,calc(var(--spacing)*16))] px-(--thread-content-margin)\"><div class=\"[--thread-content-max-width:40rem] @w-lg\/main:[--thread-content-max-width:48rem] mx-auto max-w-(--thread-content-max-width) flex-1 group\/turn-messages focus-visible:outline-hidden relative flex w-full min-w-0 flex-col agent-turn\"><div class=\"flex max-w-full flex-col gap-4 grow\"><div class=\"min-h-8 text-message relative flex w-full flex-col items-end gap-2 text-start break-words whitespace-normal outline-none keyboard-focused:focus-ring [.text-message+&amp;]:mt-1\" dir=\"auto\" data-message-author-role=\"assistant\" data-message-id=\"6be88b52-73e7-4369-bc8e-84fdf84c514b\" data-message-model-slug=\"gpt-5-3\"><div class=\"flex w-full flex-col gap-1 empty:hidden\"><div class=\"markdown prose dark:prose-invert w-full wrap-break-word dark markdown-new-styling\"><div class=\"flex flex-col text-sm pb-25\"><section class=\"text-token-text-primary w-full focus:outline-none [--shadow-height:45px] has-data-writing-block:pointer-events-none has-data-writing-block:-mt-(--shadow-height) has-data-writing-block:pt-(--shadow-height) [&amp;:has([data-writing-block])&gt;*]:pointer-events-auto scroll-mt-[calc(var(--header-height)+min(200px,max(70px,20svh)))]\" dir=\"auto\" data-turn-id=\"request-69e0caaa-6108-83e9-891f-42133ad7dbe7-8\" data-testid=\"conversation-turn-52\" data-scroll-anchor=\"true\" data-turn=\"assistant\"><div class=\"text-base my-auto mx-auto pb-10 [--thread-content-margin:var(--thread-content-margin-xs,calc(var(--spacing)*4))] @w-sm\/main:[--thread-content-margin:var(--thread-content-margin-sm,calc(var(--spacing)*6))] @w-lg\/main:[--thread-content-margin:var(--thread-content-margin-lg,calc(var(--spacing)*16))] px-(--thread-content-margin)\"><div class=\"[--thread-content-max-width:40rem] @w-lg\/main:[--thread-content-max-width:48rem] mx-auto max-w-(--thread-content-max-width) flex-1 group\/turn-messages focus-visible:outline-hidden relative flex w-full min-w-0 flex-col agent-turn\"><div class=\"flex max-w-full flex-col gap-4 grow\"><div class=\"min-h-8 text-message relative flex w-full flex-col items-end gap-2 text-start break-words whitespace-normal outline-none keyboard-focused:focus-ring [.text-message+&amp;]:mt-1\" dir=\"auto\" tabindex=\"0\" data-message-author-role=\"assistant\" data-message-id=\"4627a81c-e9a9-4d30-94bb-7358a74b8b2c\" data-message-model-slug=\"gpt-5-3\" data-turn-start-message=\"true\"><div class=\"flex w-full flex-col gap-1 empty:hidden\"><div class=\"markdown prose dark:prose-invert w-full wrap-break-word dark markdown-new-styling\"><p data-start=\"0\" data-end=\"495\" data-is-last-node=\"\" data-is-only-node=\"\">Se realizar\u00e1 la jornada \u201cLa Semana de la Miel\u201d, una iniciativa orientada a fomentar el consumo de miel y poner en valor la producci\u00f3n entrerriana, promoviendo la articulaci\u00f3n entre productores ap\u00edcolas, cooperativas e instituciones del sector. Durante la actividad habr\u00e1 un panel t\u00e9cnico-comercial con referentes de la cadena productiva y un espacio de experiencia sensorial y promoci\u00f3n, donde se abordar\u00e1n el proceso de elaboraci\u00f3n, sus beneficios para la salud y el trabajo de los apicultores.<\/p><\/div><\/div><\/div><\/div><div class=\"z-0 flex min-h-[46px] justify-start\"><span style=\"font-family: -apple-system, BlinkMacSystemFont, 'Segoe UI', Roboto, 'Helvetica Neue', Arial, 'Noto Sans', sans-serif, 'Apple Color Emoji', 'Segoe UI Emoji', 'Segoe UI Symbol', 'Noto Color Emoji';\">La actividad es organizada en conjunto por Alicia Fregonese, diputada nacional, y la Casa de Entre R\u00edos.<\/span><\/div><\/div><\/div><\/section><\/div><\/div><\/div><\/div><\/div><div class=\"z-0 flex min-h-[46px] justify-start\">\u00a0<\/div><\/div><\/div><p><strong>Consultas e Informaci\u00f3n<\/strong><br \/>comunicacion@casadeentrerios.gov.ar<\/p><p><a href=\"https:\/\/www.casadeentrerios.gov.ar\/?p=21330\" target=\"_blank\" rel=\"noopener\"><b>+informaci\u00f3n sobre el evento\u00a0<\/b><\/a><\/p><\/div>\n\t\t\t\t<\/div>\n\t\t\t\t\t\t\t<div class=\"elementor-toggle-item\">\n\t\t\t\t\t<div id=\"elementor-tab-title-5493\" class=\"elementor-tab-title\" data-tab=\"3\" role=\"button\" aria-controls=\"elementor-tab-content-5493\" aria-expanded=\"false\">\n\t\t\t\t\t\t\t\t\t\t\t\t<span class=\"elementor-toggle-icon elementor-toggle-icon-right\" aria-hidden=\"true\">\n\t\t\t\t\t\t\t\t\t\t\t\t\t\t\t<span class=\"elementor-toggle-icon-closed\"><svg xmlns=\"http:\/\/www.w3.org\/2000\/svg\" id=\"b64b7500-205e-4b4c-b85b-719c6b9efefc\" data-name=\"Layer 1\" width=\"14.6802\" height=\"7.5488\" viewBox=\"0 0 14.6802 7.5488\"><polygon points=\"7.34 7.549 0 0.732 0.681 0 7.34 6.184 14 0 14.68 0.732 7.34 7.549\"><\/polygon><\/svg><\/span>\n\t\t\t\t\t\t\t\t<span class=\"elementor-toggle-icon-opened\"><svg xmlns=\"http:\/\/www.w3.org\/2000\/svg\" id=\"a9a06c65-5466-4dff-9af0-1537f84a1b5f\" data-name=\"Layer 1\" width=\"14.6802\" height=\"7.5488\" viewBox=\"0 0 14.6802 7.5488\"><polygon points=\"7.34 0 14.68 6.816 14 7.549 7.34 1.365 0.68 7.549 0 6.816 7.34 0\"><\/polygon><\/svg><\/span>\n\t\t\t\t\t\t\t\t\t\t\t\t\t<\/span>\n\t\t\t\t\t\t\t\t\t\t\t\t<a class=\"elementor-toggle-title\" tabindex=\"0\">VIE 29  - 18:00hs | 40\u00b0 Asamblea General de FENAOMFRA <\/a>\n\t\t\t\t\t<\/div>\n\n\t\t\t\t\t<div id=\"elementor-tab-content-5493\" class=\"elementor-tab-content elementor-clearfix\" data-tab=\"3\" role=\"region\" aria-labelledby=\"elementor-tab-title-5493\"><div class=\"text-base my-auto mx-auto [--thread-content-margin:var(--thread-content-margin-xs,calc(var(--spacing)*4))] @w-sm\/main:[--thread-content-margin:var(--thread-content-margin-sm,calc(var(--spacing)*6))] @w-lg\/main:[--thread-content-margin:var(--thread-content-margin-lg,calc(var(--spacing)*16))] px-(--thread-content-margin)\"><div class=\"[--thread-content-max-width:40rem] @w-lg\/main:[--thread-content-max-width:48rem] mx-auto max-w-(--thread-content-max-width) flex-1 group\/turn-messages focus-visible:outline-hidden relative flex w-full min-w-0 flex-col agent-turn\"><div class=\"flex max-w-full flex-col gap-4 grow\"><div class=\"min-h-8 text-message relative flex w-full flex-col items-end gap-2 text-start break-words whitespace-normal outline-none keyboard-focused:focus-ring [.text-message+&amp;]:mt-1\" dir=\"auto\" data-message-author-role=\"assistant\" data-message-id=\"6be88b52-73e7-4369-bc8e-84fdf84c514b\" data-message-model-slug=\"gpt-5-3\"><div class=\"flex w-full flex-col gap-1 empty:hidden\"><div class=\"markdown prose dark:prose-invert w-full wrap-break-word dark markdown-new-styling\"><div class=\"flex flex-col text-sm pb-25\"><section class=\"text-token-text-primary w-full focus:outline-none [--shadow-height:45px] has-data-writing-block:pointer-events-none has-data-writing-block:-mt-(--shadow-height) has-data-writing-block:pt-(--shadow-height) [&amp;:has([data-writing-block])&gt;*]:pointer-events-auto scroll-mt-[calc(var(--header-height)+min(200px,max(70px,20svh)))]\" dir=\"auto\" data-turn-id=\"request-69e0caaa-6108-83e9-891f-42133ad7dbe7-8\" data-testid=\"conversation-turn-52\" data-scroll-anchor=\"true\" data-turn=\"assistant\"><div class=\"text-base my-auto mx-auto pb-10 [--thread-content-margin:var(--thread-content-margin-xs,calc(var(--spacing)*4))] @w-sm\/main:[--thread-content-margin:var(--thread-content-margin-sm,calc(var(--spacing)*6))] @w-lg\/main:[--thread-content-margin:var(--thread-content-margin-lg,calc(var(--spacing)*16))] px-(--thread-content-margin)\"><div class=\"[--thread-content-max-width:40rem] @w-lg\/main:[--thread-content-max-width:48rem] mx-auto max-w-(--thread-content-max-width) flex-1 group\/turn-messages focus-visible:outline-hidden relative flex w-full min-w-0 flex-col agent-turn\"><div class=\"flex max-w-full flex-col gap-4 grow\"><div class=\"min-h-8 text-message relative flex w-full flex-col items-end gap-2 text-start break-words whitespace-normal outline-none keyboard-focused:focus-ring [.text-message+&amp;]:mt-1\" dir=\"auto\" tabindex=\"0\" data-message-author-role=\"assistant\" data-message-id=\"4627a81c-e9a9-4d30-94bb-7358a74b8b2c\" data-message-model-slug=\"gpt-5-3\" data-turn-start-message=\"true\"><div class=\"flex w-full flex-col gap-1 empty:hidden\"><div class=\"markdown prose dark:prose-invert w-full wrap-break-word dark markdown-new-styling\">\u00a0<\/div><\/div><\/div><\/div><div class=\"z-0 flex min-h-[46px] justify-start\">Con la presencia de autoridades y referentes del sector frutihort\u00edcola de todo el pa\u00eds, la Federaci\u00f3n Nacional de Operadores de Mercados Frutihort\u00edcolas de la Rep\u00fablica Argentina (FENAOMFRA) realizar\u00e1 su 40\u00b0 Asamblea General Ordinaria, en el marco de una reuni\u00f3n de la Junta Ejecutiva llevada a cabo en la sede de la Representaci\u00f3n del Gobierno de Entre R\u00edos en la Ciudad de Buenos Aires<\/div><\/div><\/div><\/section><\/div><\/div><\/div><\/div><\/div><div class=\"z-0 flex min-h-[46px] justify-start\">\u00a0<\/div><\/div><\/div><p><strong>Consultas e Informaci\u00f3n<\/strong><br \/>comunicacion@casadeentrerios.gov.ar<\/p><\/div>\n\t\t\t\t<\/div>\n\t\t\t\t\t\t\t\t\t\t<script type=\"application\/ld+json\">{\"@context\":\"https:\\\/\\\/schema.org\",\"@type\":\"FAQPage\",\"mainEntity\":[{\"@type\":\"Question\",\"name\":\"JUE 07 - 15:00hs | Presentaci\\u00f3n del libro Misi\\u00f3n Amor: Adoptar con el coraz\\u00f3n\",\"acceptedAnswer\":{\"@type\":\"Answer\",\"text\":\"<p>La autora Patricia Servat presentar\\u00e1 su libro <em data-start=\\\"1029\\\" data-end=\\\"1082\\\">Misi\\u00f3n Amor: Adoptar con el coraz\\u00f3n\\u2026 Un lazo eterno<\\\/em>, una obra que aborda la experiencia de la adopci\\u00f3n desde una mirada sensible y profundamente humana, invitando a reflexionar sobre los v\\u00ednculos, la familia y el amor que trasciende la biolog\\u00eda.<\\\/p><p><strong>Consultas e Informaci\\u00f3n<\\\/strong><br \\\/>cercultura@gmail.com<\\\/p><p><strong>(*)<\\\/strong> Actividad abierta al p\\u00fablico y gratuita.<\\\/p>\"}},{\"@type\":\"Question\",\"name\":\"MIE 20 - 10:00hs | Jornada sobre producci\\u00f3n ap\\u00edcola y consumo de miel\",\"acceptedAnswer\":{\"@type\":\"Answer\",\"text\":\"<div class=\\\"text-base my-auto mx-auto [--thread-content-margin:var(--thread-content-margin-xs,calc(var(--spacing)*4))] @w-sm\\\/main:[--thread-content-margin:var(--thread-content-margin-sm,calc(var(--spacing)*6))] @w-lg\\\/main:[--thread-content-margin:var(--thread-content-margin-lg,calc(var(--spacing)*16))] px-(--thread-content-margin)\\\"><div class=\\\"[--thread-content-max-width:40rem] @w-lg\\\/main:[--thread-content-max-width:48rem] mx-auto max-w-(--thread-content-max-width) flex-1 group\\\/turn-messages focus-visible:outline-hidden relative flex w-full min-w-0 flex-col agent-turn\\\"><div class=\\\"flex max-w-full flex-col gap-4 grow\\\"><div class=\\\"min-h-8 text-message relative flex w-full flex-col items-end gap-2 text-start break-words whitespace-normal outline-none keyboard-focused:focus-ring [.text-message+&amp;]:mt-1\\\" dir=\\\"auto\\\" data-message-author-role=\\\"assistant\\\" data-message-id=\\\"6be88b52-73e7-4369-bc8e-84fdf84c514b\\\" data-message-model-slug=\\\"gpt-5-3\\\"><div class=\\\"flex w-full flex-col gap-1 empty:hidden\\\"><div class=\\\"markdown prose dark:prose-invert w-full wrap-break-word dark markdown-new-styling\\\"><div class=\\\"flex flex-col text-sm pb-25\\\"><section class=\\\"text-token-text-primary w-full focus:outline-none [--shadow-height:45px] has-data-writing-block:pointer-events-none has-data-writing-block:-mt-(--shadow-height) has-data-writing-block:pt-(--shadow-height) [&amp;:has([data-writing-block])&gt;*]:pointer-events-auto scroll-mt-[calc(var(--header-height)+min(200px,max(70px,20svh)))]\\\" dir=\\\"auto\\\" data-turn-id=\\\"request-69e0caaa-6108-83e9-891f-42133ad7dbe7-8\\\" data-testid=\\\"conversation-turn-52\\\" data-scroll-anchor=\\\"true\\\" data-turn=\\\"assistant\\\"><div class=\\\"text-base my-auto mx-auto pb-10 [--thread-content-margin:var(--thread-content-margin-xs,calc(var(--spacing)*4))] @w-sm\\\/main:[--thread-content-margin:var(--thread-content-margin-sm,calc(var(--spacing)*6))] @w-lg\\\/main:[--thread-content-margin:var(--thread-content-margin-lg,calc(var(--spacing)*16))] px-(--thread-content-margin)\\\"><div class=\\\"[--thread-content-max-width:40rem] @w-lg\\\/main:[--thread-content-max-width:48rem] mx-auto max-w-(--thread-content-max-width) flex-1 group\\\/turn-messages focus-visible:outline-hidden relative flex w-full min-w-0 flex-col agent-turn\\\"><div class=\\\"flex max-w-full flex-col gap-4 grow\\\"><div class=\\\"min-h-8 text-message relative flex w-full flex-col items-end gap-2 text-start break-words whitespace-normal outline-none keyboard-focused:focus-ring [.text-message+&amp;]:mt-1\\\" dir=\\\"auto\\\" tabindex=\\\"0\\\" data-message-author-role=\\\"assistant\\\" data-message-id=\\\"4627a81c-e9a9-4d30-94bb-7358a74b8b2c\\\" data-message-model-slug=\\\"gpt-5-3\\\" data-turn-start-message=\\\"true\\\"><div class=\\\"flex w-full flex-col gap-1 empty:hidden\\\"><div class=\\\"markdown prose dark:prose-invert w-full wrap-break-word dark markdown-new-styling\\\"><p data-start=\\\"0\\\" data-end=\\\"495\\\" data-is-last-node=\\\"\\\" data-is-only-node=\\\"\\\">Se realizar\\u00e1 la jornada \\u201cLa Semana de la Miel\\u201d, una iniciativa orientada a fomentar el consumo de miel y poner en valor la producci\\u00f3n entrerriana, promoviendo la articulaci\\u00f3n entre productores ap\\u00edcolas, cooperativas e instituciones del sector. Durante la actividad habr\\u00e1 un panel t\\u00e9cnico-comercial con referentes de la cadena productiva y un espacio de experiencia sensorial y promoci\\u00f3n, donde se abordar\\u00e1n el proceso de elaboraci\\u00f3n, sus beneficios para la salud y el trabajo de los apicultores.<\\\/p><\\\/div><\\\/div><\\\/div><\\\/div><div class=\\\"z-0 flex min-h-[46px] justify-start\\\"><span style=\\\"font-family: -apple-system, BlinkMacSystemFont, 'Segoe UI', Roboto, 'Helvetica Neue', Arial, 'Noto Sans', sans-serif, 'Apple Color Emoji', 'Segoe UI Emoji', 'Segoe UI Symbol', 'Noto Color Emoji';\\\">La actividad es organizada en conjunto por Alicia Fregonese, diputada nacional, y la Casa de Entre R\\u00edos.<\\\/span><\\\/div><\\\/div><\\\/div><\\\/section><\\\/div><\\\/div><\\\/div><\\\/div><\\\/div><div class=\\\"z-0 flex min-h-[46px] justify-start\\\">\\u00a0<\\\/div><\\\/div><\\\/div><p><strong>Consultas e Informaci\\u00f3n<\\\/strong><br \\\/>comunicacion@casadeentrerios.gov.ar<\\\/p><p><a href=\\\"https:\\\/\\\/www.casadeentrerios.gov.ar\\\/?p=21330\\\" target=\\\"_blank\\\" rel=\\\"noopener\\\"><b>+informaci\\u00f3n sobre el evento\\u00a0<\\\/b><\\\/a><\\\/p>\"}},{\"@type\":\"Question\",\"name\":\"VIE 29  - 18:00hs | 40\\u00b0 Asamblea General de FENAOMFRA\",\"acceptedAnswer\":{\"@type\":\"Answer\",\"text\":\"<div class=\\\"text-base my-auto mx-auto [--thread-content-margin:var(--thread-content-margin-xs,calc(var(--spacing)*4))] @w-sm\\\/main:[--thread-content-margin:var(--thread-content-margin-sm,calc(var(--spacing)*6))] @w-lg\\\/main:[--thread-content-margin:var(--thread-content-margin-lg,calc(var(--spacing)*16))] px-(--thread-content-margin)\\\"><div class=\\\"[--thread-content-max-width:40rem] @w-lg\\\/main:[--thread-content-max-width:48rem] mx-auto max-w-(--thread-content-max-width) flex-1 group\\\/turn-messages focus-visible:outline-hidden relative flex w-full min-w-0 flex-col agent-turn\\\"><div class=\\\"flex max-w-full flex-col gap-4 grow\\\"><div class=\\\"min-h-8 text-message relative flex w-full flex-col items-end gap-2 text-start break-words whitespace-normal outline-none keyboard-focused:focus-ring [.text-message+&amp;]:mt-1\\\" dir=\\\"auto\\\" data-message-author-role=\\\"assistant\\\" data-message-id=\\\"6be88b52-73e7-4369-bc8e-84fdf84c514b\\\" data-message-model-slug=\\\"gpt-5-3\\\"><div class=\\\"flex w-full flex-col gap-1 empty:hidden\\\"><div class=\\\"markdown prose dark:prose-invert w-full wrap-break-word dark markdown-new-styling\\\"><div class=\\\"flex flex-col text-sm pb-25\\\"><section class=\\\"text-token-text-primary w-full focus:outline-none [--shadow-height:45px] has-data-writing-block:pointer-events-none has-data-writing-block:-mt-(--shadow-height) has-data-writing-block:pt-(--shadow-height) [&amp;:has([data-writing-block])&gt;*]:pointer-events-auto scroll-mt-[calc(var(--header-height)+min(200px,max(70px,20svh)))]\\\" dir=\\\"auto\\\" data-turn-id=\\\"request-69e0caaa-6108-83e9-891f-42133ad7dbe7-8\\\" data-testid=\\\"conversation-turn-52\\\" data-scroll-anchor=\\\"true\\\" data-turn=\\\"assistant\\\"><div class=\\\"text-base my-auto mx-auto pb-10 [--thread-content-margin:var(--thread-content-margin-xs,calc(var(--spacing)*4))] @w-sm\\\/main:[--thread-content-margin:var(--thread-content-margin-sm,calc(var(--spacing)*6))] @w-lg\\\/main:[--thread-content-margin:var(--thread-content-margin-lg,calc(var(--spacing)*16))] px-(--thread-content-margin)\\\"><div class=\\\"[--thread-content-max-width:40rem] @w-lg\\\/main:[--thread-content-max-width:48rem] mx-auto max-w-(--thread-content-max-width) flex-1 group\\\/turn-messages focus-visible:outline-hidden relative flex w-full min-w-0 flex-col agent-turn\\\"><div class=\\\"flex max-w-full flex-col gap-4 grow\\\"><div class=\\\"min-h-8 text-message relative flex w-full flex-col items-end gap-2 text-start break-words whitespace-normal outline-none keyboard-focused:focus-ring [.text-message+&amp;]:mt-1\\\" dir=\\\"auto\\\" tabindex=\\\"0\\\" data-message-author-role=\\\"assistant\\\" data-message-id=\\\"4627a81c-e9a9-4d30-94bb-7358a74b8b2c\\\" data-message-model-slug=\\\"gpt-5-3\\\" data-turn-start-message=\\\"true\\\"><div class=\\\"flex w-full flex-col gap-1 empty:hidden\\\"><div class=\\\"markdown prose dark:prose-invert w-full wrap-break-word dark markdown-new-styling\\\">\\u00a0<\\\/div><\\\/div><\\\/div><\\\/div><div class=\\\"z-0 flex min-h-[46px] justify-start\\\">Con la presencia de autoridades y referentes del sector frutihort\\u00edcola de todo el pa\\u00eds, la Federaci\\u00f3n Nacional de Operadores de Mercados Frutihort\\u00edcolas de la Rep\\u00fablica Argentina (FENAOMFRA) realizar\\u00e1 su 40\\u00b0 Asamblea General Ordinaria, en el marco de una reuni\\u00f3n de la Junta Ejecutiva llevada a cabo en la sede de la Representaci\\u00f3n del Gobierno de Entre R\\u00edos en la Ciudad de Buenos Aires<\\\/div><\\\/div><\\\/div><\\\/section><\\\/div><\\\/div><\\\/div><\\\/div><\\\/div><div class=\\\"z-0 flex min-h-[46px] justify-start\\\">\\u00a0<\\\/div><\\\/div><\\\/div><p><strong>Consultas e Informaci\\u00f3n<\\\/strong><br \\\/>comunicacion@casadeentrerios.gov.ar<\\\/p>\"}}]}<\/script>\n\t\t\t\t\t<\/div>\n\t\t\t\t\t\t<\/div>\n\t\t\t\t<\/div>\n\t\t\t\t\t<\/div>\n\t\t<\/div>\n\t\t\t\t<div class=\"elementor-column elementor-col-16 elementor-top-column elementor-element elementor-element-2d95740\" data-id=\"2d95740\" data-element_type=\"column\" data-e-type=\"column\">\n\t\t\t<div class=\"elementor-widget-wrap\">\n\t\t\t\t\t\t\t<\/div>\n\t\t<\/div>\n\t\t\t\t\t<\/div>\n\t\t<\/section>\n\t\t\t\t<section class=\"elementor-section elementor-top-section elementor-element elementor-element-8648ddf elementor-hidden-desktop elementor-hidden-tablet elementor-hidden-mobile elementor-section-boxed elementor-section-height-default elementor-section-height-default\" data-id=\"8648ddf\" data-element_type=\"section\" data-e-type=\"section\">\n\t\t\t\t\t\t<div class=\"elementor-container elementor-column-gap-default\">\n\t\t\t\t\t<div class=\"elementor-column elementor-col-16 elementor-top-column elementor-element elementor-element-4189ec3\" data-id=\"4189ec3\" data-element_type=\"column\" data-e-type=\"column\">\n\t\t\t<div class=\"elementor-widget-wrap\">\n\t\t\t\t\t\t\t<\/div>\n\t\t<\/div>\n\t\t\t\t<div class=\"elementor-column elementor-col-66 elementor-top-column elementor-element elementor-element-cb4e2be\" data-id=\"cb4e2be\" data-element_type=\"column\" data-e-type=\"column\">\n\t\t\t<div class=\"elementor-widget-wrap elementor-element-populated\">\n\t\t\t\t\t\t<div class=\"elementor-element elementor-element-beca344 animated-slow elementor-invisible elementor-widget elementor-widget-heading\" data-id=\"beca344\" data-element_type=\"widget\" data-e-type=\"widget\" data-settings=\"{&quot;_animation&quot;:&quot;fadeIn&quot;}\" data-widget_type=\"heading.default\">\n\t\t\t\t<div class=\"elementor-widget-container\">\n\t\t\t\t\t<h2 class=\"elementor-heading-title elementor-size-default\">agenda junio<\/h2>\t\t\t\t<\/div>\n\t\t\t\t<\/div>\n\t\t\t\t\t<\/div>\n\t\t<\/div>\n\t\t\t\t<div class=\"elementor-column elementor-col-16 elementor-top-column elementor-element elementor-element-87fe38d\" data-id=\"87fe38d\" data-element_type=\"column\" data-e-type=\"column\">\n\t\t\t<div class=\"elementor-widget-wrap\">\n\t\t\t\t\t\t\t<\/div>\n\t\t<\/div>\n\t\t\t\t\t<\/div>\n\t\t<\/section>\n\t\t\t\t<section class=\"elementor-section elementor-top-section elementor-element elementor-element-843726a elementor-hidden-desktop elementor-hidden-tablet elementor-hidden-mobile elementor-section-boxed elementor-section-height-default elementor-section-height-default\" data-id=\"843726a\" data-element_type=\"section\" data-e-type=\"section\">\n\t\t\t\t\t\t<div class=\"elementor-container elementor-column-gap-default\">\n\t\t\t\t\t<div class=\"elementor-column elementor-col-16 elementor-top-column elementor-element elementor-element-1ebfe44\" data-id=\"1ebfe44\" data-element_type=\"column\" data-e-type=\"column\">\n\t\t\t<div class=\"elementor-widget-wrap\">\n\t\t\t\t\t\t\t<\/div>\n\t\t<\/div>\n\t\t\t\t<div class=\"elementor-column elementor-col-66 elementor-top-column elementor-element elementor-element-63a12df\" data-id=\"63a12df\" data-element_type=\"column\" data-e-type=\"column\">\n\t\t\t<div class=\"elementor-widget-wrap elementor-element-populated\">\n\t\t\t\t\t\t<div class=\"elementor-element elementor-element-08f3bee elementor-widget__width-initial elementor-widget elementor-widget-toggle\" data-id=\"08f3bee\" data-element_type=\"widget\" data-e-type=\"widget\" data-widget_type=\"toggle.default\">\n\t\t\t\t<div class=\"elementor-widget-container\">\n\t\t\t\t\t\t\t<div class=\"elementor-toggle\">\n\t\t\t\t\t\t\t<div class=\"elementor-toggle-item\">\n\t\t\t\t\t<div id=\"elementor-tab-title-9381\" class=\"elementor-tab-title\" data-tab=\"1\" role=\"button\" aria-controls=\"elementor-tab-content-9381\" aria-expanded=\"false\">\n\t\t\t\t\t\t\t\t\t\t\t\t<span class=\"elementor-toggle-icon elementor-toggle-icon-right\" aria-hidden=\"true\">\n\t\t\t\t\t\t\t\t\t\t\t\t\t\t\t<span class=\"elementor-toggle-icon-closed\"><svg xmlns=\"http:\/\/www.w3.org\/2000\/svg\" id=\"b64b7500-205e-4b4c-b85b-719c6b9efefc\" data-name=\"Layer 1\" width=\"14.6802\" height=\"7.5488\" viewBox=\"0 0 14.6802 7.5488\"><polygon points=\"7.34 7.549 0 0.732 0.681 0 7.34 6.184 14 0 14.68 0.732 7.34 7.549\"><\/polygon><\/svg><\/span>\n\t\t\t\t\t\t\t\t<span class=\"elementor-toggle-icon-opened\"><svg xmlns=\"http:\/\/www.w3.org\/2000\/svg\" id=\"a9a06c65-5466-4dff-9af0-1537f84a1b5f\" data-name=\"Layer 1\" width=\"14.6802\" height=\"7.5488\" viewBox=\"0 0 14.6802 7.5488\"><polygon points=\"7.34 0 14.68 6.816 14 7.549 7.34 1.365 0.68 7.549 0 6.816 7.34 0\"><\/polygon><\/svg><\/span>\n\t\t\t\t\t\t\t\t\t\t\t\t\t<\/span>\n\t\t\t\t\t\t\t\t\t\t\t\t<a class=\"elementor-toggle-title\" tabindex=\"0\">MIE 10  | 14:00hs Muestra \u201cOc\u00e9anos y Mares\u201d de M\u00f3nica Nogueira<\/a>\n\t\t\t\t\t<\/div>\n\n\t\t\t\t\t<div id=\"elementor-tab-content-9381\" class=\"elementor-tab-content elementor-clearfix\" data-tab=\"1\" role=\"region\" aria-labelledby=\"elementor-tab-title-9381\"><p data-start=\"88\" data-end=\"386\">La artista villaguayense M\u00f3nica Nogueira presentar\u00e1 \u201cOc\u00e9anos y Mares\u201d, una exposici\u00f3n inspirada en paisajes, colores y composiciones vinculadas al universo marino. La propuesta reunir\u00e1 obras que exploran distintas miradas sobre el agua y la naturaleza a trav\u00e9s del lenguaje art\u00edstico contempor\u00e1neo.<\/p><p><strong>Consultas e Informaci\u00f3n<\/strong><br \/>cercultura@gmail.com<\/p><p><strong>(*)<\/strong>\u00a0Actividad abierta al p\u00fablico y gratuita.<\/p><\/div>\n\t\t\t\t<\/div>\n\t\t\t\t\t\t\t<div class=\"elementor-toggle-item\">\n\t\t\t\t\t<div id=\"elementor-tab-title-9382\" class=\"elementor-tab-title\" data-tab=\"2\" role=\"button\" aria-controls=\"elementor-tab-content-9382\" aria-expanded=\"false\">\n\t\t\t\t\t\t\t\t\t\t\t\t<span class=\"elementor-toggle-icon elementor-toggle-icon-right\" aria-hidden=\"true\">\n\t\t\t\t\t\t\t\t\t\t\t\t\t\t\t<span class=\"elementor-toggle-icon-closed\"><svg xmlns=\"http:\/\/www.w3.org\/2000\/svg\" id=\"b64b7500-205e-4b4c-b85b-719c6b9efefc\" data-name=\"Layer 1\" width=\"14.6802\" height=\"7.5488\" viewBox=\"0 0 14.6802 7.5488\"><polygon points=\"7.34 7.549 0 0.732 0.681 0 7.34 6.184 14 0 14.68 0.732 7.34 7.549\"><\/polygon><\/svg><\/span>\n\t\t\t\t\t\t\t\t<span class=\"elementor-toggle-icon-opened\"><svg xmlns=\"http:\/\/www.w3.org\/2000\/svg\" id=\"a9a06c65-5466-4dff-9af0-1537f84a1b5f\" data-name=\"Layer 1\" width=\"14.6802\" height=\"7.5488\" viewBox=\"0 0 14.6802 7.5488\"><polygon points=\"7.34 0 14.68 6.816 14 7.549 7.34 1.365 0.68 7.549 0 6.816 7.34 0\"><\/polygon><\/svg><\/span>\n\t\t\t\t\t\t\t\t\t\t\t\t\t<\/span>\n\t\t\t\t\t\t\t\t\t\t\t\t<a class=\"elementor-toggle-title\" tabindex=\"0\">VIE 19 | 12:00hs Presentaci\u00f3n Temporada de Invierno Entre R\u00edos<\/a>\n\t\t\t\t\t<\/div>\n\n\t\t\t\t\t<div id=\"elementor-tab-content-9382\" class=\"elementor-tab-content elementor-clearfix\" data-tab=\"2\" role=\"region\" aria-labelledby=\"elementor-tab-title-9382\"><p>La presentaci\u00f3n oficial de la Temporada de Invierno 2026 de Entre R\u00edos se realizar\u00e1 el pr\u00f3ximo 19 de junio a las 12 horas y reunir\u00e1 a autoridades provinciales, referentes del sector tur\u00edstico, operadores, medios de comunicaci\u00f3n e invitados especiales. El encuentro tendr\u00e1 como objetivo dar a conocer las principales propuestas y experiencias que la provincia ofrecer\u00e1 durante la temporada invernal.<\/p><\/div>\n\t\t\t\t<\/div>\n\t\t\t\t\t\t\t<div class=\"elementor-toggle-item\">\n\t\t\t\t\t<div id=\"elementor-tab-title-9383\" class=\"elementor-tab-title\" data-tab=\"3\" role=\"button\" aria-controls=\"elementor-tab-content-9383\" aria-expanded=\"false\">\n\t\t\t\t\t\t\t\t\t\t\t\t<span class=\"elementor-toggle-icon elementor-toggle-icon-right\" aria-hidden=\"true\">\n\t\t\t\t\t\t\t\t\t\t\t\t\t\t\t<span class=\"elementor-toggle-icon-closed\"><svg xmlns=\"http:\/\/www.w3.org\/2000\/svg\" id=\"b64b7500-205e-4b4c-b85b-719c6b9efefc\" data-name=\"Layer 1\" width=\"14.6802\" height=\"7.5488\" viewBox=\"0 0 14.6802 7.5488\"><polygon points=\"7.34 7.549 0 0.732 0.681 0 7.34 6.184 14 0 14.68 0.732 7.34 7.549\"><\/polygon><\/svg><\/span>\n\t\t\t\t\t\t\t\t<span class=\"elementor-toggle-icon-opened\"><svg xmlns=\"http:\/\/www.w3.org\/2000\/svg\" id=\"a9a06c65-5466-4dff-9af0-1537f84a1b5f\" data-name=\"Layer 1\" width=\"14.6802\" height=\"7.5488\" viewBox=\"0 0 14.6802 7.5488\"><polygon points=\"7.34 0 14.68 6.816 14 7.549 7.34 1.365 0.68 7.549 0 6.816 7.34 0\"><\/polygon><\/svg><\/span>\n\t\t\t\t\t\t\t\t\t\t\t\t\t<\/span>\n\t\t\t\t\t\t\t\t\t\t\t\t<a class=\"elementor-toggle-title\" tabindex=\"0\">VIE 19 | 14:00hs Homenaje a Ligia Anad\u00f3n por sus 100 a\u00f1os<\/a>\n\t\t\t\t\t<\/div>\n\n\t\t\t\t\t<div id=\"elementor-tab-content-9383\" class=\"elementor-tab-content elementor-clearfix\" data-tab=\"3\" role=\"region\" aria-labelledby=\"elementor-tab-title-9383\"><p data-start=\"467\" data-end=\"763\">En el marco de su centenario, la escritora nacida en Rosario del Tala, Ligia Anad\u00f3n, presentar\u00e1 tres de sus obras y compartir\u00e1 un encuentro con el p\u00fablico en la Representaci\u00f3n del Gobierno de Entre R\u00edos en Buenos Aires. La actividad propone recorrer parte de su trayectoria literaria a trav\u00e9s de los libros <em>Los juguetes nacen ni\u00f1os<\/em>, <em>Estaci\u00f3n de las calandrias<\/em> y <em>Tiempo\u2026 alcanc\u00eda de eternidad<\/em>, en una jornada especialmente dedicada a celebrar sus cien a\u00f1os de vida y reconocer su aporte a la cultura y las letras entrerrianas.<\/p><p><strong>Consultas e Informaci\u00f3n<\/strong><br \/>cercultura@gmail.com<\/p><p><strong>(*)<\/strong>\u00a0Actividad abierta al p\u00fablico y gratuita.<\/p><\/div>\n\t\t\t\t<\/div>\n\t\t\t\t\t\t\t<div class=\"elementor-toggle-item\">\n\t\t\t\t\t<div id=\"elementor-tab-title-9384\" class=\"elementor-tab-title\" data-tab=\"4\" role=\"button\" aria-controls=\"elementor-tab-content-9384\" aria-expanded=\"false\">\n\t\t\t\t\t\t\t\t\t\t\t\t<span class=\"elementor-toggle-icon elementor-toggle-icon-right\" aria-hidden=\"true\">\n\t\t\t\t\t\t\t\t\t\t\t\t\t\t\t<span class=\"elementor-toggle-icon-closed\"><svg xmlns=\"http:\/\/www.w3.org\/2000\/svg\" id=\"b64b7500-205e-4b4c-b85b-719c6b9efefc\" data-name=\"Layer 1\" width=\"14.6802\" height=\"7.5488\" viewBox=\"0 0 14.6802 7.5488\"><polygon points=\"7.34 7.549 0 0.732 0.681 0 7.34 6.184 14 0 14.68 0.732 7.34 7.549\"><\/polygon><\/svg><\/span>\n\t\t\t\t\t\t\t\t<span class=\"elementor-toggle-icon-opened\"><svg xmlns=\"http:\/\/www.w3.org\/2000\/svg\" id=\"a9a06c65-5466-4dff-9af0-1537f84a1b5f\" data-name=\"Layer 1\" width=\"14.6802\" height=\"7.5488\" viewBox=\"0 0 14.6802 7.5488\"><polygon points=\"7.34 0 14.68 6.816 14 7.549 7.34 1.365 0.68 7.549 0 6.816 7.34 0\"><\/polygon><\/svg><\/span>\n\t\t\t\t\t\t\t\t\t\t\t\t\t<\/span>\n\t\t\t\t\t\t\t\t\t\t\t\t<a class=\"elementor-toggle-title\" tabindex=\"0\">MIE 24 | 19:00hs \u201cCarnavales Europeos\u201d \u2013 Muestra cultural internacional<\/a>\n\t\t\t\t\t<\/div>\n\n\t\t\t\t\t<div id=\"elementor-tab-content-9384\" class=\"elementor-tab-content elementor-clearfix\" data-tab=\"4\" role=\"region\" aria-labelledby=\"elementor-tab-title-9384\"><p class=\"isSelectedEnd\">La propuesta \u201cCarnavales de Europa a Am\u00e9rica Latina: M\u00e1scaras Sin Fronteras\u201d invita a recorrer distintas tradiciones carnavalescas europeas a trav\u00e9s de una exhibici\u00f3n vinculada a la m\u00fasica, las m\u00e1scaras, el vestuario y las expresiones culturales que caracterizan estas celebraciones. La actividad propone un espacio de encuentro e intercambio cultural abierto a la comunidad.<\/p><p>Tras su paso por Gualeguaych\u00fa, Concordia y Paran\u00e1, la muestra llega a la Ciudad de Buenos Aires como cierre de su recorrido. La iniciativa es organizada por las Embajadas de Austria, B\u00e9lgica, Bulgaria, Chipre, Croacia, Eslovenia, Grecia, Polonia y Portugal en la Rep\u00fablica Argentina, junto a la Secretar\u00eda de Cultura de Entre R\u00edos y la Representaci\u00f3n del Gobierno de Entre R\u00edos en Buenos Aires.<\/p><\/div>\n\t\t\t\t<\/div>\n\t\t\t\t\t\t\t<div class=\"elementor-toggle-item\">\n\t\t\t\t\t<div id=\"elementor-tab-title-9385\" class=\"elementor-tab-title\" data-tab=\"5\" role=\"button\" aria-controls=\"elementor-tab-content-9385\" aria-expanded=\"false\">\n\t\t\t\t\t\t\t\t\t\t\t\t<span class=\"elementor-toggle-icon elementor-toggle-icon-right\" aria-hidden=\"true\">\n\t\t\t\t\t\t\t\t\t\t\t\t\t\t\t<span class=\"elementor-toggle-icon-closed\"><svg xmlns=\"http:\/\/www.w3.org\/2000\/svg\" id=\"b64b7500-205e-4b4c-b85b-719c6b9efefc\" data-name=\"Layer 1\" width=\"14.6802\" height=\"7.5488\" viewBox=\"0 0 14.6802 7.5488\"><polygon points=\"7.34 7.549 0 0.732 0.681 0 7.34 6.184 14 0 14.68 0.732 7.34 7.549\"><\/polygon><\/svg><\/span>\n\t\t\t\t\t\t\t\t<span class=\"elementor-toggle-icon-opened\"><svg xmlns=\"http:\/\/www.w3.org\/2000\/svg\" id=\"a9a06c65-5466-4dff-9af0-1537f84a1b5f\" data-name=\"Layer 1\" width=\"14.6802\" height=\"7.5488\" viewBox=\"0 0 14.6802 7.5488\"><polygon points=\"7.34 0 14.68 6.816 14 7.549 7.34 1.365 0.68 7.549 0 6.816 7.34 0\"><\/polygon><\/svg><\/span>\n\t\t\t\t\t\t\t\t\t\t\t\t\t<\/span>\n\t\t\t\t\t\t\t\t\t\t\t\t<a class=\"elementor-toggle-title\" tabindex=\"0\">JUE 25 | 18:00hs Turismo de Reuniones y Eventos \u2013 EMCONTUR<\/a>\n\t\t\t\t\t<\/div>\n\n\t\t\t\t\t<div id=\"elementor-tab-content-9385\" class=\"elementor-tab-content elementor-clearfix\" data-tab=\"5\" role=\"region\" aria-labelledby=\"elementor-tab-title-9385\"><p>Concordia realizar\u00e1 un encuentro orientado a hosted buyers y referentes del segmento MICE, con el objetivo de promover el turismo de reuniones y fortalecer el posicionamiento de la ciudad como sede de congresos y eventos. La actividad incluir\u00e1 espacios de networking, gastronom\u00eda regional y experiencias vinculadas a la identidad local.<\/p><p>La iniciativa forma parte de las acciones de promoci\u00f3n tur\u00edstica que Concordia viene desarrollando para potenciar su perfil dentro del turismo de reuniones, uno de los segmentos con mayor crecimiento e impacto econ\u00f3mico a nivel nacional e internacional.<\/p><p><strong>Consultas e Informaci\u00f3n<\/strong><br \/>cercultura@gmail.com<\/p><p><strong>(*)<\/strong>\u00a0Actividad abierta al p\u00fablico y gratuita.<\/p><\/div>\n\t\t\t\t<\/div>\n\t\t\t\t\t\t\t\t\t\t<script type=\"application\/ld+json\">{\"@context\":\"https:\\\/\\\/schema.org\",\"@type\":\"FAQPage\",\"mainEntity\":[{\"@type\":\"Question\",\"name\":\"MIE 10  | 14:00hs Muestra \\u201cOc\\u00e9anos y Mares\\u201d de M\\u00f3nica Nogueira\",\"acceptedAnswer\":{\"@type\":\"Answer\",\"text\":\"<p data-start=\\\"88\\\" data-end=\\\"386\\\">La artista villaguayense M\\u00f3nica Nogueira presentar\\u00e1 \\u201cOc\\u00e9anos y Mares\\u201d, una exposici\\u00f3n inspirada en paisajes, colores y composiciones vinculadas al universo marino. La propuesta reunir\\u00e1 obras que exploran distintas miradas sobre el agua y la naturaleza a trav\\u00e9s del lenguaje art\\u00edstico contempor\\u00e1neo.<\\\/p><p><strong>Consultas e Informaci\\u00f3n<\\\/strong><br \\\/>cercultura@gmail.com<\\\/p><p><strong>(*)<\\\/strong>\\u00a0Actividad abierta al p\\u00fablico y gratuita.<\\\/p>\"}},{\"@type\":\"Question\",\"name\":\"VIE 19 | 12:00hs Presentaci\\u00f3n Temporada de Invierno Entre R\\u00edos\",\"acceptedAnswer\":{\"@type\":\"Answer\",\"text\":\"<p>La presentaci\\u00f3n oficial de la Temporada de Invierno 2026 de Entre R\\u00edos se realizar\\u00e1 el pr\\u00f3ximo 19 de junio a las 12 horas y reunir\\u00e1 a autoridades provinciales, referentes del sector tur\\u00edstico, operadores, medios de comunicaci\\u00f3n e invitados especiales. El encuentro tendr\\u00e1 como objetivo dar a conocer las principales propuestas y experiencias que la provincia ofrecer\\u00e1 durante la temporada invernal.<\\\/p>\"}},{\"@type\":\"Question\",\"name\":\"VIE 19 | 14:00hs Homenaje a Ligia Anad\\u00f3n por sus 100 a\\u00f1os\",\"acceptedAnswer\":{\"@type\":\"Answer\",\"text\":\"<p data-start=\\\"467\\\" data-end=\\\"763\\\">En el marco de su centenario, la escritora nacida en Rosario del Tala, Ligia Anad\\u00f3n, presentar\\u00e1 tres de sus obras y compartir\\u00e1 un encuentro con el p\\u00fablico en la Representaci\\u00f3n del Gobierno de Entre R\\u00edos en Buenos Aires. La actividad propone recorrer parte de su trayectoria literaria a trav\\u00e9s de los libros <em>Los juguetes nacen ni\\u00f1os<\\\/em>, <em>Estaci\\u00f3n de las calandrias<\\\/em> y <em>Tiempo\\u2026 alcanc\\u00eda de eternidad<\\\/em>, en una jornada especialmente dedicada a celebrar sus cien a\\u00f1os de vida y reconocer su aporte a la cultura y las letras entrerrianas.<\\\/p><p><strong>Consultas e Informaci\\u00f3n<\\\/strong><br \\\/>cercultura@gmail.com<\\\/p><p><strong>(*)<\\\/strong>\\u00a0Actividad abierta al p\\u00fablico y gratuita.<\\\/p>\"}},{\"@type\":\"Question\",\"name\":\"MIE 24 | 19:00hs \\u201cCarnavales Europeos\\u201d \\u2013 Muestra cultural internacional\",\"acceptedAnswer\":{\"@type\":\"Answer\",\"text\":\"<p class=\\\"isSelectedEnd\\\">La propuesta \\u201cCarnavales de Europa a Am\\u00e9rica Latina: M\\u00e1scaras Sin Fronteras\\u201d invita a recorrer distintas tradiciones carnavalescas europeas a trav\\u00e9s de una exhibici\\u00f3n vinculada a la m\\u00fasica, las m\\u00e1scaras, el vestuario y las expresiones culturales que caracterizan estas celebraciones. La actividad propone un espacio de encuentro e intercambio cultural abierto a la comunidad.<\\\/p><p>Tras su paso por Gualeguaych\\u00fa, Concordia y Paran\\u00e1, la muestra llega a la Ciudad de Buenos Aires como cierre de su recorrido. La iniciativa es organizada por las Embajadas de Austria, B\\u00e9lgica, Bulgaria, Chipre, Croacia, Eslovenia, Grecia, Polonia y Portugal en la Rep\\u00fablica Argentina, junto a la Secretar\\u00eda de Cultura de Entre R\\u00edos y la Representaci\\u00f3n del Gobierno de Entre R\\u00edos en Buenos Aires.<\\\/p>\"}},{\"@type\":\"Question\",\"name\":\"JUE 25 | 18:00hs Turismo de Reuniones y Eventos \\u2013 EMCONTUR\",\"acceptedAnswer\":{\"@type\":\"Answer\",\"text\":\"<p>Concordia realizar\\u00e1 un encuentro orientado a hosted buyers y referentes del segmento MICE, con el objetivo de promover el turismo de reuniones y fortalecer el posicionamiento de la ciudad como sede de congresos y eventos. La actividad incluir\\u00e1 espacios de networking, gastronom\\u00eda regional y experiencias vinculadas a la identidad local.<\\\/p><p>La iniciativa forma parte de las acciones de promoci\\u00f3n tur\\u00edstica que Concordia viene desarrollando para potenciar su perfil dentro del turismo de reuniones, uno de los segmentos con mayor crecimiento e impacto econ\\u00f3mico a nivel nacional e internacional.<\\\/p><p><strong>Consultas e Informaci\\u00f3n<\\\/strong><br \\\/>cercultura@gmail.com<\\\/p><p><strong>(*)<\\\/strong>\\u00a0Actividad abierta al p\\u00fablico y gratuita.<\\\/p>\"}}]}<\/script>\n\t\t\t\t\t<\/div>\n\t\t\t\t\t\t<\/div>\n\t\t\t\t<\/div>\n\t\t\t\t\t<\/div>\n\t\t<\/div>\n\t\t\t\t<div class=\"elementor-column elementor-col-16 elementor-top-column elementor-element elementor-element-488f964\" data-id=\"488f964\" data-element_type=\"column\" data-e-type=\"column\">\n\t\t\t<div class=\"elementor-widget-wrap\">\n\t\t\t\t\t\t\t<\/div>\n\t\t<\/div>\n\t\t\t\t\t<\/div>\n\t\t<\/section>\n\t\t\t\t<section class=\"elementor-section elementor-top-section elementor-element elementor-element-b260436 elementor-hidden-desktop elementor-hidden-tablet elementor-hidden-mobile elementor-section-boxed elementor-section-height-default elementor-section-height-default\" data-id=\"b260436\" data-element_type=\"section\" data-e-type=\"section\">\n\t\t\t\t\t\t<div class=\"elementor-container elementor-column-gap-default\">\n\t\t\t\t\t<div class=\"elementor-column elementor-col-16 elementor-top-column elementor-element elementor-element-ff9474c\" data-id=\"ff9474c\" data-element_type=\"column\" data-e-type=\"column\">\n\t\t\t<div class=\"elementor-widget-wrap\">\n\t\t\t\t\t\t\t<\/div>\n\t\t<\/div>\n\t\t\t\t<div class=\"elementor-column elementor-col-66 elementor-top-column elementor-element elementor-element-436fbc1\" data-id=\"436fbc1\" data-element_type=\"column\" data-e-type=\"column\">\n\t\t\t<div class=\"elementor-widget-wrap elementor-element-populated\">\n\t\t\t\t\t\t<div class=\"elementor-element elementor-element-920f375 animated-slow elementor-invisible elementor-widget elementor-widget-heading\" data-id=\"920f375\" data-element_type=\"widget\" data-e-type=\"widget\" data-settings=\"{&quot;_animation&quot;:&quot;fadeIn&quot;}\" data-widget_type=\"heading.default\">\n\t\t\t\t<div class=\"elementor-widget-container\">\n\t\t\t\t\t<h2 class=\"elementor-heading-title elementor-size-default\">agenda julio<\/h2>\t\t\t\t<\/div>\n\t\t\t\t<\/div>\n\t\t\t\t\t<\/div>\n\t\t<\/div>\n\t\t\t\t<div class=\"elementor-column elementor-col-16 elementor-top-column elementor-element elementor-element-aa1b8ec\" data-id=\"aa1b8ec\" data-element_type=\"column\" data-e-type=\"column\">\n\t\t\t<div class=\"elementor-widget-wrap\">\n\t\t\t\t\t\t\t<\/div>\n\t\t<\/div>\n\t\t\t\t\t<\/div>\n\t\t<\/section>\n\t\t\t\t<section class=\"elementor-section elementor-top-section elementor-element elementor-element-f00db2d elementor-hidden-desktop elementor-hidden-tablet elementor-hidden-mobile elementor-section-boxed elementor-section-height-default elementor-section-height-default\" data-id=\"f00db2d\" data-element_type=\"section\" data-e-type=\"section\">\n\t\t\t\t\t\t<div class=\"elementor-container elementor-column-gap-default\">\n\t\t\t\t\t<div class=\"elementor-column elementor-col-16 elementor-top-column elementor-element elementor-element-806905a\" data-id=\"806905a\" data-element_type=\"column\" data-e-type=\"column\">\n\t\t\t<div class=\"elementor-widget-wrap\">\n\t\t\t\t\t\t\t<\/div>\n\t\t<\/div>\n\t\t\t\t<div class=\"elementor-column elementor-col-66 elementor-top-column elementor-element elementor-element-9102600\" data-id=\"9102600\" data-element_type=\"column\" data-e-type=\"column\">\n\t\t\t<div class=\"elementor-widget-wrap elementor-element-populated\">\n\t\t\t\t\t\t<div class=\"elementor-element elementor-element-ffe27de elementor-widget__width-initial elementor-widget elementor-widget-toggle\" data-id=\"ffe27de\" data-element_type=\"widget\" data-e-type=\"widget\" data-widget_type=\"toggle.default\">\n\t\t\t\t<div class=\"elementor-widget-container\">\n\t\t\t\t\t\t\t<div class=\"elementor-toggle\">\n\t\t\t\t\t\t\t<div class=\"elementor-toggle-item\">\n\t\t\t\t\t<div id=\"elementor-tab-title-2681\" class=\"elementor-tab-title\" data-tab=\"1\" role=\"button\" aria-controls=\"elementor-tab-content-2681\" aria-expanded=\"false\">\n\t\t\t\t\t\t\t\t\t\t\t\t<span class=\"elementor-toggle-icon elementor-toggle-icon-right\" aria-hidden=\"true\">\n\t\t\t\t\t\t\t\t\t\t\t\t\t\t\t<span class=\"elementor-toggle-icon-closed\"><svg xmlns=\"http:\/\/www.w3.org\/2000\/svg\" id=\"b64b7500-205e-4b4c-b85b-719c6b9efefc\" data-name=\"Layer 1\" width=\"14.6802\" height=\"7.5488\" viewBox=\"0 0 14.6802 7.5488\"><polygon points=\"7.34 7.549 0 0.732 0.681 0 7.34 6.184 14 0 14.68 0.732 7.34 7.549\"><\/polygon><\/svg><\/span>\n\t\t\t\t\t\t\t\t<span class=\"elementor-toggle-icon-opened\"><svg xmlns=\"http:\/\/www.w3.org\/2000\/svg\" id=\"a9a06c65-5466-4dff-9af0-1537f84a1b5f\" data-name=\"Layer 1\" width=\"14.6802\" height=\"7.5488\" viewBox=\"0 0 14.6802 7.5488\"><polygon points=\"7.34 0 14.68 6.816 14 7.549 7.34 1.365 0.68 7.549 0 6.816 7.34 0\"><\/polygon><\/svg><\/span>\n\t\t\t\t\t\t\t\t\t\t\t\t\t<\/span>\n\t\t\t\t\t\t\t\t\t\t\t\t<a class=\"elementor-toggle-title\" tabindex=\"0\">JUE 02  | 14:30hs Presentaci\u00f3n \"Brasa y Botella \u2013 Festival de Carnes\"<\/a>\n\t\t\t\t\t<\/div>\n\n\t\t\t\t\t<div id=\"elementor-tab-content-2681\" class=\"elementor-tab-content elementor-clearfix\" data-tab=\"1\" role=\"region\" aria-labelledby=\"elementor-tab-title-2681\"><p data-start=\"88\" data-end=\"386\">Se presentar\u00e1 oficialmente la primera edici\u00f3n de <strong data-start=\"166\" data-end=\"206\">Brasa y Botella \u2013 Festival de Carnes<\/strong>, un encuentro que pondr\u00e1 en valor la gastronom\u00eda entrerriana, la producci\u00f3n regional y la identidad de Pueblo General Belgrano. La actividad reunir\u00e1 a referentes del sector, productores y p\u00fablico interesado en una propuesta que combina tradici\u00f3n, turismo y sabores locales.<\/p><\/div>\n\t\t\t\t<\/div>\n\t\t\t\t\t\t\t<div class=\"elementor-toggle-item\">\n\t\t\t\t\t<div id=\"elementor-tab-title-2682\" class=\"elementor-tab-title\" data-tab=\"2\" role=\"button\" aria-controls=\"elementor-tab-content-2682\" aria-expanded=\"false\">\n\t\t\t\t\t\t\t\t\t\t\t\t<span class=\"elementor-toggle-icon elementor-toggle-icon-right\" aria-hidden=\"true\">\n\t\t\t\t\t\t\t\t\t\t\t\t\t\t\t<span class=\"elementor-toggle-icon-closed\"><svg xmlns=\"http:\/\/www.w3.org\/2000\/svg\" id=\"b64b7500-205e-4b4c-b85b-719c6b9efefc\" data-name=\"Layer 1\" width=\"14.6802\" height=\"7.5488\" viewBox=\"0 0 14.6802 7.5488\"><polygon points=\"7.34 7.549 0 0.732 0.681 0 7.34 6.184 14 0 14.68 0.732 7.34 7.549\"><\/polygon><\/svg><\/span>\n\t\t\t\t\t\t\t\t<span class=\"elementor-toggle-icon-opened\"><svg xmlns=\"http:\/\/www.w3.org\/2000\/svg\" id=\"a9a06c65-5466-4dff-9af0-1537f84a1b5f\" data-name=\"Layer 1\" width=\"14.6802\" height=\"7.5488\" viewBox=\"0 0 14.6802 7.5488\"><polygon points=\"7.34 0 14.68 6.816 14 7.549 7.34 1.365 0.68 7.549 0 6.816 7.34 0\"><\/polygon><\/svg><\/span>\n\t\t\t\t\t\t\t\t\t\t\t\t\t<\/span>\n\t\t\t\t\t\t\t\t\t\t\t\t<a class=\"elementor-toggle-title\" tabindex=\"0\">MAR 14 | 14:00hs - Concierto de viol\u00edn de Luj\u00e1n Garc\u00eda Mi\u00f1o  <\/a>\n\t\t\t\t\t<\/div>\n\n\t\t\t\t\t<div id=\"elementor-tab-content-2682\" class=\"elementor-tab-content elementor-clearfix\" data-tab=\"2\" role=\"region\" aria-labelledby=\"elementor-tab-title-2682\"><p>La joven violinista entrerriana <strong data-start=\"1046\" data-end=\"1067\">Luj\u00e1n Garc\u00eda Mi\u00f1o<\/strong>, oriunda de Paran\u00e1, ofrecer\u00e1 un concierto con un repertorio de m\u00fasica cl\u00e1sica. La presentaci\u00f3n permitir\u00e1 disfrutar del talento de una de las nuevas exponentes de la escena musical de la provincia.<\/p><\/div>\n\t\t\t\t<\/div>\n\t\t\t\t\t\t\t<div class=\"elementor-toggle-item\">\n\t\t\t\t\t<div id=\"elementor-tab-title-2683\" class=\"elementor-tab-title\" data-tab=\"3\" role=\"button\" aria-controls=\"elementor-tab-content-2683\" aria-expanded=\"false\">\n\t\t\t\t\t\t\t\t\t\t\t\t<span class=\"elementor-toggle-icon elementor-toggle-icon-right\" aria-hidden=\"true\">\n\t\t\t\t\t\t\t\t\t\t\t\t\t\t\t<span class=\"elementor-toggle-icon-closed\"><svg xmlns=\"http:\/\/www.w3.org\/2000\/svg\" id=\"b64b7500-205e-4b4c-b85b-719c6b9efefc\" data-name=\"Layer 1\" width=\"14.6802\" height=\"7.5488\" viewBox=\"0 0 14.6802 7.5488\"><polygon points=\"7.34 7.549 0 0.732 0.681 0 7.34 6.184 14 0 14.68 0.732 7.34 7.549\"><\/polygon><\/svg><\/span>\n\t\t\t\t\t\t\t\t<span class=\"elementor-toggle-icon-opened\"><svg xmlns=\"http:\/\/www.w3.org\/2000\/svg\" id=\"a9a06c65-5466-4dff-9af0-1537f84a1b5f\" data-name=\"Layer 1\" width=\"14.6802\" height=\"7.5488\" viewBox=\"0 0 14.6802 7.5488\"><polygon points=\"7.34 0 14.68 6.816 14 7.549 7.34 1.365 0.68 7.549 0 6.816 7.34 0\"><\/polygon><\/svg><\/span>\n\t\t\t\t\t\t\t\t\t\t\t\t\t<\/span>\n\t\t\t\t\t\t\t\t\t\t\t\t<a class=\"elementor-toggle-title\" tabindex=\"0\">JUE 16 | 16:00hs  Muestra de arte \"Long Play\" \u2013 3.\u00aa edici\u00f3n<\/a>\n\t\t\t\t\t<\/div>\n\n\t\t\t\t\t<div id=\"elementor-tab-content-2683\" class=\"elementor-tab-content elementor-clearfix\" data-tab=\"3\" role=\"region\" aria-labelledby=\"elementor-tab-title-2683\"><p>Con idea y direcci\u00f3n art\u00edstica de la entrerriana <strong data-start=\"233\" data-end=\"251\">Marta Elisetch<\/strong>, se inaugurar\u00e1 la tercera edici\u00f3n de <strong data-start=\"289\" data-end=\"311\">Proyecto Long Play<\/strong>, una muestra colectiva que fusiona arte visual y m\u00fasica mediante intervenciones art\u00edsticas realizadas sobre discos de vinilo. La propuesta re\u00fane a artistas de distintas disciplinas y promueve la creatividad, la producci\u00f3n contempor\u00e1nea y el intercambio cultural.<\/p><\/div>\n\t\t\t\t<\/div>\n\t\t\t\t\t\t\t<div class=\"elementor-toggle-item\">\n\t\t\t\t\t<div id=\"elementor-tab-title-2684\" class=\"elementor-tab-title\" data-tab=\"4\" role=\"button\" aria-controls=\"elementor-tab-content-2684\" aria-expanded=\"false\">\n\t\t\t\t\t\t\t\t\t\t\t\t<span class=\"elementor-toggle-icon elementor-toggle-icon-right\" aria-hidden=\"true\">\n\t\t\t\t\t\t\t\t\t\t\t\t\t\t\t<span class=\"elementor-toggle-icon-closed\"><svg xmlns=\"http:\/\/www.w3.org\/2000\/svg\" id=\"b64b7500-205e-4b4c-b85b-719c6b9efefc\" data-name=\"Layer 1\" width=\"14.6802\" height=\"7.5488\" viewBox=\"0 0 14.6802 7.5488\"><polygon points=\"7.34 7.549 0 0.732 0.681 0 7.34 6.184 14 0 14.68 0.732 7.34 7.549\"><\/polygon><\/svg><\/span>\n\t\t\t\t\t\t\t\t<span class=\"elementor-toggle-icon-opened\"><svg xmlns=\"http:\/\/www.w3.org\/2000\/svg\" id=\"a9a06c65-5466-4dff-9af0-1537f84a1b5f\" data-name=\"Layer 1\" width=\"14.6802\" height=\"7.5488\" viewBox=\"0 0 14.6802 7.5488\"><polygon points=\"7.34 0 14.68 6.816 14 7.549 7.34 1.365 0.68 7.549 0 6.816 7.34 0\"><\/polygon><\/svg><\/span>\n\t\t\t\t\t\t\t\t\t\t\t\t\t<\/span>\n\t\t\t\t\t\t\t\t\t\t\t\t<a class=\"elementor-toggle-title\" tabindex=\"0\">VIE 24 | 17:00hs Muestra de arte \"Unidos en la Cultura III\"<\/a>\n\t\t\t\t\t<\/div>\n\n\t\t\t\t\t<div id=\"elementor-tab-content-2684\" class=\"elementor-tab-content elementor-clearfix\" data-tab=\"4\" role=\"region\" aria-labelledby=\"elementor-tab-title-2684\"><p>La Casa de Entre R\u00edos recibir\u00e1 la exposici\u00f3n <strong data-start=\"1933\" data-end=\"1963\">\u00abUnidos en la Cultura III\u00bb<\/strong>, una muestra colectiva de artistas pl\u00e1sticos latinoamericanos que se desarrollar\u00e1 en el marco de la <strong data-start=\"2064\" data-end=\"2108\">Jornada de la Peruanidad en la Argentina<\/strong>, promoviendo el intercambio cultural y el fortalecimiento de los lazos entre los pueblos de la regi\u00f3n.<\/p><\/div>\n\t\t\t\t<\/div>\n\t\t\t\t\t\t\t\t\t\t<script type=\"application\/ld+json\">{\"@context\":\"https:\\\/\\\/schema.org\",\"@type\":\"FAQPage\",\"mainEntity\":[{\"@type\":\"Question\",\"name\":\"JUE 02  | 14:30hs Presentaci\\u00f3n \\\"Brasa y Botella \\u2013 Festival de Carnes\\\"\",\"acceptedAnswer\":{\"@type\":\"Answer\",\"text\":\"<p data-start=\\\"88\\\" data-end=\\\"386\\\">Se presentar\\u00e1 oficialmente la primera edici\\u00f3n de <strong data-start=\\\"166\\\" data-end=\\\"206\\\">Brasa y Botella \\u2013 Festival de Carnes<\\\/strong>, un encuentro que pondr\\u00e1 en valor la gastronom\\u00eda entrerriana, la producci\\u00f3n regional y la identidad de Pueblo General Belgrano. La actividad reunir\\u00e1 a referentes del sector, productores y p\\u00fablico interesado en una propuesta que combina tradici\\u00f3n, turismo y sabores locales.<\\\/p>\"}},{\"@type\":\"Question\",\"name\":\"MAR 14 | 14:00hs - Concierto de viol\\u00edn de Luj\\u00e1n Garc\\u00eda Mi\\u00f1o\",\"acceptedAnswer\":{\"@type\":\"Answer\",\"text\":\"<p>La joven violinista entrerriana <strong data-start=\\\"1046\\\" data-end=\\\"1067\\\">Luj\\u00e1n Garc\\u00eda Mi\\u00f1o<\\\/strong>, oriunda de Paran\\u00e1, ofrecer\\u00e1 un concierto con un repertorio de m\\u00fasica cl\\u00e1sica. La presentaci\\u00f3n permitir\\u00e1 disfrutar del talento de una de las nuevas exponentes de la escena musical de la provincia.<\\\/p>\"}},{\"@type\":\"Question\",\"name\":\"JUE 16 | 16:00hs  Muestra de arte \\\"Long Play\\\" \\u2013 3.\\u00aa edici\\u00f3n\",\"acceptedAnswer\":{\"@type\":\"Answer\",\"text\":\"<p>Con idea y direcci\\u00f3n art\\u00edstica de la entrerriana <strong data-start=\\\"233\\\" data-end=\\\"251\\\">Marta Elisetch<\\\/strong>, se inaugurar\\u00e1 la tercera edici\\u00f3n de <strong data-start=\\\"289\\\" data-end=\\\"311\\\">Proyecto Long Play<\\\/strong>, una muestra colectiva que fusiona arte visual y m\\u00fasica mediante intervenciones art\\u00edsticas realizadas sobre discos de vinilo. La propuesta re\\u00fane a artistas de distintas disciplinas y promueve la creatividad, la producci\\u00f3n contempor\\u00e1nea y el intercambio cultural.<\\\/p>\"}},{\"@type\":\"Question\",\"name\":\"VIE 24 | 17:00hs Muestra de arte \\\"Unidos en la Cultura III\\\"\",\"acceptedAnswer\":{\"@type\":\"Answer\",\"text\":\"<p>La Casa de Entre R\\u00edos recibir\\u00e1 la exposici\\u00f3n <strong data-start=\\\"1933\\\" data-end=\\\"1963\\\">\\u00abUnidos en la Cultura III\\u00bb<\\\/strong>, una muestra colectiva de artistas pl\\u00e1sticos latinoamericanos que se desarrollar\\u00e1 en el marco de la <strong data-start=\\\"2064\\\" data-end=\\\"2108\\\">Jornada de la Peruanidad en la Argentina<\\\/strong>, promoviendo el intercambio cultural y el fortalecimiento de los lazos entre los pueblos de la regi\\u00f3n.<\\\/p>\"}}]}<\/script>\n\t\t\t\t\t<\/div>\n\t\t\t\t\t\t<\/div>\n\t\t\t\t<\/div>\n\t\t\t\t\t<\/div>\n\t\t<\/div>\n\t\t\t\t<div class=\"elementor-column elementor-col-16 elementor-top-column elementor-element elementor-element-9eb4419\" data-id=\"9eb4419\" data-element_type=\"column\" data-e-type=\"column\">\n\t\t\t<div class=\"elementor-widget-wrap\">\n\t\t\t\t\t\t\t<\/div>\n\t\t<\/div>\n\t\t\t\t\t<\/div>\n\t\t<\/section>\n\t\t\t\t<section class=\"elementor-section elementor-top-section elementor-element elementor-element-27c9b2f elementor-hidden-desktop elementor-hidden-tablet elementor-hidden-mobile elementor-section-boxed elementor-section-height-default elementor-section-height-default\" data-id=\"27c9b2f\" data-element_type=\"section\" data-e-type=\"section\">\n\t\t\t\t\t\t<div class=\"elementor-container elementor-column-gap-default\">\n\t\t\t\t\t<div class=\"elementor-column elementor-col-16 elementor-top-column elementor-element elementor-element-5f25aa3\" data-id=\"5f25aa3\" data-element_type=\"column\" data-e-type=\"column\">\n\t\t\t<div class=\"elementor-widget-wrap\">\n\t\t\t\t\t\t\t<\/div>\n\t\t<\/div>\n\t\t\t\t<div class=\"elementor-column elementor-col-66 elementor-top-column elementor-element elementor-element-b77218e\" data-id=\"b77218e\" data-element_type=\"column\" data-e-type=\"column\">\n\t\t\t<div class=\"elementor-widget-wrap elementor-element-populated\">\n\t\t\t\t\t\t<div class=\"elementor-element elementor-element-3a1bfd1 animated-slow elementor-invisible elementor-widget elementor-widget-heading\" data-id=\"3a1bfd1\" data-element_type=\"widget\" data-e-type=\"widget\" data-settings=\"{&quot;_animation&quot;:&quot;fadeIn&quot;}\" data-widget_type=\"heading.default\">\n\t\t\t\t<div class=\"elementor-widget-container\">\n\t\t\t\t\t<h2 class=\"elementor-heading-title elementor-size-default\">agenda Agosto<\/h2>\t\t\t\t<\/div>\n\t\t\t\t<\/div>\n\t\t\t\t\t<\/div>\n\t\t<\/div>\n\t\t\t\t<div class=\"elementor-column elementor-col-16 elementor-top-column elementor-element elementor-element-f393048\" data-id=\"f393048\" data-element_type=\"column\" data-e-type=\"column\">\n\t\t\t<div class=\"elementor-widget-wrap\">\n\t\t\t\t\t\t\t<\/div>\n\t\t<\/div>\n\t\t\t\t\t<\/div>\n\t\t<\/section>\n\t\t\t\t<section class=\"elementor-section elementor-top-section elementor-element elementor-element-e4ca055 elementor-hidden-desktop elementor-hidden-tablet elementor-hidden-mobile elementor-section-boxed elementor-section-height-default elementor-section-height-default\" data-id=\"e4ca055\" data-element_type=\"section\" data-e-type=\"section\">\n\t\t\t\t\t\t<div class=\"elementor-container elementor-column-gap-default\">\n\t\t\t\t\t<div class=\"elementor-column elementor-col-16 elementor-top-column elementor-element elementor-element-cfb9fee\" data-id=\"cfb9fee\" data-element_type=\"column\" data-e-type=\"column\">\n\t\t\t<div class=\"elementor-widget-wrap\">\n\t\t\t\t\t\t\t<\/div>\n\t\t<\/div>\n\t\t\t\t<div class=\"elementor-column elementor-col-66 elementor-top-column elementor-element elementor-element-821a5fe\" data-id=\"821a5fe\" data-element_type=\"column\" data-e-type=\"column\">\n\t\t\t<div class=\"elementor-widget-wrap elementor-element-populated\">\n\t\t\t\t\t\t<div class=\"elementor-element elementor-element-246476c elementor-widget__width-initial elementor-widget elementor-widget-toggle\" data-id=\"246476c\" data-element_type=\"widget\" data-e-type=\"widget\" data-widget_type=\"toggle.default\">\n\t\t\t\t<div class=\"elementor-widget-container\">\n\t\t\t\t\t\t\t<div class=\"elementor-toggle\">\n\t\t\t\t\t\t\t<div class=\"elementor-toggle-item\">\n\t\t\t\t\t<div id=\"elementor-tab-title-3811\" class=\"elementor-tab-title\" data-tab=\"1\" role=\"button\" aria-controls=\"elementor-tab-content-3811\" aria-expanded=\"false\">\n\t\t\t\t\t\t\t\t\t\t\t\t<span class=\"elementor-toggle-icon elementor-toggle-icon-right\" aria-hidden=\"true\">\n\t\t\t\t\t\t\t\t\t\t\t\t\t\t\t<span class=\"elementor-toggle-icon-closed\"><svg xmlns=\"http:\/\/www.w3.org\/2000\/svg\" id=\"b64b7500-205e-4b4c-b85b-719c6b9efefc\" data-name=\"Layer 1\" width=\"14.6802\" height=\"7.5488\" viewBox=\"0 0 14.6802 7.5488\"><polygon points=\"7.34 7.549 0 0.732 0.681 0 7.34 6.184 14 0 14.68 0.732 7.34 7.549\"><\/polygon><\/svg><\/span>\n\t\t\t\t\t\t\t\t<span class=\"elementor-toggle-icon-opened\"><svg xmlns=\"http:\/\/www.w3.org\/2000\/svg\" id=\"a9a06c65-5466-4dff-9af0-1537f84a1b5f\" data-name=\"Layer 1\" width=\"14.6802\" height=\"7.5488\" viewBox=\"0 0 14.6802 7.5488\"><polygon points=\"7.34 0 14.68 6.816 14 7.549 7.34 1.365 0.68 7.549 0 6.816 7.34 0\"><\/polygon><\/svg><\/span>\n\t\t\t\t\t\t\t\t\t\t\t\t\t<\/span>\n\t\t\t\t\t\t\t\t\t\t\t\t<a class=\"elementor-toggle-title\" tabindex=\"0\">LUN 03  | 17:00hs Cierre de la Jornada de la Peruanidad<\/a>\n\t\t\t\t\t<\/div>\n\n\t\t\t\t\t<div id=\"elementor-tab-content-3811\" class=\"elementor-tab-content elementor-clearfix\" data-tab=\"1\" role=\"region\" aria-labelledby=\"elementor-tab-title-3811\"><p>La Casa de Entre R\u00edos ser\u00e1 escenario del cierre de la Jornada de la Peruanidad en Buenos Aires, una propuesta que durante diez d\u00edas promovi\u00f3 el encuentro entre las culturas de Am\u00e9rica Latina a trav\u00e9s del arte, la literatura y la m\u00fasica. La jornada final incluir\u00e1 un homenaje al Caj\u00f3n Peruano, Patrimonio Cultural Inmaterial de la Humanidad, y marcar\u00e1 tambi\u00e9n el cierre de la muestra \u00abUnidos en la Cultura III\u00bb, que reuni\u00f3 a artistas de Per\u00fa, Chile, Paraguay y Argentina.<\/p><\/div>\n\t\t\t\t<\/div>\n\t\t\t\t\t\t\t<div class=\"elementor-toggle-item\">\n\t\t\t\t\t<div id=\"elementor-tab-title-3812\" class=\"elementor-tab-title\" data-tab=\"2\" role=\"button\" aria-controls=\"elementor-tab-content-3812\" aria-expanded=\"false\">\n\t\t\t\t\t\t\t\t\t\t\t\t<span class=\"elementor-toggle-icon elementor-toggle-icon-right\" aria-hidden=\"true\">\n\t\t\t\t\t\t\t\t\t\t\t\t\t\t\t<span class=\"elementor-toggle-icon-closed\"><svg xmlns=\"http:\/\/www.w3.org\/2000\/svg\" id=\"b64b7500-205e-4b4c-b85b-719c6b9efefc\" data-name=\"Layer 1\" width=\"14.6802\" height=\"7.5488\" viewBox=\"0 0 14.6802 7.5488\"><polygon points=\"7.34 7.549 0 0.732 0.681 0 7.34 6.184 14 0 14.68 0.732 7.34 7.549\"><\/polygon><\/svg><\/span>\n\t\t\t\t\t\t\t\t<span class=\"elementor-toggle-icon-opened\"><svg xmlns=\"http:\/\/www.w3.org\/2000\/svg\" id=\"a9a06c65-5466-4dff-9af0-1537f84a1b5f\" data-name=\"Layer 1\" width=\"14.6802\" height=\"7.5488\" viewBox=\"0 0 14.6802 7.5488\"><polygon points=\"7.34 0 14.68 6.816 14 7.549 7.34 1.365 0.68 7.549 0 6.816 7.34 0\"><\/polygon><\/svg><\/span>\n\t\t\t\t\t\t\t\t\t\t\t\t\t<\/span>\n\t\t\t\t\t\t\t\t\t\t\t\t<a class=\"elementor-toggle-title\" tabindex=\"0\">JUE 06 | 14:30hs - Presentaci\u00f3n del Congreso INOCUA 2026 Entre R\u00edos<\/a>\n\t\t\t\t\t<\/div>\n\n\t\t\t\t\t<div id=\"elementor-tab-content-3812\" class=\"elementor-tab-content elementor-clearfix\" data-tab=\"2\" role=\"region\" aria-labelledby=\"elementor-tab-title-3812\"><p>La Casa de Entre R\u00edos ser\u00e1 sede de la presentaci\u00f3n oficial del <strong data-start=\"979\" data-end=\"1014\">Congreso INOCUA 2026 Entre R\u00edos<\/strong>, que se realizar\u00e1 los d\u00edas 20 y 21 de agosto en Paran\u00e1. La iniciativa reunir\u00e1 a profesionales, investigadores, docentes, estudiantes y organismos especializados para intercambiar experiencias y abordar los principales desaf\u00edos en materia de inocuidad y seguridad alimentaria.<\/p><\/div>\n\t\t\t\t<\/div>\n\t\t\t\t\t\t\t<div class=\"elementor-toggle-item\">\n\t\t\t\t\t<div id=\"elementor-tab-title-3813\" class=\"elementor-tab-title\" data-tab=\"3\" role=\"button\" aria-controls=\"elementor-tab-content-3813\" aria-expanded=\"false\">\n\t\t\t\t\t\t\t\t\t\t\t\t<span class=\"elementor-toggle-icon elementor-toggle-icon-right\" aria-hidden=\"true\">\n\t\t\t\t\t\t\t\t\t\t\t\t\t\t\t<span class=\"elementor-toggle-icon-closed\"><svg xmlns=\"http:\/\/www.w3.org\/2000\/svg\" id=\"b64b7500-205e-4b4c-b85b-719c6b9efefc\" data-name=\"Layer 1\" width=\"14.6802\" height=\"7.5488\" viewBox=\"0 0 14.6802 7.5488\"><polygon points=\"7.34 7.549 0 0.732 0.681 0 7.34 6.184 14 0 14.68 0.732 7.34 7.549\"><\/polygon><\/svg><\/span>\n\t\t\t\t\t\t\t\t<span class=\"elementor-toggle-icon-opened\"><svg xmlns=\"http:\/\/www.w3.org\/2000\/svg\" id=\"a9a06c65-5466-4dff-9af0-1537f84a1b5f\" data-name=\"Layer 1\" width=\"14.6802\" height=\"7.5488\" viewBox=\"0 0 14.6802 7.5488\"><polygon points=\"7.34 0 14.68 6.816 14 7.549 7.34 1.365 0.68 7.549 0 6.816 7.34 0\"><\/polygon><\/svg><\/span>\n\t\t\t\t\t\t\t\t\t\t\t\t\t<\/span>\n\t\t\t\t\t\t\t\t\t\t\t\t<a class=\"elementor-toggle-title\" tabindex=\"0\">MAR 18 | 15:00hs - Entre R\u00edos Entre Vi\u00f1as - Edici\u00f3n 2026<\/a>\n\t\t\t\t\t<\/div>\n\n\t\t\t\t\t<div id=\"elementor-tab-content-3813\" class=\"elementor-tab-content elementor-clearfix\" data-tab=\"3\" role=\"region\" aria-labelledby=\"elementor-tab-title-3813\"><p>La Casa de Entre R\u00edos ser\u00e1 sede de una nueva edici\u00f3n de <strong data-start=\"201\" data-end=\"229\">\u00abEntre R\u00edos entre Vi\u00f1as\u00bb<\/strong>, una propuesta que invita a descubrir la identidad vitivin\u00edcola de la provincia a trav\u00e9s de una experiencia que re\u00fane vinos entrerrianos, productores y actividades de difusi\u00f3n, poniendo en valor el crecimiento y la calidad de la producci\u00f3n regional.<\/p><\/div>\n\t\t\t\t<\/div>\n\t\t\t\t\t\t\t<div class=\"elementor-toggle-item\">\n\t\t\t\t\t<div id=\"elementor-tab-title-3814\" class=\"elementor-tab-title\" data-tab=\"4\" role=\"button\" aria-controls=\"elementor-tab-content-3814\" aria-expanded=\"false\">\n\t\t\t\t\t\t\t\t\t\t\t\t<span class=\"elementor-toggle-icon elementor-toggle-icon-right\" aria-hidden=\"true\">\n\t\t\t\t\t\t\t\t\t\t\t\t\t\t\t<span class=\"elementor-toggle-icon-closed\"><svg xmlns=\"http:\/\/www.w3.org\/2000\/svg\" id=\"b64b7500-205e-4b4c-b85b-719c6b9efefc\" data-name=\"Layer 1\" width=\"14.6802\" height=\"7.5488\" viewBox=\"0 0 14.6802 7.5488\"><polygon points=\"7.34 7.549 0 0.732 0.681 0 7.34 6.184 14 0 14.68 0.732 7.34 7.549\"><\/polygon><\/svg><\/span>\n\t\t\t\t\t\t\t\t<span class=\"elementor-toggle-icon-opened\"><svg xmlns=\"http:\/\/www.w3.org\/2000\/svg\" id=\"a9a06c65-5466-4dff-9af0-1537f84a1b5f\" data-name=\"Layer 1\" width=\"14.6802\" height=\"7.5488\" viewBox=\"0 0 14.6802 7.5488\"><polygon points=\"7.34 0 14.68 6.816 14 7.549 7.34 1.365 0.68 7.549 0 6.816 7.34 0\"><\/polygon><\/svg><\/span>\n\t\t\t\t\t\t\t\t\t\t\t\t\t<\/span>\n\t\t\t\t\t\t\t\t\t\t\t\t<a class=\"elementor-toggle-title\" tabindex=\"0\">JUE 20 | 15:00hs - Charla de Astronom\u00eda: \"M\u00e1s All\u00e1 de la Luz\"<\/a>\n\t\t\t\t\t<\/div>\n\n\t\t\t\t\t<div id=\"elementor-tab-content-3814\" class=\"elementor-tab-content elementor-clearfix\" data-tab=\"4\" role=\"region\" aria-labelledby=\"elementor-tab-title-3814\"><p>En el marco del proyecto de extensi\u00f3n de la Universidad Nacional de La Plata, se desarrollar\u00e1 una charla abierta sobre astronom\u00eda contempor\u00e1nea, el aporte argentino a la investigaci\u00f3n cient\u00edfica y el desarrollo de esta disciplina en Entre R\u00edos.<\/p><\/div>\n\t\t\t\t<\/div>\n\t\t\t\t\t\t\t<div class=\"elementor-toggle-item\">\n\t\t\t\t\t<div id=\"elementor-tab-title-3815\" class=\"elementor-tab-title\" data-tab=\"5\" role=\"button\" aria-controls=\"elementor-tab-content-3815\" aria-expanded=\"false\">\n\t\t\t\t\t\t\t\t\t\t\t\t<span class=\"elementor-toggle-icon elementor-toggle-icon-right\" aria-hidden=\"true\">\n\t\t\t\t\t\t\t\t\t\t\t\t\t\t\t<span class=\"elementor-toggle-icon-closed\"><svg xmlns=\"http:\/\/www.w3.org\/2000\/svg\" id=\"b64b7500-205e-4b4c-b85b-719c6b9efefc\" data-name=\"Layer 1\" width=\"14.6802\" height=\"7.5488\" viewBox=\"0 0 14.6802 7.5488\"><polygon points=\"7.34 7.549 0 0.732 0.681 0 7.34 6.184 14 0 14.68 0.732 7.34 7.549\"><\/polygon><\/svg><\/span>\n\t\t\t\t\t\t\t\t<span class=\"elementor-toggle-icon-opened\"><svg xmlns=\"http:\/\/www.w3.org\/2000\/svg\" id=\"a9a06c65-5466-4dff-9af0-1537f84a1b5f\" data-name=\"Layer 1\" width=\"14.6802\" height=\"7.5488\" viewBox=\"0 0 14.6802 7.5488\"><polygon points=\"7.34 0 14.68 6.816 14 7.549 7.34 1.365 0.68 7.549 0 6.816 7.34 0\"><\/polygon><\/svg><\/span>\n\t\t\t\t\t\t\t\t\t\t\t\t\t<\/span>\n\t\t\t\t\t\t\t\t\t\t\t\t<a class=\"elementor-toggle-title\" tabindex=\"0\">JUE 27 | 14:30hs - Inauguraci\u00f3n de la muestra \"Camino diVino\"<\/a>\n\t\t\t\t\t<\/div>\n\n\t\t\t\t\t<div id=\"elementor-tab-content-3815\" class=\"elementor-tab-content elementor-clearfix\" data-tab=\"5\" role=\"region\" aria-labelledby=\"elementor-tab-title-3815\"><p data-pm-slice=\"1 1 []\"><strong>Camino diVino<\/strong> es una muestra de los artistas entrerrianos <strong>Alonso Nicol\u00e1s Villanova y Stella Okon<\/strong> que propone un recorrido por la identidad cultural de Entre R\u00edos a trav\u00e9s de obras realizadas con vino y mosto, t\u00e9cnicas mixtas y bordado artesanal, vinculando el arte con la producci\u00f3n vitivin\u00edcola provincial y el Carnaval de Gualeguaych\u00fa.<\/p><\/div>\n\t\t\t\t<\/div>\n\t\t\t\t\t\t\t\t\t\t<script type=\"application\/ld+json\">{\"@context\":\"https:\\\/\\\/schema.org\",\"@type\":\"FAQPage\",\"mainEntity\":[{\"@type\":\"Question\",\"name\":\"LUN 03  | 17:00hs Cierre de la Jornada de la Peruanidad\",\"acceptedAnswer\":{\"@type\":\"Answer\",\"text\":\"<p>La Casa de Entre R\\u00edos ser\\u00e1 escenario del cierre de la Jornada de la Peruanidad en Buenos Aires, una propuesta que durante diez d\\u00edas promovi\\u00f3 el encuentro entre las culturas de Am\\u00e9rica Latina a trav\\u00e9s del arte, la literatura y la m\\u00fasica. La jornada final incluir\\u00e1 un homenaje al Caj\\u00f3n Peruano, Patrimonio Cultural Inmaterial de la Humanidad, y marcar\\u00e1 tambi\\u00e9n el cierre de la muestra \\u00abUnidos en la Cultura III\\u00bb, que reuni\\u00f3 a artistas de Per\\u00fa, Chile, Paraguay y Argentina.<\\\/p>\"}},{\"@type\":\"Question\",\"name\":\"JUE 06 | 14:30hs - Presentaci\\u00f3n del Congreso INOCUA 2026 Entre R\\u00edos\",\"acceptedAnswer\":{\"@type\":\"Answer\",\"text\":\"<p>La Casa de Entre R\\u00edos ser\\u00e1 sede de la presentaci\\u00f3n oficial del <strong data-start=\\\"979\\\" data-end=\\\"1014\\\">Congreso INOCUA 2026 Entre R\\u00edos<\\\/strong>, que se realizar\\u00e1 los d\\u00edas 20 y 21 de agosto en Paran\\u00e1. La iniciativa reunir\\u00e1 a profesionales, investigadores, docentes, estudiantes y organismos especializados para intercambiar experiencias y abordar los principales desaf\\u00edos en materia de inocuidad y seguridad alimentaria.<\\\/p>\"}},{\"@type\":\"Question\",\"name\":\"MAR 18 | 15:00hs - Entre R\\u00edos Entre Vi\\u00f1as - Edici\\u00f3n 2026\",\"acceptedAnswer\":{\"@type\":\"Answer\",\"text\":\"<p>La Casa de Entre R\\u00edos ser\\u00e1 sede de una nueva edici\\u00f3n de <strong data-start=\\\"201\\\" data-end=\\\"229\\\">\\u00abEntre R\\u00edos entre Vi\\u00f1as\\u00bb<\\\/strong>, una propuesta que invita a descubrir la identidad vitivin\\u00edcola de la provincia a trav\\u00e9s de una experiencia que re\\u00fane vinos entrerrianos, productores y actividades de difusi\\u00f3n, poniendo en valor el crecimiento y la calidad de la producci\\u00f3n regional.<\\\/p>\"}},{\"@type\":\"Question\",\"name\":\"JUE 20 | 15:00hs - Charla de Astronom\\u00eda: \\\"M\\u00e1s All\\u00e1 de la Luz\\\"\",\"acceptedAnswer\":{\"@type\":\"Answer\",\"text\":\"<p>En el marco del proyecto de extensi\\u00f3n de la Universidad Nacional de La Plata, se desarrollar\\u00e1 una charla abierta sobre astronom\\u00eda contempor\\u00e1nea, el aporte argentino a la investigaci\\u00f3n cient\\u00edfica y el desarrollo de esta disciplina en Entre R\\u00edos.<\\\/p>\"}},{\"@type\":\"Question\",\"name\":\"JUE 27 | 14:30hs - Inauguraci\\u00f3n de la muestra \\\"Camino diVino\\\"\",\"acceptedAnswer\":{\"@type\":\"Answer\",\"text\":\"<p data-pm-slice=\\\"1 1 []\\\"><strong>Camino diVino<\\\/strong> es una muestra de los artistas entrerrianos <strong>Alonso Nicol\\u00e1s Villanova y Stella Okon<\\\/strong> que propone un recorrido por la identidad cultural de Entre R\\u00edos a trav\\u00e9s de obras realizadas con vino y mosto, t\\u00e9cnicas mixtas y bordado artesanal, vinculando el arte con la producci\\u00f3n vitivin\\u00edcola provincial y el Carnaval de Gualeguaych\\u00fa.<\\\/p>\"}}]}<\/script>\n\t\t\t\t\t<\/div>\n\t\t\t\t\t\t<\/div>\n\t\t\t\t<\/div>\n\t\t\t\t\t<\/div>\n\t\t<\/div>\n\t\t\t\t<div class=\"elementor-column elementor-col-16 elementor-top-column elementor-element elementor-element-960b9e4\" data-id=\"960b9e4\" data-element_type=\"column\" data-e-type=\"column\">\n\t\t\t<div class=\"elementor-widget-wrap\">\n\t\t\t\t\t\t\t<\/div>\n\t\t<\/div>\n\t\t\t\t\t<\/div>\n\t\t<\/section>\n\t\t\t\t<section class=\"elementor-section elementor-top-section elementor-element elementor-element-91aadbd elementor-section-boxed elementor-section-height-default elementor-section-height-default\" data-id=\"91aadbd\" data-element_type=\"section\" data-e-type=\"section\">\n\t\t\t\t\t\t<div class=\"elementor-container elementor-column-gap-default\">\n\t\t\t\t\t<div class=\"elementor-column elementor-col-16 elementor-top-column elementor-element elementor-element-ed342a4\" data-id=\"ed342a4\" data-element_type=\"column\" data-e-type=\"column\">\n\t\t\t<div class=\"elementor-widget-wrap\">\n\t\t\t\t\t\t\t<\/div>\n\t\t<\/div>\n\t\t\t\t<div class=\"elementor-column elementor-col-66 elementor-top-column elementor-element elementor-element-53b540b\" data-id=\"53b540b\" data-element_type=\"column\" data-e-type=\"column\">\n\t\t\t<div class=\"elementor-widget-wrap elementor-element-populated\">\n\t\t\t\t\t\t<div class=\"elementor-element elementor-element-0e95109 animated-slow elementor-invisible elementor-widget elementor-widget-heading\" data-id=\"0e95109\" data-element_type=\"widget\" data-e-type=\"widget\" data-settings=\"{&quot;_animation&quot;:&quot;fadeIn&quot;}\" data-widget_type=\"heading.default\">\n\t\t\t\t<div class=\"elementor-widget-container\">\n\t\t\t\t\t<h2 class=\"elementor-heading-title elementor-size-default\">agenda septiembre<\/h2>\t\t\t\t<\/div>\n\t\t\t\t<\/div>\n\t\t\t\t\t<\/div>\n\t\t<\/div>\n\t\t\t\t<div class=\"elementor-column elementor-col-16 elementor-top-column elementor-element elementor-element-2395019\" data-id=\"2395019\" data-element_type=\"column\" data-e-type=\"column\">\n\t\t\t<div class=\"elementor-widget-wrap\">\n\t\t\t\t\t\t\t<\/div>\n\t\t<\/div>\n\t\t\t\t\t<\/div>\n\t\t<\/section>\n\t\t\t\t<section class=\"elementor-section elementor-top-section elementor-element elementor-element-d399ff3 elementor-section-boxed elementor-section-height-default elementor-section-height-default\" data-id=\"d399ff3\" data-element_type=\"section\" data-e-type=\"section\">\n\t\t\t\t\t\t<div class=\"elementor-container elementor-column-gap-default\">\n\t\t\t\t\t<div class=\"elementor-column elementor-col-16 elementor-top-column elementor-element elementor-element-e05e8c7\" data-id=\"e05e8c7\" data-element_type=\"column\" data-e-type=\"column\">\n\t\t\t<div class=\"elementor-widget-wrap\">\n\t\t\t\t\t\t\t<\/div>\n\t\t<\/div>\n\t\t\t\t<div class=\"elementor-column elementor-col-66 elementor-top-column elementor-element elementor-element-ad3051c\" data-id=\"ad3051c\" data-element_type=\"column\" data-e-type=\"column\">\n\t\t\t<div class=\"elementor-widget-wrap elementor-element-populated\">\n\t\t\t\t\t\t<div class=\"elementor-element elementor-element-964594f elementor-widget__width-initial elementor-widget elementor-widget-toggle\" data-id=\"964594f\" data-element_type=\"widget\" data-e-type=\"widget\" data-widget_type=\"toggle.default\">\n\t\t\t\t<div class=\"elementor-widget-container\">\n\t\t\t\t\t\t\t<div class=\"elementor-toggle\">\n\t\t\t\t\t\t\t<div class=\"elementor-toggle-item\">\n\t\t\t\t\t<div id=\"elementor-tab-title-1571\" class=\"elementor-tab-title\" data-tab=\"1\" role=\"button\" aria-controls=\"elementor-tab-content-1571\" aria-expanded=\"false\">\n\t\t\t\t\t\t\t\t\t\t\t\t<span class=\"elementor-toggle-icon elementor-toggle-icon-right\" aria-hidden=\"true\">\n\t\t\t\t\t\t\t\t\t\t\t\t\t\t\t<span class=\"elementor-toggle-icon-closed\"><svg xmlns=\"http:\/\/www.w3.org\/2000\/svg\" id=\"b64b7500-205e-4b4c-b85b-719c6b9efefc\" data-name=\"Layer 1\" width=\"14.6802\" height=\"7.5488\" viewBox=\"0 0 14.6802 7.5488\"><polygon points=\"7.34 7.549 0 0.732 0.681 0 7.34 6.184 14 0 14.68 0.732 7.34 7.549\"><\/polygon><\/svg><\/span>\n\t\t\t\t\t\t\t\t<span class=\"elementor-toggle-icon-opened\"><svg xmlns=\"http:\/\/www.w3.org\/2000\/svg\" id=\"a9a06c65-5466-4dff-9af0-1537f84a1b5f\" data-name=\"Layer 1\" width=\"14.6802\" height=\"7.5488\" viewBox=\"0 0 14.6802 7.5488\"><polygon points=\"7.34 0 14.68 6.816 14 7.549 7.34 1.365 0.68 7.549 0 6.816 7.34 0\"><\/polygon><\/svg><\/span>\n\t\t\t\t\t\t\t\t\t\t\t\t\t<\/span>\n\t\t\t\t\t\t\t\t\t\t\t\t<a class=\"elementor-toggle-title\" tabindex=\"0\">MI\u00c9 9 | 14:00hs - Mundialito Halconcitos \u2013 Sede Entre R\u00edos<\/a>\n\t\t\t\t\t<\/div>\n\n\t\t\t\t\t<div id=\"elementor-tab-content-1571\" class=\"elementor-tab-content elementor-clearfix\" data-tab=\"1\" role=\"region\" aria-labelledby=\"elementor-tab-title-1571\"><p><strong data-start=\"0\" data-end=\"74\" data-is-only-node=\"\">Presentaci\u00f3n de la 2.\u00aa edici\u00f3n del Mundialito Halconcitos \u2013 Entre R\u00edos<\/strong>, certamen de f\u00fatbol infantil que se realizar\u00e1 los d\u00edas 2, 3 y 4 de octubre en el Club Deportivo Libertad de Nogoy\u00e1. La iniciativa, impulsada por el <strong data-start=\"223\" data-end=\"283\">Club Defensa y Justicia, de la provincia de Buenos Aires<\/strong>, busca detectar j\u00f3venes promesas y fortalecer la formaci\u00f3n en valores a trav\u00e9s del f\u00fatbol, promoviendo la integraci\u00f3n, el respeto y el trabajo en equipo.<\/p><\/div>\n\t\t\t\t<\/div>\n\t\t\t\t\t\t\t<div class=\"elementor-toggle-item\">\n\t\t\t\t\t<div id=\"elementor-tab-title-1572\" class=\"elementor-tab-title\" data-tab=\"2\" role=\"button\" aria-controls=\"elementor-tab-content-1572\" aria-expanded=\"false\">\n\t\t\t\t\t\t\t\t\t\t\t\t<span class=\"elementor-toggle-icon elementor-toggle-icon-right\" aria-hidden=\"true\">\n\t\t\t\t\t\t\t\t\t\t\t\t\t\t\t<span class=\"elementor-toggle-icon-closed\"><svg xmlns=\"http:\/\/www.w3.org\/2000\/svg\" id=\"b64b7500-205e-4b4c-b85b-719c6b9efefc\" data-name=\"Layer 1\" width=\"14.6802\" height=\"7.5488\" viewBox=\"0 0 14.6802 7.5488\"><polygon points=\"7.34 7.549 0 0.732 0.681 0 7.34 6.184 14 0 14.68 0.732 7.34 7.549\"><\/polygon><\/svg><\/span>\n\t\t\t\t\t\t\t\t<span class=\"elementor-toggle-icon-opened\"><svg xmlns=\"http:\/\/www.w3.org\/2000\/svg\" id=\"a9a06c65-5466-4dff-9af0-1537f84a1b5f\" data-name=\"Layer 1\" width=\"14.6802\" height=\"7.5488\" viewBox=\"0 0 14.6802 7.5488\"><polygon points=\"7.34 0 14.68 6.816 14 7.549 7.34 1.365 0.68 7.549 0 6.816 7.34 0\"><\/polygon><\/svg><\/span>\n\t\t\t\t\t\t\t\t\t\t\t\t\t<\/span>\n\t\t\t\t\t\t\t\t\t\t\t\t<a class=\"elementor-toggle-title\" tabindex=\"0\">MAR 15  | 15:30hs - Documental \u201cAbelardo Dimotta: Brujer\u00eda y Chamam\u00e9\u201d<\/a>\n\t\t\t\t\t<\/div>\n\n\t\t\t\t\t<div id=\"elementor-tab-content-1572\" class=\"elementor-tab-content elementor-clearfix\" data-tab=\"2\" role=\"region\" aria-labelledby=\"elementor-tab-title-1572\"><p data-start=\"869\" data-end=\"1185\">Proyecci\u00f3n del documental dedicado a la vida y obra de Abelardo Dimotta, compositor y referente del chamam\u00e9 entrerriano. La actividad incluir\u00e1 una charla con invitados y parte del equipo realizador, junto con la interpretaci\u00f3n en vivo de obras del reconocido m\u00fasico entrerriano<\/p><\/div>\n\t\t\t\t<\/div>\n\t\t\t\t\t\t\t<div class=\"elementor-toggle-item\">\n\t\t\t\t\t<div id=\"elementor-tab-title-1573\" class=\"elementor-tab-title\" data-tab=\"3\" role=\"button\" aria-controls=\"elementor-tab-content-1573\" aria-expanded=\"false\">\n\t\t\t\t\t\t\t\t\t\t\t\t<span class=\"elementor-toggle-icon elementor-toggle-icon-right\" aria-hidden=\"true\">\n\t\t\t\t\t\t\t\t\t\t\t\t\t\t\t<span class=\"elementor-toggle-icon-closed\"><svg xmlns=\"http:\/\/www.w3.org\/2000\/svg\" id=\"b64b7500-205e-4b4c-b85b-719c6b9efefc\" data-name=\"Layer 1\" width=\"14.6802\" height=\"7.5488\" viewBox=\"0 0 14.6802 7.5488\"><polygon points=\"7.34 7.549 0 0.732 0.681 0 7.34 6.184 14 0 14.68 0.732 7.34 7.549\"><\/polygon><\/svg><\/span>\n\t\t\t\t\t\t\t\t<span class=\"elementor-toggle-icon-opened\"><svg xmlns=\"http:\/\/www.w3.org\/2000\/svg\" id=\"a9a06c65-5466-4dff-9af0-1537f84a1b5f\" data-name=\"Layer 1\" width=\"14.6802\" height=\"7.5488\" viewBox=\"0 0 14.6802 7.5488\"><polygon points=\"7.34 0 14.68 6.816 14 7.549 7.34 1.365 0.68 7.549 0 6.816 7.34 0\"><\/polygon><\/svg><\/span>\n\t\t\t\t\t\t\t\t\t\t\t\t\t<\/span>\n\t\t\t\t\t\t\t\t\t\t\t\t<a class=\"elementor-toggle-title\" tabindex=\"0\">JUE 17 | 14:00hs  - Aves Entrerrianas - Chaulet \/ Morcabel<\/a>\n\t\t\t\t\t<\/div>\n\n\t\t\t\t\t<div id=\"elementor-tab-content-1573\" class=\"elementor-tab-content elementor-clearfix\" data-tab=\"3\" role=\"region\" aria-labelledby=\"elementor-tab-title-1573\"><p data-start=\"1248\" data-end=\"1623\">Inauguraci\u00f3n de la muestra de las artistas Evelina Chaulet, de Villaguay, y Zaida Mocarbel, de Paran\u00e1, integrada por 12 obras inspiradas en las aves de la provincia. A trav\u00e9s de las artes visuales, la propuesta pone en valor la diversidad de aves y la identidad natural de Entre R\u00edos. La exposici\u00f3n podr\u00e1 visitarse hasta el 1 de octubre<\/p><\/div>\n\t\t\t\t<\/div>\n\t\t\t\t\t\t\t<div class=\"elementor-toggle-item\">\n\t\t\t\t\t<div id=\"elementor-tab-title-1574\" class=\"elementor-tab-title\" data-tab=\"4\" role=\"button\" aria-controls=\"elementor-tab-content-1574\" aria-expanded=\"false\">\n\t\t\t\t\t\t\t\t\t\t\t\t<span class=\"elementor-toggle-icon elementor-toggle-icon-right\" aria-hidden=\"true\">\n\t\t\t\t\t\t\t\t\t\t\t\t\t\t\t<span class=\"elementor-toggle-icon-closed\"><svg xmlns=\"http:\/\/www.w3.org\/2000\/svg\" id=\"b64b7500-205e-4b4c-b85b-719c6b9efefc\" data-name=\"Layer 1\" width=\"14.6802\" height=\"7.5488\" viewBox=\"0 0 14.6802 7.5488\"><polygon points=\"7.34 7.549 0 0.732 0.681 0 7.34 6.184 14 0 14.68 0.732 7.34 7.549\"><\/polygon><\/svg><\/span>\n\t\t\t\t\t\t\t\t<span class=\"elementor-toggle-icon-opened\"><svg xmlns=\"http:\/\/www.w3.org\/2000\/svg\" id=\"a9a06c65-5466-4dff-9af0-1537f84a1b5f\" data-name=\"Layer 1\" width=\"14.6802\" height=\"7.5488\" viewBox=\"0 0 14.6802 7.5488\"><polygon points=\"7.34 0 14.68 6.816 14 7.549 7.34 1.365 0.68 7.549 0 6.816 7.34 0\"><\/polygon><\/svg><\/span>\n\t\t\t\t\t\t\t\t\t\t\t\t\t<\/span>\n\t\t\t\t\t\t\t\t\t\t\t\t<a class=\"elementor-toggle-title\" tabindex=\"0\">MI\u00c9 23  | 14:00hs - 12.\u00aa Fiesta Provincial de la Torta Frita<\/a>\n\t\t\t\t\t<\/div>\n\n\t\t\t\t\t<div id=\"elementor-tab-content-1574\" class=\"elementor-tab-content elementor-clearfix\" data-tab=\"4\" role=\"region\" aria-labelledby=\"elementor-tab-title-1574\"><p data-start=\"1712\" data-end=\"2025\">Presentaci\u00f3n de la 12.\u00aa Fiesta Provincial de la Torta Frita de Gobernador Mansilla, que tendr\u00e1 lugar el 10 de octubre. La celebraci\u00f3n reunir\u00e1 m\u00fasica en vivo, feria de emprendedores y artesanos, patio gastron\u00f3mico y el tradicional concurso a la mejor torta frita de la regi\u00f3n.<\/p><\/div>\n\t\t\t\t<\/div>\n\t\t\t\t\t\t\t<div class=\"elementor-toggle-item\">\n\t\t\t\t\t<div id=\"elementor-tab-title-1575\" class=\"elementor-tab-title\" data-tab=\"5\" role=\"button\" aria-controls=\"elementor-tab-content-1575\" aria-expanded=\"false\">\n\t\t\t\t\t\t\t\t\t\t\t\t<span class=\"elementor-toggle-icon elementor-toggle-icon-right\" aria-hidden=\"true\">\n\t\t\t\t\t\t\t\t\t\t\t\t\t\t\t<span class=\"elementor-toggle-icon-closed\"><svg xmlns=\"http:\/\/www.w3.org\/2000\/svg\" id=\"b64b7500-205e-4b4c-b85b-719c6b9efefc\" data-name=\"Layer 1\" width=\"14.6802\" height=\"7.5488\" viewBox=\"0 0 14.6802 7.5488\"><polygon points=\"7.34 7.549 0 0.732 0.681 0 7.34 6.184 14 0 14.68 0.732 7.34 7.549\"><\/polygon><\/svg><\/span>\n\t\t\t\t\t\t\t\t<span class=\"elementor-toggle-icon-opened\"><svg xmlns=\"http:\/\/www.w3.org\/2000\/svg\" id=\"a9a06c65-5466-4dff-9af0-1537f84a1b5f\" data-name=\"Layer 1\" width=\"14.6802\" height=\"7.5488\" viewBox=\"0 0 14.6802 7.5488\"><polygon points=\"7.34 0 14.68 6.816 14 7.549 7.34 1.365 0.68 7.549 0 6.816 7.34 0\"><\/polygon><\/svg><\/span>\n\t\t\t\t\t\t\t\t\t\t\t\t\t<\/span>\n\t\t\t\t\t\t\t\t\t\t\t\t<a class=\"elementor-toggle-title\" tabindex=\"0\">VIE 25 | 14:00hs Fuerza Carnavalera \u2013 La Obra<\/a>\n\t\t\t\t\t<\/div>\n\n\t\t\t\t\t<div id=\"elementor-tab-content-1575\" class=\"elementor-tab-content elementor-clearfix\" data-tab=\"5\" role=\"region\" aria-labelledby=\"elementor-tab-title-1575\"><p data-start=\"2100\" data-end=\"2483\">Presentaci\u00f3n de \u201cFuerza Carnavalera \u2013 La Obra\u201d, una propuesta de danza teatro inspirada en el carnaval entrerriano que lleva al escenario sus trajes, expresiones y protagonistas, con una mirada sobre <strong data-start=\"507\" data-end=\"562\">las experiencias y el trabajo detr\u00e1s del cors\u00f3dromo<\/strong>. La obra tendr\u00e1 funciones durante <strong data-start=\"597\" data-end=\"665\">octubre y noviembre en el Teatro Multiescena CPM de Buenos Aires<\/strong>.<\/p><\/div>\n\t\t\t\t<\/div>\n\t\t\t\t\t\t\t\t\t\t<script type=\"application\/ld+json\">{\"@context\":\"https:\\\/\\\/schema.org\",\"@type\":\"FAQPage\",\"mainEntity\":[{\"@type\":\"Question\",\"name\":\"MI\\u00c9 9 | 14:00hs - Mundialito Halconcitos \\u2013 Sede Entre R\\u00edos\",\"acceptedAnswer\":{\"@type\":\"Answer\",\"text\":\"<p><strong data-start=\\\"0\\\" data-end=\\\"74\\\" data-is-only-node=\\\"\\\">Presentaci\\u00f3n de la 2.\\u00aa edici\\u00f3n del Mundialito Halconcitos \\u2013 Entre R\\u00edos<\\\/strong>, certamen de f\\u00fatbol infantil que se realizar\\u00e1 los d\\u00edas 2, 3 y 4 de octubre en el Club Deportivo Libertad de Nogoy\\u00e1. La iniciativa, impulsada por el <strong data-start=\\\"223\\\" data-end=\\\"283\\\">Club Defensa y Justicia, de la provincia de Buenos Aires<\\\/strong>, busca detectar j\\u00f3venes promesas y fortalecer la formaci\\u00f3n en valores a trav\\u00e9s del f\\u00fatbol, promoviendo la integraci\\u00f3n, el respeto y el trabajo en equipo.<\\\/p>\"}},{\"@type\":\"Question\",\"name\":\"MAR 15  | 15:30hs - Documental \\u201cAbelardo Dimotta: Brujer\\u00eda y Chamam\\u00e9\\u201d\",\"acceptedAnswer\":{\"@type\":\"Answer\",\"text\":\"<p data-start=\\\"869\\\" data-end=\\\"1185\\\">Proyecci\\u00f3n del documental dedicado a la vida y obra de Abelardo Dimotta, compositor y referente del chamam\\u00e9 entrerriano. La actividad incluir\\u00e1 una charla con invitados y parte del equipo realizador, junto con la interpretaci\\u00f3n en vivo de obras del reconocido m\\u00fasico entrerriano<\\\/p>\"}},{\"@type\":\"Question\",\"name\":\"JUE 17 | 14:00hs  - Aves Entrerrianas - Chaulet \\\/ Morcabel\",\"acceptedAnswer\":{\"@type\":\"Answer\",\"text\":\"<p data-start=\\\"1248\\\" data-end=\\\"1623\\\">Inauguraci\\u00f3n de la muestra de las artistas Evelina Chaulet, de Villaguay, y Zaida Mocarbel, de Paran\\u00e1, integrada por 12 obras inspiradas en las aves de la provincia. A trav\\u00e9s de las artes visuales, la propuesta pone en valor la diversidad de aves y la identidad natural de Entre R\\u00edos. La exposici\\u00f3n podr\\u00e1 visitarse hasta el 1 de octubre<\\\/p>\"}},{\"@type\":\"Question\",\"name\":\"MI\\u00c9 23  | 14:00hs - 12.\\u00aa Fiesta Provincial de la Torta Frita\",\"acceptedAnswer\":{\"@type\":\"Answer\",\"text\":\"<p data-start=\\\"1712\\\" data-end=\\\"2025\\\">Presentaci\\u00f3n de la 12.\\u00aa Fiesta Provincial de la Torta Frita de Gobernador Mansilla, que tendr\\u00e1 lugar el 10 de octubre. La celebraci\\u00f3n reunir\\u00e1 m\\u00fasica en vivo, feria de emprendedores y artesanos, patio gastron\\u00f3mico y el tradicional concurso a la mejor torta frita de la regi\\u00f3n.<\\\/p>\"}},{\"@type\":\"Question\",\"name\":\"VIE 25 | 14:00hs Fuerza Carnavalera \\u2013 La Obra\",\"acceptedAnswer\":{\"@type\":\"Answer\",\"text\":\"<p data-start=\\\"2100\\\" data-end=\\\"2483\\\">Presentaci\\u00f3n de \\u201cFuerza Carnavalera \\u2013 La Obra\\u201d, una propuesta de danza teatro inspirada en el carnaval entrerriano que lleva al escenario sus trajes, expresiones y protagonistas, con una mirada sobre <strong data-start=\\\"507\\\" data-end=\\\"562\\\">las experiencias y el trabajo detr\\u00e1s del cors\\u00f3dromo<\\\/strong>. La obra tendr\\u00e1 funciones durante <strong data-start=\\\"597\\\" data-end=\\\"665\\\">octubre y noviembre en el Teatro Multiescena CPM de Buenos Aires<\\\/strong>.<\\\/p>\"}}]}<\/script>\n\t\t\t\t\t<\/div>\n\t\t\t\t\t\t<\/div>\n\t\t\t\t<\/div>\n\t\t\t\t\t<\/div>\n\t\t<\/div>\n\t\t\t\t<div class=\"elementor-column elementor-col-16 elementor-top-column elementor-element elementor-element-13b95bd\" data-id=\"13b95bd\" data-element_type=\"column\" data-e-type=\"column\">\n\t\t\t<div class=\"elementor-widget-wrap\">\n\t\t\t\t\t\t\t<\/div>\n\t\t<\/div>\n\t\t\t\t\t<\/div>\n\t\t<\/section>\n\t\t\t\t<section class=\"elementor-section elementor-top-section elementor-element elementor-element-2bcf35e elementor-section-boxed elementor-section-height-default elementor-section-height-default\" data-id=\"2bcf35e\" data-element_type=\"section\" data-e-type=\"section\">\n\t\t\t\t\t\t<div class=\"elementor-container elementor-column-gap-default\">\n\t\t\t\t\t<div class=\"elementor-column elementor-col-100 elementor-top-column elementor-element elementor-element-41ef875\" data-id=\"41ef875\" data-element_type=\"column\" data-e-type=\"column\">\n\t\t\t<div class=\"elementor-widget-wrap elementor-element-populated\">\n\t\t\t\t\t\t<div class=\"elementor-element elementor-element-bad09bc elementor-widget elementor-widget-spacer\" data-id=\"bad09bc\" data-element_type=\"widget\" data-e-type=\"widget\" data-widget_type=\"spacer.default\">\n\t\t\t\t<div class=\"elementor-widget-container\">\n\t\t\t\t\t\t\t<div class=\"elementor-spacer\">\n\t\t\t<div class=\"elementor-spacer-inner\"><\/div>\n\t\t<\/div>\n\t\t\t\t\t\t<\/div>\n\t\t\t\t<\/div>\n\t\t\t\t\t<\/div>\n\t\t<\/div>\n\t\t\t\t\t<\/div>\n\t\t<\/section>\n\t\t\t\t<\/div>\n\t\t","protected":false},"excerpt":{"rendered":"<p>agenda Marzo Jueves 12 &#8211; 14:00hs &#8211; Presentaci\u00f3n 29\u00ba edici\u00f3n de Expo Macia 2026 La Casa de Entre R\u00edos ser\u00e1 sede de la presentaci\u00f3n en Buenos Aires de la 29\u00b0 Fiesta Nacional de la Apicultura y Expo Ap\u00edcola del Mercosur, uno de los encuentros productivos m\u00e1s importantes del sector. Durante la jornada se dar\u00e1n a [&hellip;]<\/p>\n","protected":false},"author":1,"featured_media":24176,"parent":0,"menu_order":0,"comment_status":"closed","ping_status":"closed","template":"","meta":{"footnotes":""},"class_list":["post-14727","page","type-page","status-publish","has-post-thumbnail","hentry"],"yoast_head":"<!-- This site is optimized with the Yoast SEO plugin v27.5 - https:\/\/yoast.com\/product\/yoast-seo-wordpress\/ -->\n<title>Agenda - Casa de Entre Rios<\/title>\n<meta name=\"description\" content=\"Consult\u00e1 la agenda de actividades de la Casa de Entre R\u00edos en Buenos Aires y enterate de los encuentros, presentaciones, muestras, charlas y eventos abiertos al p\u00fablico.\" \/>\n<meta name=\"robots\" content=\"index, follow, max-snippet:-1, max-image-preview:large, max-video-preview:-1\" \/>\n<link rel=\"canonical\" href=\"https:\/\/www.casadeentrerios.gov.ar\/?page_id=14727\" \/>\n<meta property=\"og:locale\" content=\"es_ES\" \/>\n<meta property=\"og:type\" content=\"article\" \/>\n<meta property=\"og:title\" content=\"Agenda - Casa de Entre Rios\" \/>\n<meta property=\"og:description\" content=\"Consult\u00e1 la agenda de actividades de la Casa de Entre R\u00edos en Buenos Aires y enterate de los encuentros, presentaciones, muestras, charlas y eventos abiertos al p\u00fablico.\" \/>\n<meta property=\"og:url\" content=\"https:\/\/www.casadeentrerios.gov.ar\/?page_id=14727\" \/>\n<meta property=\"og:site_name\" content=\"Casa de Entre Rios\" \/>\n<meta property=\"article:modified_time\" content=\"2026-09-01T20:06:41+00:00\" \/>\n<meta property=\"og:image\" content=\"https:\/\/www.casadeentrerios.gov.ar\/wp-content\/uploads\/2026\/06\/img_calendario.png\" \/>\n\t<meta property=\"og:image:width\" content=\"1080\" \/>\n\t<meta property=\"og:image:height\" content=\"1080\" \/>\n\t<meta property=\"og:image:type\" content=\"image\/png\" \/>\n<meta name=\"twitter:card\" content=\"summary_large_image\" \/>\n<meta name=\"twitter:label1\" content=\"Tiempo de lectura\" \/>\n\t<meta name=\"twitter:data1\" content=\"12 minutos\" \/>\n<script type=\"application\/ld+json\" class=\"yoast-schema-graph\">{\"@context\":\"https:\\\/\\\/schema.org\",\"@graph\":[{\"@type\":\"WebPage\",\"@id\":\"https:\\\/\\\/www.casadeentrerios.gov.ar\\\/?page_id=14727\",\"url\":\"https:\\\/\\\/www.casadeentrerios.gov.ar\\\/?page_id=14727\",\"name\":\"Agenda - Casa de Entre Rios\",\"isPartOf\":{\"@id\":\"https:\\\/\\\/www.casadeentrerios.gov.ar\\\/#website\"},\"primaryImageOfPage\":{\"@id\":\"https:\\\/\\\/www.casadeentrerios.gov.ar\\\/?page_id=14727#primaryimage\"},\"image\":{\"@id\":\"https:\\\/\\\/www.casadeentrerios.gov.ar\\\/?page_id=14727#primaryimage\"},\"thumbnailUrl\":\"https:\\\/\\\/www.casadeentrerios.gov.ar\\\/wp-content\\\/uploads\\\/2026\\\/06\\\/img_calendario.png\",\"datePublished\":\"2025-07-30T00:57:34+00:00\",\"dateModified\":\"2026-09-01T20:06:41+00:00\",\"description\":\"Consult\u00e1 la agenda de actividades de la Casa de Entre R\u00edos en Buenos Aires y enterate de los encuentros, presentaciones, muestras, charlas y eventos abiertos al p\u00fablico.\",\"breadcrumb\":{\"@id\":\"https:\\\/\\\/www.casadeentrerios.gov.ar\\\/?page_id=14727#breadcrumb\"},\"inLanguage\":\"es\",\"potentialAction\":[{\"@type\":\"ReadAction\",\"target\":[\"https:\\\/\\\/www.casadeentrerios.gov.ar\\\/?page_id=14727\"]}]},{\"@type\":\"ImageObject\",\"inLanguage\":\"es\",\"@id\":\"https:\\\/\\\/www.casadeentrerios.gov.ar\\\/?page_id=14727#primaryimage\",\"url\":\"https:\\\/\\\/www.casadeentrerios.gov.ar\\\/wp-content\\\/uploads\\\/2026\\\/06\\\/img_calendario.png\",\"contentUrl\":\"https:\\\/\\\/www.casadeentrerios.gov.ar\\\/wp-content\\\/uploads\\\/2026\\\/06\\\/img_calendario.png\",\"width\":1080,\"height\":1080},{\"@type\":\"BreadcrumbList\",\"@id\":\"https:\\\/\\\/www.casadeentrerios.gov.ar\\\/?page_id=14727#breadcrumb\",\"itemListElement\":[{\"@type\":\"ListItem\",\"position\":1,\"name\":\"Portada\",\"item\":\"https:\\\/\\\/www.casadeentrerios.gov.ar\\\/\"},{\"@type\":\"ListItem\",\"position\":2,\"name\":\"Agenda\"}]},{\"@type\":\"WebSite\",\"@id\":\"https:\\\/\\\/www.casadeentrerios.gov.ar\\\/#website\",\"url\":\"https:\\\/\\\/www.casadeentrerios.gov.ar\\\/\",\"name\":\"Casa de Entre Rios\",\"description\":\"Representaci\u00f3n del Gobierno de Entre Rios en CABA\",\"publisher\":{\"@id\":\"https:\\\/\\\/www.casadeentrerios.gov.ar\\\/#organization\"},\"potentialAction\":[{\"@type\":\"SearchAction\",\"target\":{\"@type\":\"EntryPoint\",\"urlTemplate\":\"https:\\\/\\\/www.casadeentrerios.gov.ar\\\/?s={search_term_string}\"},\"query-input\":{\"@type\":\"PropertyValueSpecification\",\"valueRequired\":true,\"valueName\":\"search_term_string\"}}],\"inLanguage\":\"es\"},{\"@type\":\"Organization\",\"@id\":\"https:\\\/\\\/www.casadeentrerios.gov.ar\\\/#organization\",\"name\":\"Casa de Entre Rios\",\"url\":\"https:\\\/\\\/www.casadeentrerios.gov.ar\\\/\",\"logo\":{\"@type\":\"ImageObject\",\"inLanguage\":\"es\",\"@id\":\"https:\\\/\\\/www.casadeentrerios.gov.ar\\\/#\\\/schema\\\/logo\\\/image\\\/\",\"url\":\"https:\\\/\\\/www.casadeentrerios.gov.ar\\\/wp-content\\\/uploads\\\/2021\\\/07\\\/img_cer_1.png\",\"contentUrl\":\"https:\\\/\\\/www.casadeentrerios.gov.ar\\\/wp-content\\\/uploads\\\/2021\\\/07\\\/img_cer_1.png\",\"width\":416,\"height\":87,\"caption\":\"Casa de Entre Rios\"},\"image\":{\"@id\":\"https:\\\/\\\/www.casadeentrerios.gov.ar\\\/#\\\/schema\\\/logo\\\/image\\\/\"}}]}<\/script>\n<!-- \/ Yoast SEO plugin. -->","yoast_head_json":{"title":"Agenda - Casa de Entre Rios","description":"Consult\u00e1 la agenda de actividades de la Casa de Entre R\u00edos en Buenos Aires y enterate de los encuentros, presentaciones, muestras, charlas y eventos abiertos al p\u00fablico.","robots":{"index":"index","follow":"follow","max-snippet":"max-snippet:-1","max-image-preview":"max-image-preview:large","max-video-preview":"max-video-preview:-1"},"canonical":"https:\/\/www.casadeentrerios.gov.ar\/?page_id=14727","og_locale":"es_ES","og_type":"article","og_title":"Agenda - Casa de Entre Rios","og_description":"Consult\u00e1 la agenda de actividades de la Casa de Entre R\u00edos en Buenos Aires y enterate de los encuentros, presentaciones, muestras, charlas y eventos abiertos al p\u00fablico.","og_url":"https:\/\/www.casadeentrerios.gov.ar\/?page_id=14727","og_site_name":"Casa de Entre Rios","article_modified_time":"2026-09-01T20:06:41+00:00","og_image":[{"width":1080,"height":1080,"url":"https:\/\/www.casadeentrerios.gov.ar\/wp-content\/uploads\/2026\/06\/img_calendario.png","type":"image\/png"}],"twitter_card":"summary_large_image","twitter_misc":{"Tiempo de lectura":"12 minutos"},"schema":{"@context":"https:\/\/schema.org","@graph":[{"@type":"WebPage","@id":"https:\/\/www.casadeentrerios.gov.ar\/?page_id=14727","url":"https:\/\/www.casadeentrerios.gov.ar\/?page_id=14727","name":"Agenda - Casa de Entre Rios","isPartOf":{"@id":"https:\/\/www.casadeentrerios.gov.ar\/#website"},"primaryImageOfPage":{"@id":"https:\/\/www.casadeentrerios.gov.ar\/?page_id=14727#primaryimage"},"image":{"@id":"https:\/\/www.casadeentrerios.gov.ar\/?page_id=14727#primaryimage"},"thumbnailUrl":"https:\/\/www.casadeentrerios.gov.ar\/wp-content\/uploads\/2026\/06\/img_calendario.png","datePublished":"2025-07-30T00:57:34+00:00","dateModified":"2026-09-01T20:06:41+00:00","description":"Consult\u00e1 la agenda de actividades de la Casa de Entre R\u00edos en Buenos Aires y enterate de los encuentros, presentaciones, muestras, charlas y eventos abiertos al p\u00fablico.","breadcrumb":{"@id":"https:\/\/www.casadeentrerios.gov.ar\/?page_id=14727#breadcrumb"},"inLanguage":"es","potentialAction":[{"@type":"ReadAction","target":["https:\/\/www.casadeentrerios.gov.ar\/?page_id=14727"]}]},{"@type":"ImageObject","inLanguage":"es","@id":"https:\/\/www.casadeentrerios.gov.ar\/?page_id=14727#primaryimage","url":"https:\/\/www.casadeentrerios.gov.ar\/wp-content\/uploads\/2026\/06\/img_calendario.png","contentUrl":"https:\/\/www.casadeentrerios.gov.ar\/wp-content\/uploads\/2026\/06\/img_calendario.png","width":1080,"height":1080},{"@type":"BreadcrumbList","@id":"https:\/\/www.casadeentrerios.gov.ar\/?page_id=14727#breadcrumb","itemListElement":[{"@type":"ListItem","position":1,"name":"Portada","item":"https:\/\/www.casadeentrerios.gov.ar\/"},{"@type":"ListItem","position":2,"name":"Agenda"}]},{"@type":"WebSite","@id":"https:\/\/www.casadeentrerios.gov.ar\/#website","url":"https:\/\/www.casadeentrerios.gov.ar\/","name":"Casa de Entre Rios","description":"Representaci\u00f3n del Gobierno de Entre Rios en CABA","publisher":{"@id":"https:\/\/www.casadeentrerios.gov.ar\/#organization"},"potentialAction":[{"@type":"SearchAction","target":{"@type":"EntryPoint","urlTemplate":"https:\/\/www.casadeentrerios.gov.ar\/?s={search_term_string}"},"query-input":{"@type":"PropertyValueSpecification","valueRequired":true,"valueName":"search_term_string"}}],"inLanguage":"es"},{"@type":"Organization","@id":"https:\/\/www.casadeentrerios.gov.ar\/#organization","name":"Casa de Entre Rios","url":"https:\/\/www.casadeentrerios.gov.ar\/","logo":{"@type":"ImageObject","inLanguage":"es","@id":"https:\/\/www.casadeentrerios.gov.ar\/#\/schema\/logo\/image\/","url":"https:\/\/www.casadeentrerios.gov.ar\/wp-content\/uploads\/2021\/07\/img_cer_1.png","contentUrl":"https:\/\/www.casadeentrerios.gov.ar\/wp-content\/uploads\/2021\/07\/img_cer_1.png","width":416,"height":87,"caption":"Casa de Entre Rios"},"image":{"@id":"https:\/\/www.casadeentrerios.gov.ar\/#\/schema\/logo\/image\/"}}]}},"_links":{"self":[{"href":"https:\/\/www.casadeentrerios.gov.ar\/index.php?rest_route=\/wp\/v2\/pages\/14727","targetHints":{"allow":["GET"]}}],"collection":[{"href":"https:\/\/www.casadeentrerios.gov.ar\/index.php?rest_route=\/wp\/v2\/pages"}],"about":[{"href":"https:\/\/www.casadeentrerios.gov.ar\/index.php?rest_route=\/wp\/v2\/types\/page"}],"author":[{"embeddable":true,"href":"https:\/\/www.casadeentrerios.gov.ar\/index.php?rest_route=\/wp\/v2\/users\/1"}],"replies":[{"embeddable":true,"href":"https:\/\/www.casadeentrerios.gov.ar\/index.php?rest_route=%2Fwp%2Fv2%2Fcomments&post=14727"}],"version-history":[{"count":727,"href":"https:\/\/www.casadeentrerios.gov.ar\/index.php?rest_route=\/wp\/v2\/pages\/14727\/revisions"}],"predecessor-version":[{"id":26567,"href":"https:\/\/www.casadeentrerios.gov.ar\/index.php?rest_route=\/wp\/v2\/pages\/14727\/revisions\/26567"}],"wp:featuredmedia":[{"embeddable":true,"href":"https:\/\/www.casadeentrerios.gov.ar\/index.php?rest_route=\/wp\/v2\/media\/24176"}],"wp:attachment":[{"href":"https:\/\/www.casadeentrerios.gov.ar\/index.php?rest_route=%2Fwp%2Fv2%2Fmedia&parent=14727"}],"curies":[{"name":"wp","href":"https:\/\/api.w.org\/{rel}","templated":true}]}}