{"id":23806,"date":"2026-06-05T18:29:59","date_gmt":"2026-06-05T18:29:59","guid":{"rendered":"https:\/\/www.casadeentrerios.gov.ar\/?page_id=23806"},"modified":"2026-06-30T23:24:22","modified_gmt":"2026-06-30T23:24:22","slug":"postulaciones","status":"publish","type":"page","link":"https:\/\/www.casadeentrerios.gov.ar\/?page_id=23806","title":{"rendered":"postulaciones"},"content":{"rendered":"\t\t<div data-elementor-type=\"wp-page\" data-elementor-id=\"23806\" class=\"elementor elementor-23806\" data-elementor-post-type=\"page\">\n\t\t\t\t\t\t<section class=\"elementor-section elementor-top-section elementor-element elementor-element-3a014bb2 elementor-section-height-min-height elementor-section-boxed elementor-section-height-default elementor-section-items-middle\" data-id=\"3a014bb2\" data-element_type=\"section\" data-e-type=\"section\" data-settings=\"{&quot;background_background&quot;:&quot;classic&quot;}\">\n\t\t\t\t\t\t\t<div class=\"elementor-background-overlay\"><\/div>\n\t\t\t\t\t\t\t<div class=\"elementor-container elementor-column-gap-default\">\n\t\t\t\t\t<div class=\"elementor-column elementor-col-100 elementor-top-column elementor-element elementor-element-2e8cd765\" data-id=\"2e8cd765\" data-element_type=\"column\" data-e-type=\"column\">\n\t\t\t<div class=\"elementor-widget-wrap elementor-element-populated\">\n\t\t\t\t\t\t<div class=\"elementor-element elementor-element-40008113 elementor-widget elementor-widget-heading\" data-id=\"40008113\" data-element_type=\"widget\" data-e-type=\"widget\" data-widget_type=\"heading.default\">\n\t\t\t\t<div class=\"elementor-widget-container\">\n\t\t\t\t\t<h3 class=\"elementor-heading-title elementor-size-default\">CONVOCATORIA ABIERTA <\/h3>\t\t\t\t<\/div>\n\t\t\t\t<\/div>\n\t\t\t\t<div class=\"elementor-element elementor-element-32ca66c2 elementor-widget elementor-widget-heading\" data-id=\"32ca66c2\" data-element_type=\"widget\" data-e-type=\"widget\" data-widget_type=\"heading.default\">\n\t\t\t\t<div class=\"elementor-widget-container\">\n\t\t\t\t\t<h1 class=\"elementor-heading-title elementor-size-default\">S\u00e9 parte del ciclo cultural de Casa <br>de Entre R\u00edos\n\n<\/h1>\t\t\t\t<\/div>\n\t\t\t\t<\/div>\n\t\t\t\t<div class=\"elementor-element elementor-element-2be8c0ba elementor-align-center elementor-mobile-align-center elementor-hidden-desktop elementor-hidden-tablet elementor-hidden-mobile elementor-widget elementor-widget-button\" data-id=\"2be8c0ba\" data-element_type=\"widget\" data-e-type=\"widget\" data-widget_type=\"button.default\">\n\t\t\t\t<div class=\"elementor-widget-container\">\n\t\t\t\t\t\t\t\t\t<div class=\"elementor-button-wrapper\">\n\t\t\t\t\t<a class=\"elementor-button elementor-button-link elementor-size-sm\" href=\"https:\/\/www.casadeentrerios.gov.ar\/?p=18272\">\n\t\t\t\t\t\t<span class=\"elementor-button-content-wrapper\">\n\t\t\t\t\t\t\t\t\t<span class=\"elementor-button-text\">LEER +. <\/span>\n\t\t\t\t\t<\/span>\n\t\t\t\t\t<\/a>\n\t\t\t\t<\/div>\n\t\t\t\t\t\t\t\t<\/div>\n\t\t\t\t<\/div>\n\t\t\t\t\t<\/div>\n\t\t<\/div>\n\t\t\t\t\t<\/div>\n\t\t<\/section>\n\t\t\t\t<section class=\"elementor-section elementor-top-section elementor-element elementor-element-64616b3f elementor-section-boxed elementor-section-height-default elementor-section-height-default\" data-id=\"64616b3f\" data-element_type=\"section\" data-e-type=\"section\">\n\t\t\t\t\t\t<div class=\"elementor-container elementor-column-gap-default\">\n\t\t\t\t\t<div class=\"elementor-column elementor-col-25 elementor-top-column elementor-element elementor-element-47987e2d\" data-id=\"47987e2d\" data-element_type=\"column\" data-e-type=\"column\">\n\t\t\t<div class=\"elementor-widget-wrap\">\n\t\t\t\t\t\t\t<\/div>\n\t\t<\/div>\n\t\t\t\t<div class=\"elementor-column elementor-col-50 elementor-top-column elementor-element elementor-element-5249d079\" data-id=\"5249d079\" data-element_type=\"column\" data-e-type=\"column\">\n\t\t\t<div class=\"elementor-widget-wrap elementor-element-populated\">\n\t\t\t\t\t\t<div class=\"elementor-element elementor-element-22f5384e animated-slow elementor-invisible elementor-widget elementor-widget-heading\" data-id=\"22f5384e\" data-element_type=\"widget\" data-e-type=\"widget\" data-settings=\"{&quot;_animation&quot;:&quot;fadeIn&quot;}\" data-widget_type=\"heading.default\">\n\t\t\t\t<div class=\"elementor-widget-container\">\n\t\t\t\t\t<h2 class=\"elementor-heading-title elementor-size-default\">Sobre la Convocatoria<\/h2>\t\t\t\t<\/div>\n\t\t\t\t<\/div>\n\t\t\t\t<div class=\"elementor-element elementor-element-79927fdb elementor-widget__width-initial elementor-widget elementor-widget-text-editor\" data-id=\"79927fdb\" data-element_type=\"widget\" data-e-type=\"widget\" data-widget_type=\"text-editor.default\">\n\t\t\t\t<div class=\"elementor-widget-container\">\n\t\t\t\t\t\t\t\t\t<p>Buscamos crear una programaci\u00f3n cultural viva, diversa y representativa del talento de nuestra provincia en territorio porte\u00f1o.<\/p><p>Por eso, convocamos a presentar propuestas a artistas, gestores culturales, talleristas, investigadores y referentes creativos entrerrianos que actualmente residan en la Ciudad de Buenos Aires y AMBA.<\/p>\t\t\t\t\t\t\t\t<\/div>\n\t\t\t\t<\/div>\n\t\t\t\t\t<\/div>\n\t\t<\/div>\n\t\t\t\t<div class=\"elementor-column elementor-col-25 elementor-top-column elementor-element elementor-element-362c3b34\" data-id=\"362c3b34\" data-element_type=\"column\" data-e-type=\"column\">\n\t\t\t<div class=\"elementor-widget-wrap\">\n\t\t\t\t\t\t\t<\/div>\n\t\t<\/div>\n\t\t\t\t\t<\/div>\n\t\t<\/section>\n\t\t\t\t<section class=\"elementor-section elementor-top-section elementor-element elementor-element-dd58ff4 elementor-section-boxed elementor-section-height-default elementor-section-height-default\" data-id=\"dd58ff4\" data-element_type=\"section\" data-e-type=\"section\">\n\t\t\t\t\t\t<div class=\"elementor-container elementor-column-gap-default\">\n\t\t\t\t\t<div class=\"elementor-column elementor-col-100 elementor-top-column elementor-element elementor-element-7a20859\" data-id=\"7a20859\" data-element_type=\"column\" data-e-type=\"column\">\n\t\t\t<div class=\"elementor-widget-wrap elementor-element-populated\">\n\t\t\t\t\t\t<div class=\"elementor-element elementor-element-d26e91d elementor-widget elementor-widget-html\" data-id=\"d26e91d\" data-element_type=\"widget\" data-e-type=\"widget\" data-widget_type=\"html.default\">\n\t\t\t\t<div class=\"elementor-widget-container\">\n\t\t\t\t\t<link rel=\"preconnect\" href=\"https:\/\/fonts.googleapis.com\">\n<link rel=\"preconnect\" href=\"https:\/\/fonts.gstatic.com\" crossorigin>\n<link href=\"https:\/\/fonts.googleapis.com\/css2?family=Inter:wght@400;500;600;700;800&display=swap\" rel=\"stylesheet\">\n\n<section class=\"cer-info\">\n\n    <div class=\"cer-card\">\n        <i class=\"fas fa-calendar-alt\"><\/i>\n        <h3>Plazo<\/h3>\n        <div class=\"cer-divider\"><\/div>\n        <p>Ten\u00e9s tiempo para<br>postularte hasta el 10<br>de julio<\/p>\n    <\/div>\n\n    <div class=\"cer-card\">\n        <i class=\"fas fa-users\"><\/i>\n        <h3>Participar<\/h3>\n        <div class=\"cer-divider\"><\/div>\n        <p>Personas, grupos,<br>organizaciones de<br>Entre R\u00edos residentes<br>en CABA o AMBA<\/p>\n    <\/div>\n\n    <div class=\"cer-card\">\n        <i class=\"fas fa-map-marker-alt\"><\/i>\n        <h3>Lugar<\/h3>\n        <div class=\"cer-divider\"><\/div>\n        <p>Casa de Entre R\u00edos<br>(Suipacha 844, CABA)<\/p>\n    <\/div>\n\n<\/section>\n\n<style>\n\n.cer-info{\n    font-family:'Inter',sans-serif;\n    max-width:1180px;\n    margin:40px auto;\n    display:grid;\n    grid-template-columns:repeat(3,1fr);\n    gap:24px;\n}\n\n.cer-card{\n    background:#A0C431;\n    border-radius:18px;\n    min-height:285px;\n    padding:36px 28px;\n\n    display:flex;\n    flex-direction:column;\n    align-items:center;\n    justify-content:flex-start;\n\n    text-align:center;\n\n    box-shadow:0 8px 20px rgba(0,0,0,.08);\n}\n\n.cer-card i{\n    font-size:52px;\n    margin-bottom:18px;\n}\n\n.cer-card h3{\n    margin:0;\n    font-size:34px;\n    font-weight:800;\n}\n\n.cer-divider{\n    width:70%;\n    height:2px;\n    background:rgba(255,255,255,.75);\n    margin:22px 0;\n}\n\n.cer-card p{\n    margin:0;\n    font-size:20px;\n    line-height:1.45;\n}\n\n\/* ======== ELIMINA TODOS LOS EFECTOS ======== *\/\n\n.cer-card,\n.cer-card *,\n.cer-card:hover,\n.cer-card:hover *,\n.cer-card:focus,\n.cer-card:focus *,\n.cer-card:active,\n.cer-card:active *{\n\n    color:#fff !important;\n    background:#A0C431 !important;\n\n    text-shadow:none !important;\n    box-shadow:none !important;\n    filter:none !important;\n\n    transition:none !important;\n    transform:none !important;\n    animation:none !important;\n\n    text-decoration:none !important;\n}\n\n.cer-card{\n    box-shadow:0 8px 20px rgba(0,0,0,.08) !important;\n}\n\n.cer-card a,\n.cer-card a:hover,\n.cer-card a:focus,\n.cer-card a:visited{\n    color:#fff !important;\n    text-shadow:none !important;\n    text-decoration:none !important;\n}\n\n@media(max-width:900px){\n\n.cer-info{\ngrid-template-columns:1fr;\n}\n\n.cer-card{\nmin-height:240px;\n}\n\n.cer-card h3{\nfont-size:30px;\n}\n\n.cer-card p{\nfont-size:18px;\n}\n\n}\n\n<\/style>\t\t\t\t<\/div>\n\t\t\t\t<\/div>\n\t\t\t\t\t<\/div>\n\t\t<\/div>\n\t\t\t\t\t<\/div>\n\t\t<\/section>\n\t\t\t\t<section class=\"elementor-section elementor-top-section elementor-element elementor-element-4afe4ea elementor-section-boxed elementor-section-height-default elementor-section-height-default\" data-id=\"4afe4ea\" data-element_type=\"section\" data-e-type=\"section\" data-settings=\"{&quot;background_background&quot;:&quot;classic&quot;}\">\n\t\t\t\t\t\t<div class=\"elementor-container elementor-column-gap-default\">\n\t\t\t\t\t<div class=\"elementor-column elementor-col-25 elementor-top-column elementor-element elementor-element-9977bbb\" data-id=\"9977bbb\" data-element_type=\"column\" data-e-type=\"column\">\n\t\t\t<div class=\"elementor-widget-wrap\">\n\t\t\t\t\t\t\t<\/div>\n\t\t<\/div>\n\t\t\t\t<div class=\"elementor-column elementor-col-25 elementor-top-column elementor-element elementor-element-eca4b8c\" data-id=\"eca4b8c\" data-element_type=\"column\" data-e-type=\"column\">\n\t\t\t<div class=\"elementor-widget-wrap elementor-element-populated\">\n\t\t\t\t\t\t<div class=\"elementor-element elementor-element-c8d6902 elementor-align-left elementor-mobile-align-center elementor-widget__width-initial elementor-widget elementor-widget-button\" data-id=\"c8d6902\" data-element_type=\"widget\" data-e-type=\"widget\" data-widget_type=\"button.default\">\n\t\t\t\t<div class=\"elementor-widget-container\">\n\t\t\t\t\t\t\t\t\t<div class=\"elementor-button-wrapper\">\n\t\t\t\t\t<a class=\"elementor-button elementor-button-link elementor-size-sm\" href=\"https:\/\/docs.google.com\/forms\/d\/e\/1FAIpQLSc2uPDS36F71TOB8Y3854KPKKZGN171t9fnzI1GvjaMDQ0UGA\/viewform\" target=\"_blank\">\n\t\t\t\t\t\t<span class=\"elementor-button-content-wrapper\">\n\t\t\t\t\t\t\t\t\t<span class=\"elementor-button-text\">BASES Y CONDICIONES <\/span>\n\t\t\t\t\t<\/span>\n\t\t\t\t\t<\/a>\n\t\t\t\t<\/div>\n\t\t\t\t\t\t\t\t<\/div>\n\t\t\t\t<\/div>\n\t\t\t\t\t<\/div>\n\t\t<\/div>\n\t\t\t\t<div class=\"elementor-column elementor-col-25 elementor-top-column elementor-element elementor-element-a4892ce\" data-id=\"a4892ce\" data-element_type=\"column\" data-e-type=\"column\">\n\t\t\t<div class=\"elementor-widget-wrap elementor-element-populated\">\n\t\t\t\t\t\t<div class=\"elementor-element elementor-element-17b3053 elementor-align-left elementor-mobile-align-center elementor-widget__width-initial elementor-widget elementor-widget-button\" data-id=\"17b3053\" data-element_type=\"widget\" data-e-type=\"widget\" data-widget_type=\"button.default\">\n\t\t\t\t<div class=\"elementor-widget-container\">\n\t\t\t\t\t\t\t\t\t<div class=\"elementor-button-wrapper\">\n\t\t\t\t\t<a class=\"elementor-button elementor-button-link elementor-size-sm\" href=\"https:\/\/docs.google.com\/forms\/d\/e\/1FAIpQLSc2uPDS36F71TOB8Y3854KPKKZGN171t9fnzI1GvjaMDQ0UGA\/viewform\" target=\"_blank\">\n\t\t\t\t\t\t<span class=\"elementor-button-content-wrapper\">\n\t\t\t\t\t\t\t\t\t<span class=\"elementor-button-text\">COMPLETAR FORMULARIO<\/span>\n\t\t\t\t\t<\/span>\n\t\t\t\t\t<\/a>\n\t\t\t\t<\/div>\n\t\t\t\t\t\t\t\t<\/div>\n\t\t\t\t<\/div>\n\t\t\t\t\t<\/div>\n\t\t<\/div>\n\t\t\t\t<div class=\"elementor-column elementor-col-25 elementor-top-column elementor-element elementor-element-824c4cc\" data-id=\"824c4cc\" data-element_type=\"column\" data-e-type=\"column\">\n\t\t\t<div class=\"elementor-widget-wrap\">\n\t\t\t\t\t\t\t<\/div>\n\t\t<\/div>\n\t\t\t\t\t<\/div>\n\t\t<\/section>\n\t\t\t\t<section class=\"elementor-section elementor-top-section elementor-element elementor-element-058d181 elementor-section-boxed elementor-section-height-default elementor-section-height-default\" data-id=\"058d181\" data-element_type=\"section\" data-e-type=\"section\">\n\t\t\t\t\t\t<div class=\"elementor-container elementor-column-gap-default\">\n\t\t\t\t\t<div class=\"elementor-column elementor-col-100 elementor-top-column elementor-element elementor-element-571abec\" data-id=\"571abec\" data-element_type=\"column\" data-e-type=\"column\">\n\t\t\t<div class=\"elementor-widget-wrap elementor-element-populated\">\n\t\t\t\t\t\t<div class=\"elementor-element elementor-element-90f6352 elementor-widget elementor-widget-spacer\" data-id=\"90f6352\" data-element_type=\"widget\" data-e-type=\"widget\" data-widget_type=\"spacer.default\">\n\t\t\t\t<div class=\"elementor-widget-container\">\n\t\t\t\t\t\t\t<div class=\"elementor-spacer\">\n\t\t\t<div class=\"elementor-spacer-inner\"><\/div>\n\t\t<\/div>\n\t\t\t\t\t\t<\/div>\n\t\t\t\t<\/div>\n\t\t\t\t<div class=\"elementor-element elementor-element-fa7ac90 animated-slow elementor-invisible elementor-widget elementor-widget-heading\" data-id=\"fa7ac90\" data-element_type=\"widget\" data-e-type=\"widget\" data-settings=\"{&quot;_animation&quot;:&quot;fadeIn&quot;}\" data-widget_type=\"heading.default\">\n\t\t\t\t<div class=\"elementor-widget-container\">\n\t\t\t\t\t<h2 class=\"elementor-heading-title elementor-size-default\">L\u00edneas de participaci\u00f3n<\/h2>\t\t\t\t<\/div>\n\t\t\t\t<\/div>\n\t\t\t\t\t<\/div>\n\t\t<\/div>\n\t\t\t\t\t<\/div>\n\t\t<\/section>\n\t\t\t\t<section class=\"elementor-section elementor-top-section elementor-element elementor-element-968132b elementor-section-boxed elementor-section-height-default elementor-section-height-default\" data-id=\"968132b\" data-element_type=\"section\" data-e-type=\"section\">\n\t\t\t\t\t\t<div class=\"elementor-container elementor-column-gap-default\">\n\t\t\t\t\t<div class=\"elementor-column elementor-col-100 elementor-top-column elementor-element elementor-element-0075dfa\" data-id=\"0075dfa\" data-element_type=\"column\" data-e-type=\"column\">\n\t\t\t<div class=\"elementor-widget-wrap elementor-element-populated\">\n\t\t\t\t\t\t<div class=\"elementor-element elementor-element-021b4b0 elementor-widget elementor-widget-html\" data-id=\"021b4b0\" data-element_type=\"widget\" data-e-type=\"widget\" data-widget_type=\"html.default\">\n\t\t\t\t<div class=\"elementor-widget-container\">\n\t\t\t\t\t<link href=\"https:\/\/fonts.googleapis.com\/css2?family=Inter:wght@400;500;600;700&display=swap\" rel=\"stylesheet\">\n\n<section class=\"cer-tematica\">\n\n\n\n  <div class=\"cer-tematica-grid\">\n\n    <div class=\"cer-tematica-card\">\n      <i class=\"fas fa-palette\"><\/i>\n      <span>Artes Visuales<\/span>\n    <\/div>\n\n    <div class=\"cer-tematica-card\">\n      <i class=\"fas fa-book-open\"><\/i>\n      <span>Literatura<\/span>\n    <\/div>\n\n    <div class=\"cer-tematica-card\">\n      <i class=\"fas fa-chalkboard-teacher\"><\/i>\n      <span>Talleres<\/span>\n    <\/div>\n\n    <div class=\"cer-tematica-card\">\n      <i class=\"fas fa-music\"><\/i>\n      <span>M\u00fasica<\/span>\n    <\/div>\n\n    <div class=\"cer-tematica-card\">\n      <i class=\"fas fa-theater-masks\"><\/i>\n      <span>Artes Esc\u00e9nicas<\/span>\n    <\/div>\n\n    <div class=\"cer-tematica-card\">\n      <i class=\"fas fa-video\"><\/i>\n      <span>Audiovisuales<\/span>\n    <\/div>\n\n    <div class=\"cer-tematica-card cer-full\">\n      <i class=\"fas fa-landmark\"><\/i>\n      <span>Patrimonio, Territorio e Identidad<\/span>\n    <\/div>\n\n  <\/div>\n\n<\/section>\n\n<style>\n.cer-tematica{\n  font-family:'Inter',sans-serif;\n  max-width:1320px;\n  margin:0 auto;\n  padding:20px 10px;\n}\n\n.cer-tematica h2{\n  text-align:center;\n  color:#A0C431 !important;\n  font-size:22px;\n  font-weight:700;\n  text-transform:uppercase;\n  margin:0 0 30px;\n}\n\n.cer-tematica-grid{\n  display:grid;\n  grid-template-columns:repeat(3,1fr);\n  gap:20px;\n}\n\n.cer-tematica-card{\n  background:#A0C431 !important;\n  color:#fff !important;\n  border-radius:10px;\n  min-height:105px;\n  padding:22px 28px;\n\n  display:flex;\n  align-items:center;\n  justify-content:center;\n  gap:14px;\n\n  font-size:23px;\n  font-weight:700;\n  text-align:center;\n\n  box-shadow:0 8px 22px rgba(0,0,0,.08);\n  transition:none !important;\n  transform:none !important;\n}\n\n.cer-tematica-card i{\n  color:#fff !important;\n  font-size:27px;\n  line-height:1;\n}\n\n.cer-tematica-card span{\n  color:#fff !important;\n}\n\n.cer-full{\n  grid-column:1 \/ -1;\n}\n\n\/* Sin hover *\/\n.cer-tematica-card:hover,\n.cer-tematica-card:hover *,\n.cer-tematica-card:focus,\n.cer-tematica-card:active{\n  background:#A0C431 !important;\n  color:#fff !important;\n  transform:none !important;\n  transition:none !important;\n  text-decoration:none !important;\n}\n\n.cer-tematica h2:hover{\n  color:#A0C431 !important;\n}\n\n@media(max-width:768px){\n  .cer-tematica-grid{\n    grid-template-columns:1fr;\n  }\n\n  .cer-tematica-card{\n    min-height:90px;\n    font-size:20px;\n  }\n\n  .cer-tematica-card i{\n    font-size:24px;\n  }\n}\n<\/style>\t\t\t\t<\/div>\n\t\t\t\t<\/div>\n\t\t\t\t\t<\/div>\n\t\t<\/div>\n\t\t\t\t\t<\/div>\n\t\t<\/section>\n\t\t\t\t<section class=\"elementor-section elementor-top-section elementor-element elementor-element-448a85e elementor-section-boxed elementor-section-height-default elementor-section-height-default\" data-id=\"448a85e\" data-element_type=\"section\" data-e-type=\"section\">\n\t\t\t\t\t\t<div class=\"elementor-container elementor-column-gap-default\">\n\t\t\t\t\t<div class=\"elementor-column elementor-col-25 elementor-top-column elementor-element elementor-element-59a35bf\" data-id=\"59a35bf\" data-element_type=\"column\" data-e-type=\"column\">\n\t\t\t<div class=\"elementor-widget-wrap\">\n\t\t\t\t\t\t\t<\/div>\n\t\t<\/div>\n\t\t\t\t<div class=\"elementor-column elementor-col-50 elementor-top-column elementor-element elementor-element-3a6f7a4\" data-id=\"3a6f7a4\" data-element_type=\"column\" data-e-type=\"column\">\n\t\t\t<div class=\"elementor-widget-wrap elementor-element-populated\">\n\t\t\t\t\t\t<div class=\"elementor-element elementor-element-75b22ba animated-slow elementor-invisible elementor-widget elementor-widget-heading\" data-id=\"75b22ba\" data-element_type=\"widget\" data-e-type=\"widget\" data-settings=\"{&quot;_animation&quot;:&quot;fadeIn&quot;}\" data-widget_type=\"heading.default\">\n\t\t\t\t<div class=\"elementor-widget-container\">\n\t\t\t\t\t<h2 class=\"elementor-heading-title elementor-size-default\">Requisitos y Condiciones<\/h2>\t\t\t\t<\/div>\n\t\t\t\t<\/div>\n\t\t\t\t<div class=\"elementor-element elementor-element-d90fc98 elementor-widget__width-initial elementor-widget elementor-widget-toggle\" data-id=\"d90fc98\" data-element_type=\"widget\" data-e-type=\"widget\" data-widget_type=\"toggle.default\">\n\t\t\t\t<div class=\"elementor-widget-container\">\n\t\t\t\t\t\t\t<div class=\"elementor-toggle\">\n\t\t\t\t\t\t\t<div class=\"elementor-toggle-item\">\n\t\t\t\t\t<div id=\"elementor-tab-title-2271\" class=\"elementor-tab-title\" data-tab=\"1\" role=\"button\" aria-controls=\"elementor-tab-content-2271\" aria-expanded=\"false\">\n\t\t\t\t\t\t\t\t\t\t\t\t<span class=\"elementor-toggle-icon elementor-toggle-icon-right\" aria-hidden=\"true\">\n\t\t\t\t\t\t\t\t\t\t\t\t\t\t\t<span class=\"elementor-toggle-icon-closed\"><svg xmlns=\"http:\/\/www.w3.org\/2000\/svg\" id=\"b64b7500-205e-4b4c-b85b-719c6b9efefc\" data-name=\"Layer 1\" width=\"14.6802\" height=\"7.5488\" viewBox=\"0 0 14.6802 7.5488\"><polygon points=\"7.34 7.549 0 0.732 0.681 0 7.34 6.184 14 0 14.68 0.732 7.34 7.549\"><\/polygon><\/svg><\/span>\n\t\t\t\t\t\t\t\t<span class=\"elementor-toggle-icon-opened\"><svg xmlns=\"http:\/\/www.w3.org\/2000\/svg\" id=\"a9a06c65-5466-4dff-9af0-1537f84a1b5f\" data-name=\"Layer 1\" width=\"14.6802\" height=\"7.5488\" viewBox=\"0 0 14.6802 7.5488\"><polygon points=\"7.34 0 14.68 6.816 14 7.549 7.34 1.365 0.68 7.549 0 6.816 7.34 0\"><\/polygon><\/svg><\/span>\n\t\t\t\t\t\t\t\t\t\t\t\t\t<\/span>\n\t\t\t\t\t\t\t\t\t\t\t\t<a class=\"elementor-toggle-title\" tabindex=\"0\">1. \u00bfQui\u00e9nes pueden participar?<\/a>\n\t\t\t\t\t<\/div>\n\n\t\t\t\t\t<div id=\"elementor-tab-content-2271\" class=\"elementor-tab-content elementor-clearfix\" data-tab=\"1\" role=\"region\" aria-labelledby=\"elementor-tab-title-2271\"><p data-start=\"45\" data-end=\"286\">La convocatoria esta dirigida a artistas, gestores culturales, talleristas, investigadores, realizadores y referentes creativos entrerrianos que residan actualmente en la Ciudad de Buenos Aires o el \u00c1rea Metropolitana de Buenos Aires (AMBA).<\/p><\/div>\n\t\t\t\t<\/div>\n\t\t\t\t\t\t\t<div class=\"elementor-toggle-item\">\n\t\t\t\t\t<div id=\"elementor-tab-title-2272\" class=\"elementor-tab-title\" data-tab=\"2\" role=\"button\" aria-controls=\"elementor-tab-content-2272\" aria-expanded=\"false\">\n\t\t\t\t\t\t\t\t\t\t\t\t<span class=\"elementor-toggle-icon elementor-toggle-icon-right\" aria-hidden=\"true\">\n\t\t\t\t\t\t\t\t\t\t\t\t\t\t\t<span class=\"elementor-toggle-icon-closed\"><svg xmlns=\"http:\/\/www.w3.org\/2000\/svg\" id=\"b64b7500-205e-4b4c-b85b-719c6b9efefc\" data-name=\"Layer 1\" width=\"14.6802\" height=\"7.5488\" viewBox=\"0 0 14.6802 7.5488\"><polygon points=\"7.34 7.549 0 0.732 0.681 0 7.34 6.184 14 0 14.68 0.732 7.34 7.549\"><\/polygon><\/svg><\/span>\n\t\t\t\t\t\t\t\t<span class=\"elementor-toggle-icon-opened\"><svg xmlns=\"http:\/\/www.w3.org\/2000\/svg\" id=\"a9a06c65-5466-4dff-9af0-1537f84a1b5f\" data-name=\"Layer 1\" width=\"14.6802\" height=\"7.5488\" viewBox=\"0 0 14.6802 7.5488\"><polygon points=\"7.34 0 14.68 6.816 14 7.549 7.34 1.365 0.68 7.549 0 6.816 7.34 0\"><\/polygon><\/svg><\/span>\n\t\t\t\t\t\t\t\t\t\t\t\t\t<\/span>\n\t\t\t\t\t\t\t\t\t\t\t\t<a class=\"elementor-toggle-title\" tabindex=\"0\">2. Categor\u00edas de participaci\u00f3n<\/a>\n\t\t\t\t\t<\/div>\n\n\t\t\t\t\t<div id=\"elementor-tab-content-2272\" class=\"elementor-tab-content elementor-clearfix\" data-tab=\"2\" role=\"region\" aria-labelledby=\"elementor-tab-title-2272\"><p data-start=\"29\" data-end=\"204\">La convocatoria est\u00e1 abierta a propuestas art\u00edsticas, culturales y formativas que contribuyan a visibilizar y fortalecer la identidad entrerriana en la Ciudad de Buenos Aires.<\/p><p data-start=\"206\" data-end=\"335\"><strong data-start=\"206\" data-end=\"224\">Artes visuales<\/strong><br data-start=\"224\" data-end=\"227\" \/>Exhibiciones, muestras, instalaciones, fotograf\u00eda, ilustraci\u00f3n y proyectos de artes visuales contempor\u00e1neas.<\/p><p data-start=\"337\" data-end=\"486\"><strong data-start=\"337\" data-end=\"365\">Literatura y pensamiento<\/strong><br data-start=\"365\" data-end=\"368\" \/>Presentaciones de libros, conversatorios, ciclos de lectura, poes\u00eda, entrevistas p\u00fablicas, charlas y mesas de di\u00e1logo.<\/p><p data-start=\"488\" data-end=\"617\"><strong data-start=\"488\" data-end=\"512\">Talleres y formaci\u00f3n<\/strong><br data-start=\"512\" data-end=\"515\" \/>Talleres, laboratorios creativos, seminarios, cl\u00ednicas y propuestas de capacitaci\u00f3n de corta duraci\u00f3n.<\/p><p data-start=\"619\" data-end=\"833\"><strong data-start=\"619\" data-end=\"657\">Patrimonio, territorio e identidad<\/strong><br data-start=\"657\" data-end=\"660\" \/>Encuentros, charlas y actividades vinculadas a la cultura entrerriana, los oficios, el dise\u00f1o, la gastronom\u00eda, el turismo cultural, la memoria y las producciones regionales.<\/p><p data-start=\"835\" data-end=\"1008\"><strong data-start=\"835\" data-end=\"853\">M\u00fasica en vivo<\/strong><br data-start=\"853\" data-end=\"856\" \/>Presentaciones de solistas, d\u00faos y ensambles en formatos ac\u00fasticos o de peque\u00f1a escala, incluyendo folklore, chamam\u00e9, tango y propuestas contempor\u00e1neas.<\/p><p data-start=\"1010\" data-end=\"1134\"><strong data-start=\"1010\" data-end=\"1029\">Artes esc\u00e9nicas<\/strong><br data-start=\"1029\" data-end=\"1032\" \/>Teatro, narraci\u00f3n oral, danza, performance, lecturas perform\u00e1ticas y experiencias interdisciplinarias.<\/p><p data-start=\"1136\" data-end=\"1285\" data-is-last-node=\"\" data-is-only-node=\"\"><strong data-start=\"1136\" data-end=\"1153\">Audiovisuales<\/strong><br data-start=\"1153\" data-end=\"1156\" \/>Proyecciones, cine debate, videoarte y exhibici\u00f3n de producciones audiovisuales con participaci\u00f3n de realizadores y realizadoras.<\/p><\/div>\n\t\t\t\t<\/div>\n\t\t\t\t\t\t\t<div class=\"elementor-toggle-item\">\n\t\t\t\t\t<div id=\"elementor-tab-title-2273\" class=\"elementor-tab-title\" data-tab=\"3\" role=\"button\" aria-controls=\"elementor-tab-content-2273\" aria-expanded=\"false\">\n\t\t\t\t\t\t\t\t\t\t\t\t<span class=\"elementor-toggle-icon elementor-toggle-icon-right\" aria-hidden=\"true\">\n\t\t\t\t\t\t\t\t\t\t\t\t\t\t\t<span class=\"elementor-toggle-icon-closed\"><svg xmlns=\"http:\/\/www.w3.org\/2000\/svg\" id=\"b64b7500-205e-4b4c-b85b-719c6b9efefc\" data-name=\"Layer 1\" width=\"14.6802\" height=\"7.5488\" viewBox=\"0 0 14.6802 7.5488\"><polygon points=\"7.34 7.549 0 0.732 0.681 0 7.34 6.184 14 0 14.68 0.732 7.34 7.549\"><\/polygon><\/svg><\/span>\n\t\t\t\t\t\t\t\t<span class=\"elementor-toggle-icon-opened\"><svg xmlns=\"http:\/\/www.w3.org\/2000\/svg\" id=\"a9a06c65-5466-4dff-9af0-1537f84a1b5f\" data-name=\"Layer 1\" width=\"14.6802\" height=\"7.5488\" viewBox=\"0 0 14.6802 7.5488\"><polygon points=\"7.34 0 14.68 6.816 14 7.549 7.34 1.365 0.68 7.549 0 6.816 7.34 0\"><\/polygon><\/svg><\/span>\n\t\t\t\t\t\t\t\t\t\t\t\t\t<\/span>\n\t\t\t\t\t\t\t\t\t\t\t\t<a class=\"elementor-toggle-title\" tabindex=\"0\">3. Requisitos para postularse<\/a>\n\t\t\t\t\t<\/div>\n\n\t\t\t\t\t<div id=\"elementor-tab-content-2273\" class=\"elementor-tab-content elementor-clearfix\" data-tab=\"3\" role=\"region\" aria-labelledby=\"elementor-tab-title-2273\"><p data-start=\"693\" data-end=\"707\"><strong data-start=\"693\" data-end=\"707\">Contenido:<\/strong><\/p><ul data-start=\"708\" data-end=\"877\"><li data-section-id=\"kd70f2\" data-start=\"708\" data-end=\"775\">Ser entrerriano o acreditar trayectoria vinculada a la provincia.<\/li><li data-section-id=\"73yeta\" data-start=\"776\" data-end=\"801\">Residir en CABA o AMBA.<\/li><li data-section-id=\"y3fmbg\" data-start=\"802\" data-end=\"837\">Propuesta adaptable al auditorio.<\/li><li data-section-id=\"fl6fxy\" data-start=\"838\" data-end=\"877\">Disponibilidad para coordinar fechas.<\/li><\/ul><\/div>\n\t\t\t\t<\/div>\n\t\t\t\t\t\t\t<div class=\"elementor-toggle-item\">\n\t\t\t\t\t<div id=\"elementor-tab-title-2274\" class=\"elementor-tab-title\" data-tab=\"4\" role=\"button\" aria-controls=\"elementor-tab-content-2274\" aria-expanded=\"false\">\n\t\t\t\t\t\t\t\t\t\t\t\t<span class=\"elementor-toggle-icon elementor-toggle-icon-right\" aria-hidden=\"true\">\n\t\t\t\t\t\t\t\t\t\t\t\t\t\t\t<span class=\"elementor-toggle-icon-closed\"><svg xmlns=\"http:\/\/www.w3.org\/2000\/svg\" id=\"b64b7500-205e-4b4c-b85b-719c6b9efefc\" data-name=\"Layer 1\" width=\"14.6802\" height=\"7.5488\" viewBox=\"0 0 14.6802 7.5488\"><polygon points=\"7.34 7.549 0 0.732 0.681 0 7.34 6.184 14 0 14.68 0.732 7.34 7.549\"><\/polygon><\/svg><\/span>\n\t\t\t\t\t\t\t\t<span class=\"elementor-toggle-icon-opened\"><svg xmlns=\"http:\/\/www.w3.org\/2000\/svg\" id=\"a9a06c65-5466-4dff-9af0-1537f84a1b5f\" data-name=\"Layer 1\" width=\"14.6802\" height=\"7.5488\" viewBox=\"0 0 14.6802 7.5488\"><polygon points=\"7.34 0 14.68 6.816 14 7.549 7.34 1.365 0.68 7.549 0 6.816 7.34 0\"><\/polygon><\/svg><\/span>\n\t\t\t\t\t\t\t\t\t\t\t\t\t<\/span>\n\t\t\t\t\t\t\t\t\t\t\t\t<a class=\"elementor-toggle-title\" tabindex=\"0\">4. \u00bfC\u00f3mo es el proceso de selecci\u00f3n?<\/a>\n\t\t\t\t\t<\/div>\n\n\t\t\t\t\t<div id=\"elementor-tab-content-2274\" class=\"elementor-tab-content elementor-clearfix\" data-tab=\"4\" role=\"region\" aria-labelledby=\"elementor-tab-title-2274\"><p>Las propuestas ser\u00e1n evaluadas por el equipo de comunicaci\u00f3n y cultura de la Casa de Entre R\u00edos, mediante un proceso curatorial abierto, plural y equitativo,<br \/>que contemplar\u00e1:<\/p><p>\u2022 Calidad y pertinencia de la propuesta<br \/>\u2022 Diversidad de lenguajes y representatividad territorial<br \/>\u2022 Viabilidad t\u00e9cnica<br \/>\u2022 Disponibilidad del auditorio<br \/>\u2022 Articulaci\u00f3n con la agenda institucional y cultural de Casa de Entre R\u00edos<br \/>\u2022 Equilibrio entre artistas emergentes y trayectorias consolidadas<\/p><p>La postulaci\u00f3n no implica programaci\u00f3n autom\u00e1tica, ya que la selecci\u00f3n y<br \/>calendarizaci\u00f3n se realizar\u00e1 en funci\u00f3n de la disponibilidad de fechas, objetivos institucionales y criterios curatoriales.<\/p><\/div>\n\t\t\t\t<\/div>\n\t\t\t\t\t\t\t<div class=\"elementor-toggle-item\">\n\t\t\t\t\t<div id=\"elementor-tab-title-2275\" class=\"elementor-tab-title\" data-tab=\"5\" role=\"button\" aria-controls=\"elementor-tab-content-2275\" aria-expanded=\"false\">\n\t\t\t\t\t\t\t\t\t\t\t\t<span class=\"elementor-toggle-icon elementor-toggle-icon-right\" aria-hidden=\"true\">\n\t\t\t\t\t\t\t\t\t\t\t\t\t\t\t<span class=\"elementor-toggle-icon-closed\"><svg xmlns=\"http:\/\/www.w3.org\/2000\/svg\" id=\"b64b7500-205e-4b4c-b85b-719c6b9efefc\" data-name=\"Layer 1\" width=\"14.6802\" height=\"7.5488\" viewBox=\"0 0 14.6802 7.5488\"><polygon points=\"7.34 7.549 0 0.732 0.681 0 7.34 6.184 14 0 14.68 0.732 7.34 7.549\"><\/polygon><\/svg><\/span>\n\t\t\t\t\t\t\t\t<span class=\"elementor-toggle-icon-opened\"><svg xmlns=\"http:\/\/www.w3.org\/2000\/svg\" id=\"a9a06c65-5466-4dff-9af0-1537f84a1b5f\" data-name=\"Layer 1\" width=\"14.6802\" height=\"7.5488\" viewBox=\"0 0 14.6802 7.5488\"><polygon points=\"7.34 0 14.68 6.816 14 7.549 7.34 1.365 0.68 7.549 0 6.816 7.34 0\"><\/polygon><\/svg><\/span>\n\t\t\t\t\t\t\t\t\t\t\t\t\t<\/span>\n\t\t\t\t\t\t\t\t\t\t\t\t<a class=\"elementor-toggle-title\" tabindex=\"0\">5. \u00bfC\u00f3mo postularse?<\/a>\n\t\t\t\t\t<\/div>\n\n\t\t\t\t\t<div id=\"elementor-tab-content-2275\" class=\"elementor-tab-content elementor-clearfix\" data-tab=\"5\" role=\"region\" aria-labelledby=\"elementor-tab-title-2275\"><p><span style=\"font-weight: 400;\">Las postulaciones deben realizarse exclusivamente mediante <\/span><span style=\"color: #339966;\"><strong><a style=\"color: #339966;\" href=\"https:\/\/forms.gle\/mxZHxrx4XKRhPAXr9\" target=\"_blank\" rel=\"noopener\">formulario<\/a>.<\/strong><\/span><\/p><ul data-start=\"924\" data-end=\"1075\"><li data-section-id=\"2fogz8\" data-start=\"947\" data-end=\"987\">Fecha l\u00edmite: <strong>10 de julio de 2026<\/strong>.<\/li><li data-section-id=\"bew52g\" data-start=\"988\" data-end=\"1036\">Correo de consultas: <strong data-start=\"1011\" data-end=\"1035\"><a class=\"decorated-link cursor-pointer\" rel=\"noopener\" data-start=\"1013\" data-end=\"1033\">cercultura@gmail.com<\/a><\/strong>.<\/li><\/ul><\/div>\n\t\t\t\t<\/div>\n\t\t\t\t\t\t\t\t\t\t<script type=\"application\/ld+json\">{\"@context\":\"https:\\\/\\\/schema.org\",\"@type\":\"FAQPage\",\"mainEntity\":[{\"@type\":\"Question\",\"name\":\"1. \\u00bfQui\\u00e9nes pueden participar?\",\"acceptedAnswer\":{\"@type\":\"Answer\",\"text\":\"<p data-start=\\\"45\\\" data-end=\\\"286\\\">La convocatoria esta dirigida a artistas, gestores culturales, talleristas, investigadores, realizadores y referentes creativos entrerrianos que residan actualmente en la Ciudad de Buenos Aires o el \\u00c1rea Metropolitana de Buenos Aires (AMBA).<\\\/p>\"}},{\"@type\":\"Question\",\"name\":\"2. Categor\\u00edas de participaci\\u00f3n\",\"acceptedAnswer\":{\"@type\":\"Answer\",\"text\":\"<p data-start=\\\"29\\\" data-end=\\\"204\\\">La convocatoria est\\u00e1 abierta a propuestas art\\u00edsticas, culturales y formativas que contribuyan a visibilizar y fortalecer la identidad entrerriana en la Ciudad de Buenos Aires.<\\\/p><p data-start=\\\"206\\\" data-end=\\\"335\\\"><strong data-start=\\\"206\\\" data-end=\\\"224\\\">Artes visuales<\\\/strong><br data-start=\\\"224\\\" data-end=\\\"227\\\" \\\/>Exhibiciones, muestras, instalaciones, fotograf\\u00eda, ilustraci\\u00f3n y proyectos de artes visuales contempor\\u00e1neas.<\\\/p><p data-start=\\\"337\\\" data-end=\\\"486\\\"><strong data-start=\\\"337\\\" data-end=\\\"365\\\">Literatura y pensamiento<\\\/strong><br data-start=\\\"365\\\" data-end=\\\"368\\\" \\\/>Presentaciones de libros, conversatorios, ciclos de lectura, poes\\u00eda, entrevistas p\\u00fablicas, charlas y mesas de di\\u00e1logo.<\\\/p><p data-start=\\\"488\\\" data-end=\\\"617\\\"><strong data-start=\\\"488\\\" data-end=\\\"512\\\">Talleres y formaci\\u00f3n<\\\/strong><br data-start=\\\"512\\\" data-end=\\\"515\\\" \\\/>Talleres, laboratorios creativos, seminarios, cl\\u00ednicas y propuestas de capacitaci\\u00f3n de corta duraci\\u00f3n.<\\\/p><p data-start=\\\"619\\\" data-end=\\\"833\\\"><strong data-start=\\\"619\\\" data-end=\\\"657\\\">Patrimonio, territorio e identidad<\\\/strong><br data-start=\\\"657\\\" data-end=\\\"660\\\" \\\/>Encuentros, charlas y actividades vinculadas a la cultura entrerriana, los oficios, el dise\\u00f1o, la gastronom\\u00eda, el turismo cultural, la memoria y las producciones regionales.<\\\/p><p data-start=\\\"835\\\" data-end=\\\"1008\\\"><strong data-start=\\\"835\\\" data-end=\\\"853\\\">M\\u00fasica en vivo<\\\/strong><br data-start=\\\"853\\\" data-end=\\\"856\\\" \\\/>Presentaciones de solistas, d\\u00faos y ensambles en formatos ac\\u00fasticos o de peque\\u00f1a escala, incluyendo folklore, chamam\\u00e9, tango y propuestas contempor\\u00e1neas.<\\\/p><p data-start=\\\"1010\\\" data-end=\\\"1134\\\"><strong data-start=\\\"1010\\\" data-end=\\\"1029\\\">Artes esc\\u00e9nicas<\\\/strong><br data-start=\\\"1029\\\" data-end=\\\"1032\\\" \\\/>Teatro, narraci\\u00f3n oral, danza, performance, lecturas perform\\u00e1ticas y experiencias interdisciplinarias.<\\\/p><p data-start=\\\"1136\\\" data-end=\\\"1285\\\" data-is-last-node=\\\"\\\" data-is-only-node=\\\"\\\"><strong data-start=\\\"1136\\\" data-end=\\\"1153\\\">Audiovisuales<\\\/strong><br data-start=\\\"1153\\\" data-end=\\\"1156\\\" \\\/>Proyecciones, cine debate, videoarte y exhibici\\u00f3n de producciones audiovisuales con participaci\\u00f3n de realizadores y realizadoras.<\\\/p>\"}},{\"@type\":\"Question\",\"name\":\"3. Requisitos para postularse\",\"acceptedAnswer\":{\"@type\":\"Answer\",\"text\":\"<p data-start=\\\"693\\\" data-end=\\\"707\\\"><strong data-start=\\\"693\\\" data-end=\\\"707\\\">Contenido:<\\\/strong><\\\/p><ul data-start=\\\"708\\\" data-end=\\\"877\\\"><li data-section-id=\\\"kd70f2\\\" data-start=\\\"708\\\" data-end=\\\"775\\\">Ser entrerriano o acreditar trayectoria vinculada a la provincia.<\\\/li><li data-section-id=\\\"73yeta\\\" data-start=\\\"776\\\" data-end=\\\"801\\\">Residir en CABA o AMBA.<\\\/li><li data-section-id=\\\"y3fmbg\\\" data-start=\\\"802\\\" data-end=\\\"837\\\">Propuesta adaptable al auditorio.<\\\/li><li data-section-id=\\\"fl6fxy\\\" data-start=\\\"838\\\" data-end=\\\"877\\\">Disponibilidad para coordinar fechas.<\\\/li><\\\/ul>\"}},{\"@type\":\"Question\",\"name\":\"4. \\u00bfC\\u00f3mo es el proceso de selecci\\u00f3n?\",\"acceptedAnswer\":{\"@type\":\"Answer\",\"text\":\"<p>Las propuestas ser\\u00e1n evaluadas por el equipo de comunicaci\\u00f3n y cultura de la Casa de Entre R\\u00edos, mediante un proceso curatorial abierto, plural y equitativo,<br \\\/>que contemplar\\u00e1:<\\\/p><p>\\u2022 Calidad y pertinencia de la propuesta<br \\\/>\\u2022 Diversidad de lenguajes y representatividad territorial<br \\\/>\\u2022 Viabilidad t\\u00e9cnica<br \\\/>\\u2022 Disponibilidad del auditorio<br \\\/>\\u2022 Articulaci\\u00f3n con la agenda institucional y cultural de Casa de Entre R\\u00edos<br \\\/>\\u2022 Equilibrio entre artistas emergentes y trayectorias consolidadas<\\\/p><p>La postulaci\\u00f3n no implica programaci\\u00f3n autom\\u00e1tica, ya que la selecci\\u00f3n y<br \\\/>calendarizaci\\u00f3n se realizar\\u00e1 en funci\\u00f3n de la disponibilidad de fechas, objetivos institucionales y criterios curatoriales.<\\\/p>\"}},{\"@type\":\"Question\",\"name\":\"5. \\u00bfC\\u00f3mo postularse?\",\"acceptedAnswer\":{\"@type\":\"Answer\",\"text\":\"<p><span style=\\\"font-weight: 400;\\\">Las postulaciones deben realizarse exclusivamente mediante <\\\/span><span style=\\\"color: #339966;\\\"><strong><a style=\\\"color: #339966;\\\" href=\\\"https:\\\/\\\/forms.gle\\\/mxZHxrx4XKRhPAXr9\\\" target=\\\"_blank\\\" rel=\\\"noopener\\\">formulario<\\\/a>.<\\\/strong><\\\/span><\\\/p><ul data-start=\\\"924\\\" data-end=\\\"1075\\\"><li data-section-id=\\\"2fogz8\\\" data-start=\\\"947\\\" data-end=\\\"987\\\">Fecha l\\u00edmite: <strong>10 de julio de 2026<\\\/strong>.<\\\/li><li data-section-id=\\\"bew52g\\\" data-start=\\\"988\\\" data-end=\\\"1036\\\">Correo de consultas: <strong data-start=\\\"1011\\\" data-end=\\\"1035\\\"><a class=\\\"decorated-link cursor-pointer\\\" rel=\\\"noopener\\\" data-start=\\\"1013\\\" data-end=\\\"1033\\\">cercultura@gmail.com<\\\/a><\\\/strong>.<\\\/li><\\\/ul>\"}}]}<\/script>\n\t\t\t\t\t<\/div>\n\t\t\t\t\t\t<\/div>\n\t\t\t\t<\/div>\n\t\t\t\t\t<\/div>\n\t\t<\/div>\n\t\t\t\t<div class=\"elementor-column elementor-col-25 elementor-top-column elementor-element elementor-element-2d44948\" data-id=\"2d44948\" data-element_type=\"column\" data-e-type=\"column\">\n\t\t\t<div class=\"elementor-widget-wrap\">\n\t\t\t\t\t\t\t<\/div>\n\t\t<\/div>\n\t\t\t\t\t<\/div>\n\t\t<\/section>\n\t\t\t\t<section class=\"elementor-section elementor-top-section elementor-element elementor-element-3ea957ef elementor-section-content-middle elementor-section-boxed elementor-section-height-default elementor-section-height-default\" data-id=\"3ea957ef\" data-element_type=\"section\" data-e-type=\"section\" data-settings=\"{&quot;background_background&quot;:&quot;classic&quot;}\">\n\t\t\t\t\t\t<div class=\"elementor-container elementor-column-gap-no\">\n\t\t\t\t\t<div class=\"elementor-column elementor-col-50 elementor-top-column elementor-element elementor-element-50863327\" data-id=\"50863327\" data-element_type=\"column\" data-e-type=\"column\">\n\t\t\t<div class=\"elementor-widget-wrap elementor-element-populated\">\n\t\t\t\t\t\t<div class=\"elementor-element elementor-element-7d10196f elementor-widget elementor-widget-heading\" data-id=\"7d10196f\" data-element_type=\"widget\" data-e-type=\"widget\" data-widget_type=\"heading.default\">\n\t\t\t\t<div class=\"elementor-widget-container\">\n\t\t\t\t\t<h2 class=\"elementor-heading-title elementor-size-default\">Convocatoria abierta hasta el 10 de julio\n\n<\/h2>\t\t\t\t<\/div>\n\t\t\t\t<\/div>\n\t\t\t\t\t<\/div>\n\t\t<\/div>\n\t\t\t\t<div class=\"elementor-column elementor-col-50 elementor-top-column elementor-element elementor-element-345b964e\" data-id=\"345b964e\" data-element_type=\"column\" data-e-type=\"column\">\n\t\t\t<div class=\"elementor-widget-wrap elementor-element-populated\">\n\t\t\t\t\t\t<div class=\"elementor-element elementor-element-30b26306 elementor-align-left elementor-mobile-align-center elementor-widget__width-initial elementor-widget elementor-widget-button\" data-id=\"30b26306\" data-element_type=\"widget\" data-e-type=\"widget\" data-widget_type=\"button.default\">\n\t\t\t\t<div class=\"elementor-widget-container\">\n\t\t\t\t\t\t\t\t\t<div class=\"elementor-button-wrapper\">\n\t\t\t\t\t<a class=\"elementor-button elementor-button-link elementor-size-sm\" href=\"https:\/\/docs.google.com\/forms\/d\/e\/1FAIpQLSc2uPDS36F71TOB8Y3854KPKKZGN171t9fnzI1GvjaMDQ0UGA\/viewform\" target=\"_blank\">\n\t\t\t\t\t\t<span class=\"elementor-button-content-wrapper\">\n\t\t\t\t\t\t\t\t\t<span class=\"elementor-button-text\">PARTICIP\u00c1<\/span>\n\t\t\t\t\t<\/span>\n\t\t\t\t\t<\/a>\n\t\t\t\t<\/div>\n\t\t\t\t\t\t\t\t<\/div>\n\t\t\t\t<\/div>\n\t\t\t\t\t<\/div>\n\t\t<\/div>\n\t\t\t\t\t<\/div>\n\t\t<\/section>\n\t\t\t\t<\/div>\n\t\t","protected":false},"excerpt":{"rendered":"<p>CONVOCATORIA ABIERTA S\u00e9 parte del ciclo cultural de Casa de Entre R\u00edos LEER +. Sobre la Convocatoria Buscamos crear una programaci\u00f3n cultural viva, diversa y representativa del talento de nuestra provincia en territorio porte\u00f1o. Por eso, convocamos a presentar propuestas a artistas, gestores culturales, talleristas, investigadores y referentes creativos entrerrianos que actualmente residan en la [&hellip;]<\/p>\n","protected":false},"author":1,"featured_media":23987,"parent":0,"menu_order":0,"comment_status":"closed","ping_status":"closed","template":"","meta":{"footnotes":""},"class_list":["post-23806","page","type-page","status-publish","has-post-thumbnail","hentry"],"yoast_head":"<!-- This site is optimized with the Yoast SEO plugin v27.5 - https:\/\/yoast.com\/product\/yoast-seo-wordpress\/ -->\n<title>postulaciones - Casa de Entre Rios<\/title>\n<meta name=\"robots\" content=\"index, follow, max-snippet:-1, max-image-preview:large, max-video-preview:-1\" \/>\n<link rel=\"canonical\" href=\"https:\/\/www.casadeentrerios.gov.ar\/?page_id=23806\" \/>\n<meta property=\"og:locale\" content=\"es_ES\" \/>\n<meta property=\"og:type\" content=\"article\" \/>\n<meta property=\"og:title\" content=\"postulaciones - Casa de Entre Rios\" \/>\n<meta property=\"og:description\" content=\"CONVOCATORIA ABIERTA S\u00e9 parte del ciclo cultural de Casa de Entre R\u00edos LEER +. Sobre la Convocatoria Buscamos crear una programaci\u00f3n cultural viva, diversa y representativa del talento de nuestra provincia en territorio porte\u00f1o. Por eso, convocamos a presentar propuestas a artistas, gestores culturales, talleristas, investigadores y referentes creativos entrerrianos que actualmente residan en la [&hellip;]\" \/>\n<meta property=\"og:url\" content=\"https:\/\/www.casadeentrerios.gov.ar\/?page_id=23806\" \/>\n<meta property=\"og:site_name\" content=\"Casa de Entre Rios\" \/>\n<meta property=\"article:modified_time\" content=\"2026-06-30T23:24:22+00:00\" \/>\n<meta property=\"og:image\" content=\"https:\/\/www.casadeentrerios.gov.ar\/wp-content\/uploads\/2026\/06\/img_ciclo.png\" \/>\n\t<meta property=\"og:image:width\" content=\"1500\" \/>\n\t<meta property=\"og:image:height\" content=\"1500\" \/>\n\t<meta property=\"og:image:type\" content=\"image\/png\" \/>\n<meta name=\"twitter:card\" content=\"summary_large_image\" \/>\n<meta name=\"twitter:label1\" content=\"Tiempo de lectura\" \/>\n\t<meta name=\"twitter:data1\" content=\"3 minutos\" \/>\n<script type=\"application\/ld+json\" class=\"yoast-schema-graph\">{\"@context\":\"https:\\\/\\\/schema.org\",\"@graph\":[{\"@type\":\"WebPage\",\"@id\":\"https:\\\/\\\/www.casadeentrerios.gov.ar\\\/?page_id=23806\",\"url\":\"https:\\\/\\\/www.casadeentrerios.gov.ar\\\/?page_id=23806\",\"name\":\"postulaciones - Casa de Entre Rios\",\"isPartOf\":{\"@id\":\"https:\\\/\\\/www.casadeentrerios.gov.ar\\\/#website\"},\"primaryImageOfPage\":{\"@id\":\"https:\\\/\\\/www.casadeentrerios.gov.ar\\\/?page_id=23806#primaryimage\"},\"image\":{\"@id\":\"https:\\\/\\\/www.casadeentrerios.gov.ar\\\/?page_id=23806#primaryimage\"},\"thumbnailUrl\":\"https:\\\/\\\/www.casadeentrerios.gov.ar\\\/wp-content\\\/uploads\\\/2026\\\/06\\\/img_ciclo.png\",\"datePublished\":\"2026-06-05T18:29:59+00:00\",\"dateModified\":\"2026-06-30T23:24:22+00:00\",\"breadcrumb\":{\"@id\":\"https:\\\/\\\/www.casadeentrerios.gov.ar\\\/?page_id=23806#breadcrumb\"},\"inLanguage\":\"es\",\"potentialAction\":[{\"@type\":\"ReadAction\",\"target\":[\"https:\\\/\\\/www.casadeentrerios.gov.ar\\\/?page_id=23806\"]}]},{\"@type\":\"ImageObject\",\"inLanguage\":\"es\",\"@id\":\"https:\\\/\\\/www.casadeentrerios.gov.ar\\\/?page_id=23806#primaryimage\",\"url\":\"https:\\\/\\\/www.casadeentrerios.gov.ar\\\/wp-content\\\/uploads\\\/2026\\\/06\\\/img_ciclo.png\",\"contentUrl\":\"https:\\\/\\\/www.casadeentrerios.gov.ar\\\/wp-content\\\/uploads\\\/2026\\\/06\\\/img_ciclo.png\",\"width\":1500,\"height\":1500},{\"@type\":\"BreadcrumbList\",\"@id\":\"https:\\\/\\\/www.casadeentrerios.gov.ar\\\/?page_id=23806#breadcrumb\",\"itemListElement\":[{\"@type\":\"ListItem\",\"position\":1,\"name\":\"Portada\",\"item\":\"https:\\\/\\\/www.casadeentrerios.gov.ar\\\/\"},{\"@type\":\"ListItem\",\"position\":2,\"name\":\"postulaciones\"}]},{\"@type\":\"WebSite\",\"@id\":\"https:\\\/\\\/www.casadeentrerios.gov.ar\\\/#website\",\"url\":\"https:\\\/\\\/www.casadeentrerios.gov.ar\\\/\",\"name\":\"Casa de Entre Rios\",\"description\":\"Representaci\u00f3n del Gobierno de Entre Rios en CABA\",\"publisher\":{\"@id\":\"https:\\\/\\\/www.casadeentrerios.gov.ar\\\/#organization\"},\"potentialAction\":[{\"@type\":\"SearchAction\",\"target\":{\"@type\":\"EntryPoint\",\"urlTemplate\":\"https:\\\/\\\/www.casadeentrerios.gov.ar\\\/?s={search_term_string}\"},\"query-input\":{\"@type\":\"PropertyValueSpecification\",\"valueRequired\":true,\"valueName\":\"search_term_string\"}}],\"inLanguage\":\"es\"},{\"@type\":\"Organization\",\"@id\":\"https:\\\/\\\/www.casadeentrerios.gov.ar\\\/#organization\",\"name\":\"Casa de Entre Rios\",\"url\":\"https:\\\/\\\/www.casadeentrerios.gov.ar\\\/\",\"logo\":{\"@type\":\"ImageObject\",\"inLanguage\":\"es\",\"@id\":\"https:\\\/\\\/www.casadeentrerios.gov.ar\\\/#\\\/schema\\\/logo\\\/image\\\/\",\"url\":\"https:\\\/\\\/www.casadeentrerios.gov.ar\\\/wp-content\\\/uploads\\\/2021\\\/07\\\/img_cer_1.png\",\"contentUrl\":\"https:\\\/\\\/www.casadeentrerios.gov.ar\\\/wp-content\\\/uploads\\\/2021\\\/07\\\/img_cer_1.png\",\"width\":416,\"height\":87,\"caption\":\"Casa de Entre Rios\"},\"image\":{\"@id\":\"https:\\\/\\\/www.casadeentrerios.gov.ar\\\/#\\\/schema\\\/logo\\\/image\\\/\"}}]}<\/script>\n<!-- \/ Yoast SEO plugin. -->","yoast_head_json":{"title":"postulaciones - Casa de Entre Rios","robots":{"index":"index","follow":"follow","max-snippet":"max-snippet:-1","max-image-preview":"max-image-preview:large","max-video-preview":"max-video-preview:-1"},"canonical":"https:\/\/www.casadeentrerios.gov.ar\/?page_id=23806","og_locale":"es_ES","og_type":"article","og_title":"postulaciones - Casa de Entre Rios","og_description":"CONVOCATORIA ABIERTA S\u00e9 parte del ciclo cultural de Casa de Entre R\u00edos LEER +. Sobre la Convocatoria Buscamos crear una programaci\u00f3n cultural viva, diversa y representativa del talento de nuestra provincia en territorio porte\u00f1o. Por eso, convocamos a presentar propuestas a artistas, gestores culturales, talleristas, investigadores y referentes creativos entrerrianos que actualmente residan en la [&hellip;]","og_url":"https:\/\/www.casadeentrerios.gov.ar\/?page_id=23806","og_site_name":"Casa de Entre Rios","article_modified_time":"2026-06-30T23:24:22+00:00","og_image":[{"width":1500,"height":1500,"url":"https:\/\/www.casadeentrerios.gov.ar\/wp-content\/uploads\/2026\/06\/img_ciclo.png","type":"image\/png"}],"twitter_card":"summary_large_image","twitter_misc":{"Tiempo de lectura":"3 minutos"},"schema":{"@context":"https:\/\/schema.org","@graph":[{"@type":"WebPage","@id":"https:\/\/www.casadeentrerios.gov.ar\/?page_id=23806","url":"https:\/\/www.casadeentrerios.gov.ar\/?page_id=23806","name":"postulaciones - Casa de Entre Rios","isPartOf":{"@id":"https:\/\/www.casadeentrerios.gov.ar\/#website"},"primaryImageOfPage":{"@id":"https:\/\/www.casadeentrerios.gov.ar\/?page_id=23806#primaryimage"},"image":{"@id":"https:\/\/www.casadeentrerios.gov.ar\/?page_id=23806#primaryimage"},"thumbnailUrl":"https:\/\/www.casadeentrerios.gov.ar\/wp-content\/uploads\/2026\/06\/img_ciclo.png","datePublished":"2026-06-05T18:29:59+00:00","dateModified":"2026-06-30T23:24:22+00:00","breadcrumb":{"@id":"https:\/\/www.casadeentrerios.gov.ar\/?page_id=23806#breadcrumb"},"inLanguage":"es","potentialAction":[{"@type":"ReadAction","target":["https:\/\/www.casadeentrerios.gov.ar\/?page_id=23806"]}]},{"@type":"ImageObject","inLanguage":"es","@id":"https:\/\/www.casadeentrerios.gov.ar\/?page_id=23806#primaryimage","url":"https:\/\/www.casadeentrerios.gov.ar\/wp-content\/uploads\/2026\/06\/img_ciclo.png","contentUrl":"https:\/\/www.casadeentrerios.gov.ar\/wp-content\/uploads\/2026\/06\/img_ciclo.png","width":1500,"height":1500},{"@type":"BreadcrumbList","@id":"https:\/\/www.casadeentrerios.gov.ar\/?page_id=23806#breadcrumb","itemListElement":[{"@type":"ListItem","position":1,"name":"Portada","item":"https:\/\/www.casadeentrerios.gov.ar\/"},{"@type":"ListItem","position":2,"name":"postulaciones"}]},{"@type":"WebSite","@id":"https:\/\/www.casadeentrerios.gov.ar\/#website","url":"https:\/\/www.casadeentrerios.gov.ar\/","name":"Casa de Entre Rios","description":"Representaci\u00f3n del Gobierno de Entre Rios en CABA","publisher":{"@id":"https:\/\/www.casadeentrerios.gov.ar\/#organization"},"potentialAction":[{"@type":"SearchAction","target":{"@type":"EntryPoint","urlTemplate":"https:\/\/www.casadeentrerios.gov.ar\/?s={search_term_string}"},"query-input":{"@type":"PropertyValueSpecification","valueRequired":true,"valueName":"search_term_string"}}],"inLanguage":"es"},{"@type":"Organization","@id":"https:\/\/www.casadeentrerios.gov.ar\/#organization","name":"Casa de Entre Rios","url":"https:\/\/www.casadeentrerios.gov.ar\/","logo":{"@type":"ImageObject","inLanguage":"es","@id":"https:\/\/www.casadeentrerios.gov.ar\/#\/schema\/logo\/image\/","url":"https:\/\/www.casadeentrerios.gov.ar\/wp-content\/uploads\/2021\/07\/img_cer_1.png","contentUrl":"https:\/\/www.casadeentrerios.gov.ar\/wp-content\/uploads\/2021\/07\/img_cer_1.png","width":416,"height":87,"caption":"Casa de Entre Rios"},"image":{"@id":"https:\/\/www.casadeentrerios.gov.ar\/#\/schema\/logo\/image\/"}}]}},"_links":{"self":[{"href":"https:\/\/www.casadeentrerios.gov.ar\/index.php?rest_route=\/wp\/v2\/pages\/23806","targetHints":{"allow":["GET"]}}],"collection":[{"href":"https:\/\/www.casadeentrerios.gov.ar\/index.php?rest_route=\/wp\/v2\/pages"}],"about":[{"href":"https:\/\/www.casadeentrerios.gov.ar\/index.php?rest_route=\/wp\/v2\/types\/page"}],"author":[{"embeddable":true,"href":"https:\/\/www.casadeentrerios.gov.ar\/index.php?rest_route=\/wp\/v2\/users\/1"}],"replies":[{"embeddable":true,"href":"https:\/\/www.casadeentrerios.gov.ar\/index.php?rest_route=%2Fwp%2Fv2%2Fcomments&post=23806"}],"version-history":[{"count":230,"href":"https:\/\/www.casadeentrerios.gov.ar\/index.php?rest_route=\/wp\/v2\/pages\/23806\/revisions"}],"predecessor-version":[{"id":25061,"href":"https:\/\/www.casadeentrerios.gov.ar\/index.php?rest_route=\/wp\/v2\/pages\/23806\/revisions\/25061"}],"wp:featuredmedia":[{"embeddable":true,"href":"https:\/\/www.casadeentrerios.gov.ar\/index.php?rest_route=\/wp\/v2\/media\/23987"}],"wp:attachment":[{"href":"https:\/\/www.casadeentrerios.gov.ar\/index.php?rest_route=%2Fwp%2Fv2%2Fmedia&parent=23806"}],"curies":[{"name":"wp","href":"https:\/\/api.w.org\/{rel}","templated":true}]}}