{"id":397,"date":"2021-07-26T23:15:46","date_gmt":"2021-07-26T23:15:46","guid":{"rendered":"https:\/\/www.casadeentrerios.gov.ar\/?page_id=397"},"modified":"2025-08-05T22:45:06","modified_gmt":"2025-08-05T22:45:06","slug":"la-casa","status":"publish","type":"page","link":"https:\/\/www.casadeentrerios.gov.ar\/?page_id=397","title":{"rendered":"La Casa"},"content":{"rendered":"\t\t<div data-elementor-type=\"wp-page\" data-elementor-id=\"397\" class=\"elementor elementor-397\" data-elementor-post-type=\"page\">\n\t\t\t\t\t\t<section class=\"elementor-section elementor-top-section elementor-element elementor-element-48cf1edc elementor-section-boxed elementor-section-height-default elementor-section-height-default\" data-id=\"48cf1edc\" data-element_type=\"section\" data-e-type=\"section\" data-settings=\"{&quot;background_background&quot;:&quot;classic&quot;}\">\n\t\t\t\t\t\t\t<div class=\"elementor-background-overlay\"><\/div>\n\t\t\t\t\t\t\t<div class=\"elementor-container elementor-column-gap-default\">\n\t\t\t\t\t<div class=\"elementor-column elementor-col-50 elementor-top-column elementor-element elementor-element-47319b3b\" data-id=\"47319b3b\" data-element_type=\"column\" data-e-type=\"column\">\n\t\t\t<div class=\"elementor-widget-wrap elementor-element-populated\">\n\t\t\t\t\t\t<div class=\"elementor-element elementor-element-4bf46a9e elementor-widget elementor-widget-image\" data-id=\"4bf46a9e\" data-element_type=\"widget\" data-e-type=\"widget\" data-widget_type=\"image.default\">\n\t\t\t\t<div class=\"elementor-widget-container\">\n\t\t\t\t\t\t\t\t\t\t\t\t\t\t\t<img decoding=\"async\" src=\"https:\/\/www.casadeentrerios.gov.ar\/wp-content\/uploads\/elementor\/thumbs\/img_cer_28-pb2puwwb0cqo2wz7851lajq1nu1vcf7z5ugtixb3ls.jpg\" title=\"img_cer_28\" alt=\"img_cer_28\" loading=\"lazy\" \/>\t\t\t\t\t\t\t\t\t\t\t\t\t\t\t<\/div>\n\t\t\t\t<\/div>\n\t\t\t\t\t<\/div>\n\t\t<\/div>\n\t\t\t\t<div class=\"elementor-column elementor-col-50 elementor-top-column elementor-element elementor-element-a6d10bb\" data-id=\"a6d10bb\" data-element_type=\"column\" data-e-type=\"column\">\n\t\t\t<div class=\"elementor-widget-wrap elementor-element-populated\">\n\t\t\t\t\t\t<div class=\"elementor-element elementor-element-8e3a2d elementor-widget elementor-widget-heading\" data-id=\"8e3a2d\" data-element_type=\"widget\" data-e-type=\"widget\" data-widget_type=\"heading.default\">\n\t\t\t\t<div class=\"elementor-widget-container\">\n\t\t\t\t\t<h6 class=\"elementor-heading-title elementor-size-default\">Sobre la Representaci\u00f3n del Gobierno<\/h6>\t\t\t\t<\/div>\n\t\t\t\t<\/div>\n\t\t\t\t<div class=\"elementor-element elementor-element-5e6868d8 elementor-widget elementor-widget-heading\" data-id=\"5e6868d8\" data-element_type=\"widget\" data-e-type=\"widget\" data-widget_type=\"heading.default\">\n\t\t\t\t<div class=\"elementor-widget-container\">\n\t\t\t\t\t<h2 class=\"elementor-heading-title elementor-size-default\">Casa de la Provincia <br>de Entre R\u00edos<\/h2>\t\t\t\t<\/div>\n\t\t\t\t<\/div>\n\t\t\t\t<div class=\"elementor-element elementor-element-66ab5264 elementor-widget elementor-widget-text-editor\" data-id=\"66ab5264\" data-element_type=\"widget\" data-e-type=\"widget\" data-widget_type=\"text-editor.default\">\n\t\t\t\t<div class=\"elementor-widget-container\">\n\t\t\t\t\t\t\t\t\t<p>La Casa de la Provincia de Entre R\u00edos es la Representaci\u00f3n del Gobierno de Entre R\u00edos en la Ciudad Aut\u00f3noma de Buenos Aires. Est\u00e1 compuesta por diversas oficinas, a trav\u00e9s de las cuales se pone a disposici\u00f3n informaci\u00f3n de inter\u00e9s en relaci\u00f3n a la provincia, como ser las actividades tur\u00edsticas que se pueden realizar, condiciones del r\u00e9gimen educativo, servicio social, asesoramiento legal y tambi\u00e9n la posibilidad de realizar tramitaciones en el registro civil.<\/p>\t\t\t\t\t\t\t\t<\/div>\n\t\t\t\t<\/div>\n\t\t\t\t<div class=\"elementor-element elementor-element-464441a elementor-widget elementor-widget-heading\" data-id=\"464441a\" data-element_type=\"widget\" data-e-type=\"widget\" data-widget_type=\"heading.default\">\n\t\t\t\t<div class=\"elementor-widget-container\">\n\t\t\t\t\t<h2 class=\"elementor-heading-title elementor-size-default\">Autoridades<\/h2>\t\t\t\t<\/div>\n\t\t\t\t<\/div>\n\t\t\t\t<div class=\"elementor-element elementor-element-b3c2e09 elementor-widget elementor-widget-heading\" data-id=\"b3c2e09\" data-element_type=\"widget\" data-e-type=\"widget\" data-widget_type=\"heading.default\">\n\t\t\t\t<div class=\"elementor-widget-container\">\n\t\t\t\t\t<h2 class=\"elementor-heading-title elementor-size-default\">Jos\u00e9 Mouli\u00e1 <\/h2>\t\t\t\t<\/div>\n\t\t\t\t<\/div>\n\t\t\t\t<div class=\"elementor-element elementor-element-dde9dcf elementor-widget elementor-widget-heading\" data-id=\"dde9dcf\" data-element_type=\"widget\" data-e-type=\"widget\" data-widget_type=\"heading.default\">\n\t\t\t\t<div class=\"elementor-widget-container\">\n\t\t\t\t\t<h2 class=\"elementor-heading-title elementor-size-default\">Representante del Gobierno de Entre R\u00edos en C.A.B.A<\/h2>\t\t\t\t<\/div>\n\t\t\t\t<\/div>\n\t\t\t\t\t<\/div>\n\t\t<\/div>\n\t\t\t\t\t<\/div>\n\t\t<\/section>\n\t\t\t\t<section class=\"elementor-section elementor-top-section elementor-element elementor-element-391e631 elementor-section-boxed elementor-section-height-default elementor-section-height-default\" data-id=\"391e631\" data-element_type=\"section\" data-e-type=\"section\">\n\t\t\t\t\t\t<div class=\"elementor-container elementor-column-gap-default\">\n\t\t\t\t\t<div class=\"elementor-column elementor-col-50 elementor-top-column elementor-element elementor-element-4777c21\" data-id=\"4777c21\" data-element_type=\"column\" data-e-type=\"column\">\n\t\t\t<div class=\"elementor-widget-wrap\">\n\t\t\t\t\t\t\t<\/div>\n\t\t<\/div>\n\t\t\t\t<div class=\"elementor-column elementor-col-50 elementor-top-column elementor-element elementor-element-f737931\" data-id=\"f737931\" data-element_type=\"column\" data-e-type=\"column\">\n\t\t\t<div class=\"elementor-widget-wrap\">\n\t\t\t\t\t\t\t<\/div>\n\t\t<\/div>\n\t\t\t\t\t<\/div>\n\t\t<\/section>\n\t\t\t\t<\/div>\n\t\t","protected":false},"excerpt":{"rendered":"<p>Sobre la Representaci\u00f3n del Gobierno Casa de la Provincia de Entre R\u00edos La Casa de la Provincia de Entre R\u00edos es la Representaci\u00f3n del Gobierno de Entre R\u00edos en la Ciudad Aut\u00f3noma de Buenos Aires. Est\u00e1 compuesta por diversas oficinas, a trav\u00e9s de las cuales se pone a disposici\u00f3n informaci\u00f3n de inter\u00e9s en relaci\u00f3n a [&hellip;]<\/p>\n","protected":false},"author":1,"featured_media":0,"parent":0,"menu_order":0,"comment_status":"closed","ping_status":"closed","template":"","meta":{"footnotes":""},"class_list":["post-397","page","type-page","status-publish","hentry"],"yoast_head":"<!-- This site is optimized with the Yoast SEO plugin v27.5 - https:\/\/yoast.com\/product\/yoast-seo-wordpress\/ -->\n<title>La Casa - Casa de Entre Rios<\/title>\n<meta name=\"robots\" content=\"index, follow, max-snippet:-1, max-image-preview:large, max-video-preview:-1\" \/>\n<link rel=\"canonical\" href=\"https:\/\/www.casadeentrerios.gov.ar\/?page_id=397\" \/>\n<meta property=\"og:locale\" content=\"es_ES\" \/>\n<meta property=\"og:type\" content=\"article\" \/>\n<meta property=\"og:title\" content=\"La Casa - Casa de Entre Rios\" \/>\n<meta property=\"og:description\" content=\"Sobre la Representaci\u00f3n del Gobierno Casa de la Provincia de Entre R\u00edos La Casa de la Provincia de Entre R\u00edos es la Representaci\u00f3n del Gobierno de Entre R\u00edos en la Ciudad Aut\u00f3noma de Buenos Aires. Est\u00e1 compuesta por diversas oficinas, a trav\u00e9s de las cuales se pone a disposici\u00f3n informaci\u00f3n de inter\u00e9s en relaci\u00f3n a [&hellip;]\" \/>\n<meta property=\"og:url\" content=\"https:\/\/www.casadeentrerios.gov.ar\/?page_id=397\" \/>\n<meta property=\"og:site_name\" content=\"Casa de Entre Rios\" \/>\n<meta property=\"article:modified_time\" content=\"2025-08-05T22:45:06+00:00\" \/>\n<meta property=\"og:image\" content=\"https:\/\/www.casadeentrerios.gov.ar\/wp-content\/uploads\/elementor\/thumbs\/img_cer_28-pb2puwwb0cqo2wz7851lajq1nu1vcf7z5ugtixb3ls.jpg\" \/>\n<meta name=\"twitter:card\" content=\"summary_large_image\" \/>\n<meta name=\"twitter:label1\" content=\"Tiempo de lectura\" \/>\n\t<meta name=\"twitter:data1\" content=\"1 minuto\" \/>\n<script type=\"application\/ld+json\" class=\"yoast-schema-graph\">{\"@context\":\"https:\\\/\\\/schema.org\",\"@graph\":[{\"@type\":\"WebPage\",\"@id\":\"https:\\\/\\\/www.casadeentrerios.gov.ar\\\/?page_id=397\",\"url\":\"https:\\\/\\\/www.casadeentrerios.gov.ar\\\/?page_id=397\",\"name\":\"La Casa - Casa de Entre Rios\",\"isPartOf\":{\"@id\":\"https:\\\/\\\/www.casadeentrerios.gov.ar\\\/#website\"},\"primaryImageOfPage\":{\"@id\":\"https:\\\/\\\/www.casadeentrerios.gov.ar\\\/?page_id=397#primaryimage\"},\"image\":{\"@id\":\"https:\\\/\\\/www.casadeentrerios.gov.ar\\\/?page_id=397#primaryimage\"},\"thumbnailUrl\":\"https:\\\/\\\/www.casadeentrerios.gov.ar\\\/wp-content\\\/uploads\\\/elementor\\\/thumbs\\\/img_cer_28-pb2puwwb0cqo2wz7851lajq1nu1vcf7z5ugtixb3ls.jpg\",\"datePublished\":\"2021-07-26T23:15:46+00:00\",\"dateModified\":\"2025-08-05T22:45:06+00:00\",\"breadcrumb\":{\"@id\":\"https:\\\/\\\/www.casadeentrerios.gov.ar\\\/?page_id=397#breadcrumb\"},\"inLanguage\":\"es\",\"potentialAction\":[{\"@type\":\"ReadAction\",\"target\":[\"https:\\\/\\\/www.casadeentrerios.gov.ar\\\/?page_id=397\"]}]},{\"@type\":\"ImageObject\",\"inLanguage\":\"es\",\"@id\":\"https:\\\/\\\/www.casadeentrerios.gov.ar\\\/?page_id=397#primaryimage\",\"url\":\"https:\\\/\\\/www.casadeentrerios.gov.ar\\\/wp-content\\\/uploads\\\/elementor\\\/thumbs\\\/img_cer_28-pb2puwwb0cqo2wz7851lajq1nu1vcf7z5ugtixb3ls.jpg\",\"contentUrl\":\"https:\\\/\\\/www.casadeentrerios.gov.ar\\\/wp-content\\\/uploads\\\/elementor\\\/thumbs\\\/img_cer_28-pb2puwwb0cqo2wz7851lajq1nu1vcf7z5ugtixb3ls.jpg\"},{\"@type\":\"BreadcrumbList\",\"@id\":\"https:\\\/\\\/www.casadeentrerios.gov.ar\\\/?page_id=397#breadcrumb\",\"itemListElement\":[{\"@type\":\"ListItem\",\"position\":1,\"name\":\"Portada\",\"item\":\"https:\\\/\\\/www.casadeentrerios.gov.ar\\\/\"},{\"@type\":\"ListItem\",\"position\":2,\"name\":\"La Casa\"}]},{\"@type\":\"WebSite\",\"@id\":\"https:\\\/\\\/www.casadeentrerios.gov.ar\\\/#website\",\"url\":\"https:\\\/\\\/www.casadeentrerios.gov.ar\\\/\",\"name\":\"Casa de Entre Rios\",\"description\":\"Representaci\u00f3n del Gobierno de Entre Rios en CABA\",\"publisher\":{\"@id\":\"https:\\\/\\\/www.casadeentrerios.gov.ar\\\/#organization\"},\"potentialAction\":[{\"@type\":\"SearchAction\",\"target\":{\"@type\":\"EntryPoint\",\"urlTemplate\":\"https:\\\/\\\/www.casadeentrerios.gov.ar\\\/?s={search_term_string}\"},\"query-input\":{\"@type\":\"PropertyValueSpecification\",\"valueRequired\":true,\"valueName\":\"search_term_string\"}}],\"inLanguage\":\"es\"},{\"@type\":\"Organization\",\"@id\":\"https:\\\/\\\/www.casadeentrerios.gov.ar\\\/#organization\",\"name\":\"Casa de Entre Rios\",\"url\":\"https:\\\/\\\/www.casadeentrerios.gov.ar\\\/\",\"logo\":{\"@type\":\"ImageObject\",\"inLanguage\":\"es\",\"@id\":\"https:\\\/\\\/www.casadeentrerios.gov.ar\\\/#\\\/schema\\\/logo\\\/image\\\/\",\"url\":\"https:\\\/\\\/www.casadeentrerios.gov.ar\\\/wp-content\\\/uploads\\\/2021\\\/07\\\/img_cer_1.png\",\"contentUrl\":\"https:\\\/\\\/www.casadeentrerios.gov.ar\\\/wp-content\\\/uploads\\\/2021\\\/07\\\/img_cer_1.png\",\"width\":416,\"height\":87,\"caption\":\"Casa de Entre Rios\"},\"image\":{\"@id\":\"https:\\\/\\\/www.casadeentrerios.gov.ar\\\/#\\\/schema\\\/logo\\\/image\\\/\"}}]}<\/script>\n<!-- \/ Yoast SEO plugin. -->","yoast_head_json":{"title":"La Casa - Casa de Entre Rios","robots":{"index":"index","follow":"follow","max-snippet":"max-snippet:-1","max-image-preview":"max-image-preview:large","max-video-preview":"max-video-preview:-1"},"canonical":"https:\/\/www.casadeentrerios.gov.ar\/?page_id=397","og_locale":"es_ES","og_type":"article","og_title":"La Casa - Casa de Entre Rios","og_description":"Sobre la Representaci\u00f3n del Gobierno Casa de la Provincia de Entre R\u00edos La Casa de la Provincia de Entre R\u00edos es la Representaci\u00f3n del Gobierno de Entre R\u00edos en la Ciudad Aut\u00f3noma de Buenos Aires. Est\u00e1 compuesta por diversas oficinas, a trav\u00e9s de las cuales se pone a disposici\u00f3n informaci\u00f3n de inter\u00e9s en relaci\u00f3n a [&hellip;]","og_url":"https:\/\/www.casadeentrerios.gov.ar\/?page_id=397","og_site_name":"Casa de Entre Rios","article_modified_time":"2025-08-05T22:45:06+00:00","og_image":[{"url":"https:\/\/www.casadeentrerios.gov.ar\/wp-content\/uploads\/elementor\/thumbs\/img_cer_28-pb2puwwb0cqo2wz7851lajq1nu1vcf7z5ugtixb3ls.jpg","type":"","width":"","height":""}],"twitter_card":"summary_large_image","twitter_misc":{"Tiempo de lectura":"1 minuto"},"schema":{"@context":"https:\/\/schema.org","@graph":[{"@type":"WebPage","@id":"https:\/\/www.casadeentrerios.gov.ar\/?page_id=397","url":"https:\/\/www.casadeentrerios.gov.ar\/?page_id=397","name":"La Casa - Casa de Entre Rios","isPartOf":{"@id":"https:\/\/www.casadeentrerios.gov.ar\/#website"},"primaryImageOfPage":{"@id":"https:\/\/www.casadeentrerios.gov.ar\/?page_id=397#primaryimage"},"image":{"@id":"https:\/\/www.casadeentrerios.gov.ar\/?page_id=397#primaryimage"},"thumbnailUrl":"https:\/\/www.casadeentrerios.gov.ar\/wp-content\/uploads\/elementor\/thumbs\/img_cer_28-pb2puwwb0cqo2wz7851lajq1nu1vcf7z5ugtixb3ls.jpg","datePublished":"2021-07-26T23:15:46+00:00","dateModified":"2025-08-05T22:45:06+00:00","breadcrumb":{"@id":"https:\/\/www.casadeentrerios.gov.ar\/?page_id=397#breadcrumb"},"inLanguage":"es","potentialAction":[{"@type":"ReadAction","target":["https:\/\/www.casadeentrerios.gov.ar\/?page_id=397"]}]},{"@type":"ImageObject","inLanguage":"es","@id":"https:\/\/www.casadeentrerios.gov.ar\/?page_id=397#primaryimage","url":"https:\/\/www.casadeentrerios.gov.ar\/wp-content\/uploads\/elementor\/thumbs\/img_cer_28-pb2puwwb0cqo2wz7851lajq1nu1vcf7z5ugtixb3ls.jpg","contentUrl":"https:\/\/www.casadeentrerios.gov.ar\/wp-content\/uploads\/elementor\/thumbs\/img_cer_28-pb2puwwb0cqo2wz7851lajq1nu1vcf7z5ugtixb3ls.jpg"},{"@type":"BreadcrumbList","@id":"https:\/\/www.casadeentrerios.gov.ar\/?page_id=397#breadcrumb","itemListElement":[{"@type":"ListItem","position":1,"name":"Portada","item":"https:\/\/www.casadeentrerios.gov.ar\/"},{"@type":"ListItem","position":2,"name":"La Casa"}]},{"@type":"WebSite","@id":"https:\/\/www.casadeentrerios.gov.ar\/#website","url":"https:\/\/www.casadeentrerios.gov.ar\/","name":"Casa de Entre Rios","description":"Representaci\u00f3n del Gobierno de Entre Rios en CABA","publisher":{"@id":"https:\/\/www.casadeentrerios.gov.ar\/#organization"},"potentialAction":[{"@type":"SearchAction","target":{"@type":"EntryPoint","urlTemplate":"https:\/\/www.casadeentrerios.gov.ar\/?s={search_term_string}"},"query-input":{"@type":"PropertyValueSpecification","valueRequired":true,"valueName":"search_term_string"}}],"inLanguage":"es"},{"@type":"Organization","@id":"https:\/\/www.casadeentrerios.gov.ar\/#organization","name":"Casa de Entre Rios","url":"https:\/\/www.casadeentrerios.gov.ar\/","logo":{"@type":"ImageObject","inLanguage":"es","@id":"https:\/\/www.casadeentrerios.gov.ar\/#\/schema\/logo\/image\/","url":"https:\/\/www.casadeentrerios.gov.ar\/wp-content\/uploads\/2021\/07\/img_cer_1.png","contentUrl":"https:\/\/www.casadeentrerios.gov.ar\/wp-content\/uploads\/2021\/07\/img_cer_1.png","width":416,"height":87,"caption":"Casa de Entre Rios"},"image":{"@id":"https:\/\/www.casadeentrerios.gov.ar\/#\/schema\/logo\/image\/"}}]}},"_links":{"self":[{"href":"https:\/\/www.casadeentrerios.gov.ar\/index.php?rest_route=\/wp\/v2\/pages\/397","targetHints":{"allow":["GET"]}}],"collection":[{"href":"https:\/\/www.casadeentrerios.gov.ar\/index.php?rest_route=\/wp\/v2\/pages"}],"about":[{"href":"https:\/\/www.casadeentrerios.gov.ar\/index.php?rest_route=\/wp\/v2\/types\/page"}],"author":[{"embeddable":true,"href":"https:\/\/www.casadeentrerios.gov.ar\/index.php?rest_route=\/wp\/v2\/users\/1"}],"replies":[{"embeddable":true,"href":"https:\/\/www.casadeentrerios.gov.ar\/index.php?rest_route=%2Fwp%2Fv2%2Fcomments&post=397"}],"version-history":[{"count":64,"href":"https:\/\/www.casadeentrerios.gov.ar\/index.php?rest_route=\/wp\/v2\/pages\/397\/revisions"}],"predecessor-version":[{"id":15008,"href":"https:\/\/www.casadeentrerios.gov.ar\/index.php?rest_route=\/wp\/v2\/pages\/397\/revisions\/15008"}],"wp:attachment":[{"href":"https:\/\/www.casadeentrerios.gov.ar\/index.php?rest_route=%2Fwp%2Fv2%2Fmedia&parent=397"}],"curies":[{"name":"wp","href":"https:\/\/api.w.org\/{rel}","templated":true}]}}